{"id":2665,"date":"2020-07-20T15:25:54","date_gmt":"2020-07-20T13:25:54","guid":{"rendered":"http:\/\/172.105.66.148\/?post_type=product&#038;p=2665"},"modified":"2024-11-05T18:28:01","modified_gmt":"2024-11-05T17:28:01","slug":"olio-di-oliva-affumicato-porto-di-mola","status":"publish","type":"product","link":"https:\/\/www.saporinostri.it\/de\/olio-di-oliva-affumicato-porto-di-mola\/","title":{"rendered":"Porto di Mola Ger\u00e4uchertes Natives Oliven\u00f6l Extra"},"content":{"rendered":"<p style=\"font-size: 1.2em; line-height: 1.5; color: #121212; margin-bottom: 20px;\">Die Forschung und das Studium der perfekten Balance sind die Grundlage f\u00fcr ein Natives Oliven\u00f6l Extra, das Ergebnis einer langsamen Kaltr\u00e4ucherung mit Eichenholz. Sein starker Geschmack macht ihn geeignet, empfindliche Speisen wie frischen lokalen K\u00e4se, rohe Garnelen und Scampi, wei\u00dfes Fleisch zu begleiten, wodurch die Aromen und der Geschmack mit jedem Bissen verst\u00e4rkt werden.<\/p>","protected":false},"excerpt":{"rendered":"<div style=\"font-size: 1.06em; color: #333; line-height: 1.3em;\"><strong>Hinweise:<\/strong> Ger\u00e4uchert<br \/>\n<strong>Ideal f\u00fcr:<\/strong> Roher Fisch, Mozzarella und wei\u00dfes Fleisch<br \/>\n<strong>Sorte:<\/strong> Leccino, Frantoio und Sessana<\/div>","protected":false},"featured_media":4351,"comment_status":"open","ping_status":"closed","template":"","meta":{"_acf_changed":false,"inline_featured_image":false,"wprm-recipe-roundup-name":"","wprm-recipe-roundup-description":"","_monsterinsights_skip_tracking":false,"_monsterinsights_sitenote_active":false,"_monsterinsights_sitenote_note":"","_monsterinsights_sitenote_category":0},"pwb-brand":[191],"product_brand":[],"product_cat":[194],"product_tag":[],"class_list":{"0":"post-2665","1":"product","2":"type-product","3":"status-publish","4":"has-post-thumbnail","6":"pwb-brand-porto-di-mola","7":"product_cat-olio","9":"first","10":"outofstock","11":"sale","12":"taxable","13":"shipping-taxable","14":"purchasable","15":"product-type-simple"},"acf":[],"yoast_head":"<!-- This site is optimized with the Yoast SEO Premium plugin v23.7 (Yoast SEO v27.3) - https:\/\/yoast.com\/product\/yoast-seo-premium-wordpress\/ -->\n<title>Olio Extravergine Di Oliva Affumicato Porto di Mola - Sapori Nostri<\/title>\n<meta name=\"description\" content=\"Ricerca e studio dell\u2019equilibrio perfetto sono alla base dell&#039;Olio Extra Vergine di Oliva Porto di Mola, affumicato lentamente a freddo con legno di quercia\" \/>\n<meta name=\"robots\" content=\"index, follow, max-snippet:-1, max-image-preview:large, max-video-preview:-1\" \/>\n<link rel=\"canonical\" href=\"https:\/\/www.saporinostri.it\/de\/olio-di-oliva-affumicato-porto-di-mola\/\" \/>\n<meta property=\"og:locale\" content=\"de_DE\" \/>\n<meta property=\"og:type\" content=\"article\" \/>\n<meta property=\"og:title\" content=\"Olio Extravergine Di Oliva Affumicato Porto di Mola\" \/>\n<meta property=\"og:description\" content=\"Ricerca e studio dell\u2019equilibrio perfetto sono alla base dell&#039;Olio Extra Vergine di Oliva Porto di Mola, affumicato lentamente a freddo con legno di quercia\" \/>\n<meta property=\"og:url\" content=\"https:\/\/www.saporinostri.it\/de\/olio-di-oliva-affumicato-porto-di-mola\/\" \/>\n<meta property=\"og:site_name\" content=\"Sapori Nostri\" \/>\n<meta property=\"article:publisher\" content=\"https:\/\/www.facebook.com\/saporinostri.it\/\" \/>\n<meta property=\"article:modified_time\" content=\"2024-11-05T17:28:01+00:00\" \/>\n<meta property=\"og:image\" content=\"https:\/\/www.saporinostri.it\/wp-content\/uploads\/2020\/07\/olio-extravergine-di-oliva-affumicato-frantoio-porto-di-mola-front.jpg\" \/>\n\t<meta property=\"og:image:width\" content=\"1100\" \/>\n\t<meta property=\"og:image:height\" content=\"1100\" \/>\n\t<meta property=\"og:image:type\" content=\"image\/jpeg\" \/>\n<meta name=\"twitter:card\" content=\"summary_large_image\" \/>\n<meta name=\"twitter:label1\" content=\"Preis\" \/>\n\t<meta name=\"twitter:data1\" content=\"&euro;11,50\" \/>\n\t<meta name=\"twitter:label2\" content=\"Verf\u00fcgbarkeit\" \/>\n\t<meta name=\"twitter:data2\" content=\"ausverkauft\" \/>\n<script type=\"application\/ld+json\" class=\"yoast-schema-graph\">{\"@context\":\"https:\\\/\\\/schema.org\",\"@graph\":[{\"@type\":\"WebPage\",\"@id\":\"https:\\\/\\\/www.saporinostri.it\\\/olio-di-oliva-affumicato-porto-di-mola\\\/\",\"url\":\"https:\\\/\\\/www.saporinostri.it\\\/olio-di-oliva-affumicato-porto-di-mola\\\/\",\"name\":\"Olio Extravergine Di Oliva Affumicato Porto di Mola - Sapori Nostri\",\"isPartOf\":{\"@id\":\"https:\\\/\\\/www.saporinostri.it\\\/#website\"},\"primaryImageOfPage\":{\"@id\":\"https:\\\/\\\/www.saporinostri.it\\\/olio-di-oliva-affumicato-porto-di-mola\\\/#primaryimage\"},\"image\":{\"@id\":\"https:\\\/\\\/www.saporinostri.it\\\/olio-di-oliva-affumicato-porto-di-mola\\\/#primaryimage\"},\"thumbnailUrl\":\"https:\\\/\\\/www.saporinostri.it\\\/wp-content\\\/uploads\\\/2020\\\/07\\\/olio-extravergine-di-oliva-affumicato-frantoio-porto-di-mola-front.jpg\",\"datePublished\":\"2020-07-20T13:25:54+00:00\",\"dateModified\":\"2024-11-05T17:28:01+00:00\",\"description\":\"Ricerca e studio dell\u2019equilibrio perfetto sono alla base dell'Olio Extra Vergine di Oliva Porto di Mola, affumicato lentamente a freddo con legno di quercia\",\"breadcrumb\":{\"@id\":\"https:\\\/\\\/www.saporinostri.it\\\/olio-di-oliva-affumicato-porto-di-mola\\\/#breadcrumb\"},\"inLanguage\":\"de\",\"potentialAction\":[{\"@type\":\"ReadAction\",\"target\":[\"https:\\\/\\\/www.saporinostri.it\\\/olio-di-oliva-affumicato-porto-di-mola\\\/\"]}]},{\"@type\":\"ImageObject\",\"inLanguage\":\"de\",\"@id\":\"https:\\\/\\\/www.saporinostri.it\\\/olio-di-oliva-affumicato-porto-di-mola\\\/#primaryimage\",\"url\":\"https:\\\/\\\/www.saporinostri.it\\\/wp-content\\\/uploads\\\/2020\\\/07\\\/olio-extravergine-di-oliva-affumicato-frantoio-porto-di-mola-front.jpg\",\"contentUrl\":\"https:\\\/\\\/www.saporinostri.it\\\/wp-content\\\/uploads\\\/2020\\\/07\\\/olio-extravergine-di-oliva-affumicato-frantoio-porto-di-mola-front.jpg\",\"width\":1100,\"height\":1100,\"caption\":\"Olio Extravergine Di Oliva Affumicato Porto di Mola\"},{\"@type\":\"BreadcrumbList\",\"@id\":\"https:\\\/\\\/www.saporinostri.it\\\/olio-di-oliva-affumicato-porto-di-mola\\\/#breadcrumb\",\"itemListElement\":[{\"@type\":\"ListItem\",\"position\":1,\"name\":\"Home\",\"item\":\"https:\\\/\\\/www.saporinostri.it\\\/\"},{\"@type\":\"ListItem\",\"position\":2,\"name\":\"Shop\",\"item\":\"https:\\\/\\\/www.saporinostri.it\\\/fr\\\/shop\\\/\"},{\"@type\":\"ListItem\",\"position\":3,\"name\":\"Olio Extravergine Di Oliva Affumicato Porto di Mola\"}]},{\"@type\":\"WebSite\",\"@id\":\"https:\\\/\\\/www.saporinostri.it\\\/#website\",\"url\":\"https:\\\/\\\/www.saporinostri.it\\\/\",\"name\":\"Sapori Nostri\",\"description\":\"\",\"publisher\":{\"@id\":\"https:\\\/\\\/www.saporinostri.it\\\/#organization\"},\"potentialAction\":[{\"@type\":\"SearchAction\",\"target\":{\"@type\":\"EntryPoint\",\"urlTemplate\":\"https:\\\/\\\/www.saporinostri.it\\\/?s={search_term_string}\"},\"query-input\":{\"@type\":\"PropertyValueSpecification\",\"valueRequired\":true,\"valueName\":\"search_term_string\"}}],\"inLanguage\":\"de\"},{\"@type\":\"Organization\",\"@id\":\"https:\\\/\\\/www.saporinostri.it\\\/#organization\",\"name\":\"Sapori Nostri\",\"url\":\"https:\\\/\\\/www.saporinostri.it\\\/\",\"logo\":{\"@type\":\"ImageObject\",\"inLanguage\":\"de\",\"@id\":\"https:\\\/\\\/www.saporinostri.it\\\/#\\\/schema\\\/logo\\\/image\\\/\",\"url\":\"https:\\\/\\\/www.saporinostri.it\\\/wp-content\\\/uploads\\\/2020\\\/05\\\/logo-retina.png\",\"contentUrl\":\"https:\\\/\\\/www.saporinostri.it\\\/wp-content\\\/uploads\\\/2020\\\/05\\\/logo-retina.png\",\"width\":500,\"height\":109,\"caption\":\"Sapori Nostri\"},\"image\":{\"@id\":\"https:\\\/\\\/www.saporinostri.it\\\/#\\\/schema\\\/logo\\\/image\\\/\"},\"sameAs\":[\"https:\\\/\\\/www.facebook.com\\\/saporinostri.it\\\/\",\"https:\\\/\\\/www.instagram.com\\\/saporinostri.it\\\/\"]}]}<\/script>\n<meta property=\"product:brand\" content=\"Porto di Mola\" \/>\n<meta property=\"product:price:amount\" content=\"11.50\" \/>\n<meta property=\"product:price:currency\" content=\"EUR\" \/>\n<meta property=\"og:availability\" content=\"out of stock\" \/>\n<meta property=\"product:availability\" content=\"out of stock\" \/>\n<meta property=\"product:retailer_item_id\" content=\"olio-evo-aff\" \/>\n<meta property=\"product:condition\" content=\"new\" \/>\n<!-- \/ Yoast SEO Premium plugin. -->","yoast_head_json":{"title":"Porto di Mola Ger\u00e4uchertes Natives Oliven\u00f6l Extra - Unsere Geschmacksrichtungen","description":"Die Erforschung und Erforschung der perfekten Balance sind die Grundlage des nativen Oliven\u00f6ls Extra Porto di Mola, langsam kaltger\u00e4uchert mit Eichenholz","robots":{"index":"index","follow":"follow","max-snippet":"max-snippet:-1","max-image-preview":"max-image-preview:large","max-video-preview":"max-video-preview:-1"},"canonical":"https:\/\/www.saporinostri.it\/de\/olio-di-oliva-affumicato-porto-di-mola\/","og_locale":"de_DE","og_type":"article","og_title":"Olio Extravergine Di Oliva Affumicato Porto di Mola","og_description":"Ricerca e studio dell\u2019equilibrio perfetto sono alla base dell'Olio Extra Vergine di Oliva Porto di Mola, affumicato lentamente a freddo con legno di quercia","og_url":"https:\/\/www.saporinostri.it\/de\/olio-di-oliva-affumicato-porto-di-mola\/","og_site_name":"Sapori Nostri","article_publisher":"https:\/\/www.facebook.com\/saporinostri.it\/","article_modified_time":"2024-11-05T17:28:01+00:00","og_image":[{"width":1100,"height":1100,"url":"https:\/\/www.saporinostri.it\/wp-content\/uploads\/2020\/07\/olio-extravergine-di-oliva-affumicato-frantoio-porto-di-mola-front.jpg","type":"image\/jpeg"}],"twitter_card":"summary_large_image","twitter_misc":{"Preis":"&euro;11,50","Verf\u00fcgbarkeit":"ausverkauft"},"schema":{"@context":"https:\/\/schema.org","@graph":[{"@type":"WebPage","@id":"https:\/\/www.saporinostri.it\/olio-di-oliva-affumicato-porto-di-mola\/","url":"https:\/\/www.saporinostri.it\/olio-di-oliva-affumicato-porto-di-mola\/","name":"Porto di Mola Ger\u00e4uchertes Natives Oliven\u00f6l Extra - Unsere Geschmacksrichtungen","isPartOf":{"@id":"https:\/\/www.saporinostri.it\/#website"},"primaryImageOfPage":{"@id":"https:\/\/www.saporinostri.it\/olio-di-oliva-affumicato-porto-di-mola\/#primaryimage"},"image":{"@id":"https:\/\/www.saporinostri.it\/olio-di-oliva-affumicato-porto-di-mola\/#primaryimage"},"thumbnailUrl":"https:\/\/www.saporinostri.it\/wp-content\/uploads\/2020\/07\/olio-extravergine-di-oliva-affumicato-frantoio-porto-di-mola-front.jpg","datePublished":"2020-07-20T13:25:54+00:00","dateModified":"2024-11-05T17:28:01+00:00","description":"Die Erforschung und Erforschung der perfekten Balance sind die Grundlage des nativen Oliven\u00f6ls Extra Porto di Mola, langsam kaltger\u00e4uchert mit Eichenholz","breadcrumb":{"@id":"https:\/\/www.saporinostri.it\/olio-di-oliva-affumicato-porto-di-mola\/#breadcrumb"},"inLanguage":"de","potentialAction":[{"@type":"ReadAction","target":["https:\/\/www.saporinostri.it\/olio-di-oliva-affumicato-porto-di-mola\/"]}]},{"@type":"ImageObject","inLanguage":"de","@id":"https:\/\/www.saporinostri.it\/olio-di-oliva-affumicato-porto-di-mola\/#primaryimage","url":"https:\/\/www.saporinostri.it\/wp-content\/uploads\/2020\/07\/olio-extravergine-di-oliva-affumicato-frantoio-porto-di-mola-front.jpg","contentUrl":"https:\/\/www.saporinostri.it\/wp-content\/uploads\/2020\/07\/olio-extravergine-di-oliva-affumicato-frantoio-porto-di-mola-front.jpg","width":1100,"height":1100,"caption":"Olio Extravergine Di Oliva Affumicato Porto di Mola"},{"@type":"BreadcrumbList","@id":"https:\/\/www.saporinostri.it\/olio-di-oliva-affumicato-porto-di-mola\/#breadcrumb","itemListElement":[{"@type":"ListItem","position":1,"name":"Home","item":"https:\/\/www.saporinostri.it\/"},{"@type":"ListItem","position":2,"name":"Shop","item":"https:\/\/www.saporinostri.it\/fr\/shop\/"},{"@type":"ListItem","position":3,"name":"Olio Extravergine Di Oliva Affumicato Porto di Mola"}]},{"@type":"WebSite","@id":"https:\/\/www.saporinostri.it\/#website","url":"https:\/\/www.saporinostri.it\/","name":"Sapori Nostri","description":"","publisher":{"@id":"https:\/\/www.saporinostri.it\/#organization"},"potentialAction":[{"@type":"SearchAction","target":{"@type":"EntryPoint","urlTemplate":"https:\/\/www.saporinostri.it\/?s={search_term_string}"},"query-input":{"@type":"PropertyValueSpecification","valueRequired":true,"valueName":"search_term_string"}}],"inLanguage":"de"},{"@type":"Organization","@id":"https:\/\/www.saporinostri.it\/#organization","name":"Sapori Nostri","url":"https:\/\/www.saporinostri.it\/","logo":{"@type":"ImageObject","inLanguage":"de","@id":"https:\/\/www.saporinostri.it\/#\/schema\/logo\/image\/","url":"https:\/\/www.saporinostri.it\/wp-content\/uploads\/2020\/05\/logo-retina.png","contentUrl":"https:\/\/www.saporinostri.it\/wp-content\/uploads\/2020\/05\/logo-retina.png","width":500,"height":109,"caption":"Sapori Nostri"},"image":{"@id":"https:\/\/www.saporinostri.it\/#\/schema\/logo\/image\/"},"sameAs":["https:\/\/www.facebook.com\/saporinostri.it\/","https:\/\/www.instagram.com\/saporinostri.it\/"]}]},"product_brand":"Porto di Mola","product_price_amount":"11.50","product_price_currency":"EUR","og_availability":"out of stock","product_availability":"out of stock","product_retailer_item_id":"olio-evo-aff","product_condition":"new"},"jetpack_sharing_enabled":true,"brands":[{"id":191,"name":"Hafen von Mola","slug":"porto-di-mola"}],"_links":{"self":[{"href":"https:\/\/www.saporinostri.it\/de\/wp-json\/wp\/v2\/product\/2665","targetHints":{"allow":["GET"]}}],"collection":[{"href":"https:\/\/www.saporinostri.it\/de\/wp-json\/wp\/v2\/product"}],"about":[{"href":"https:\/\/www.saporinostri.it\/de\/wp-json\/wp\/v2\/types\/product"}],"replies":[{"embeddable":true,"href":"https:\/\/www.saporinostri.it\/de\/wp-json\/wp\/v2\/comments?post=2665"}],"wp:featuredmedia":[{"embeddable":true,"href":"https:\/\/www.saporinostri.it\/de\/wp-json\/wp\/v2\/media\/4351"}],"wp:attachment":[{"href":"https:\/\/www.saporinostri.it\/de\/wp-json\/wp\/v2\/media?parent=2665"}],"wp:term":[{"taxonomy":"pwb-brand","embeddable":true,"href":"https:\/\/www.saporinostri.it\/de\/wp-json\/wp\/v2\/pwb-brand?post=2665"},{"taxonomy":"product_brand","embeddable":true,"href":"https:\/\/www.saporinostri.it\/de\/wp-json\/wp\/v2\/product_brand?post=2665"},{"taxonomy":"product_cat","embeddable":true,"href":"https:\/\/www.saporinostri.it\/de\/wp-json\/wp\/v2\/product_cat?post=2665"},{"taxonomy":"product_tag","embeddable":true,"href":"https:\/\/www.saporinostri.it\/de\/wp-json\/wp\/v2\/product_tag?post=2665"}],"curies":[{"name":"wp","href":"https:\/\/api.w.org\/{rel}","templated":true}]}}