{"id":2777,"date":"2020-08-06T16:20:26","date_gmt":"2020-08-06T14:20:26","guid":{"rendered":"http:\/\/172.105.66.148\/?post_type=product&#038;p=2777"},"modified":"2026-04-28T22:06:28","modified_gmt":"2026-04-28T20:06:28","slug":"farina-nuvola-caputo-5-kg","status":"publish","type":"product","link":"https:\/\/www.saporinostri.it\/de\/farina-nuvola-caputo-5-kg\/","title":{"rendered":"Nuvola Caputo Mehl 5 Kg"},"content":{"rendered":"<div class=\"ap-wrapper\">\n<div class=\"ap-col f-2 n-b\"><p>Aus der Forschung und Entwicklung der Caputo Mill entstand was <strong>Wolke<\/strong>: eine sorgf\u00e4ltige Auswahl nat\u00fcrlicher 100%-Rohstoffe ohne Zusatz- oder Konservierungsstoffe, die dank der hohen Fermentationskapazit\u00e4t der K\u00f6rner, die die Teige leicht verdaulich macht, Volumen und Weichheit des Teigs gew\u00e4hrleisten.<\/p>\n<p>Dort <strong>Nuvola Caputo Mehl<\/strong> es ist geeignet f\u00fcr Direktteige bis <strong>18\/24 Stunden G\u00e4rung<\/strong>, sie bekommen <strong>leichte Teige<\/strong> mit <strong>gro\u00dfe Alveolen<\/strong>.<\/p>\n<p><strong>Wolke<\/strong>\u00a0es ist ein Wort, das mit vielen Begriffen verbunden ist: Leichtigkeit, Unf\u00fchlbarkeit, Weichheit, aber vor allem eine zartschmelzende Konsistenz, die sich im Mund aufl\u00f6st, ein bisschen wie Zuckerwatte.<\/p>\n<p>Nuvola ist eine ganz neue Mehllinie, die <strong>Mulino Caputo<\/strong> er widmete sich haupts\u00e4chlich zeitgen\u00f6ssischen Teigen. Die Zeitgenossenschaft in der wei\u00dfen Kunst ist eine echte Denkschule, die darauf abzielt, Folgendes zu erreichen: ausgezeichnete Alveolation, kein Kauen, Leichtigkeit, Schmelze, Verdaulichkeit durch gr\u00f6\u00dfere Hydratation und Verl\u00e4ngerung der Aufgeh- und Reifungszeiten des Teigs.<\/p>\n<p style=\"font-size: 0.9em\"><strong>Zutaten:<\/strong> Weichweizenmehl Typ &quot;0&quot;<\/p>\n<p style=\"font-size: 0.9em\"><strong>Ohne Zusatz von Zusatzstoffen und Enzymen<\/strong><br \/>\n<strong>Enth\u00e4lt <u>Gluten<\/u>. Es kann Spuren von enthalten <u>Soja<\/u><\/strong><\/p>\n<p style=\"font-size: 0.9em\"><strong>An einem kalten und trockenen Ort aufbewahren<\/strong><\/p>\n<\/div>\n<div class=\"ap-col f-1\">\n<div class=\"nutrition-facts-heading\"><b>Durchschnittliche N\u00e4hrwerte<\/b><\/div>\n<div class=\"nutrition-facts-content\">\n<table>\n<thead>\n<tr>\n<td><\/td>\n<td><b>100g<\/b><\/td>\n<td><b>%AR * \/ 100g<\/b><\/td>\n<\/tr>\n<\/thead>\n<tbody>\n<tr>\n<td><b>Energiewert<\/b><\/td>\n<td>1.502 kj<br \/>\n352 kcal<\/td>\n<td>18%<\/td>\n<\/tr>\n<tr>\n<td><b>Fett<\/b><br \/>\nvon welchem: <b>ges\u00e4ttigte Fetts\u00e4uren<\/b><\/td>\n<td>1,0 g<br \/>\n0,2 g<\/td>\n<td>1%<br \/>\n1%<\/td>\n<\/tr>\n<tr>\n<td><b>Kohlenhydrate<\/b><br \/>\nvon welchem: <b>Zucker<\/b><\/td>\n<td>72 g<br \/>\n1 g<\/td>\n<td>28%<br \/>\n1%<\/td>\n<\/tr>\n<tr>\n<td><b>Fasern<\/b><\/td>\n<td>3 g<\/td>\n<td><\/td>\n<\/tr>\n<tr>\n<td><b>Proteine<\/b><\/td>\n<td>12,5 g<\/td>\n<td>25%<\/td>\n<\/tr>\n<tr>\n<td><b>Salz-<\/b><\/td>\n<td>0,006 g<\/td>\n<td>0%<\/td>\n<\/tr>\n<\/tbody>\n<\/table>\n<\/div>\n<\/div>\n<\/div>\n<div class=\"mini-infobox-wrapper\">\n<p class=\"mini-infobox\"><b>Mehlsorte<\/b><br \/>\n<\/p>\n<p class=\"mini-infobox\"><b>B\u00e4ckerei<\/b><br \/>\nW 260\/280<\/p>\n<p class=\"mini-infobox\"><b>Proteine<\/b><br \/>\n12,50% <span style=\"font-size: 0.85em;\">\u00b1 0,50%<\/span><\/p>\n<p class=\"mini-infobox\"><b>Elastizit\u00e4t<\/b><br \/>\nP \/ L 0,50 \/ 0,60<\/p>\n<p class=\"mini-infobox\"><b>Sauerteig<\/b><br \/>\n18\/24 Stunden<\/p>\n<\/div>\n<h3 class=\"mt-5\">Die Caputo-M\u00fchle<\/h3>\n<div class=\"mt-3\">\n<p>Seit 1924 ist die\u00a0<strong>Mulino Caputo<\/strong>\u00a0arbeitet den Weizen mit Gro\u00dfz\u00fcgigkeit und Leidenschaft, um Fachleuten und Liebhabern der White Art Caputo Farina von h\u00f6chster Qualit\u00e4t anzubieten, die unter voller Achtung der Rohstoffe und der Tradition hergestellt wird.<\/p>\n<p>Il Molino Caputo produziert eine breite Palette von Mehlen f\u00fcr den privaten und professionellen Gebrauch. Caputo-Mehl wird vor allem von Profis in der Konditorei, Brotherstellung, Pasta und Pizza verwendet, wobei viele Mehlsorten f\u00fcr verschiedene Prozesse bestimmt sind.<\/p>\n<p>Autorit\u00e4t, Spontaneit\u00e4t und Tradition, aus diesen Werten entsteht die wei\u00dfe Kunst von Mulino Caputo, die es dank der Erfahrung von drei Generationen neapolitanischer Meisterm\u00fcller erm\u00f6glicht, sehr hohe Qualit\u00e4tsstandards zu garantieren, um diesen Experten zu gew\u00e4hrleisten Gastronomen und Handwerker des Geschmacks bringen ihre Kreativit\u00e4t am besten zum Ausdruck.<\/p>\n<p>Caputo-Mehl hat die F\u00e4higkeit, die Nat\u00fcrlichkeit und Authentizit\u00e4t von Aromen maximal zu bewahren, aus diesem und aus anderen Gr\u00fcnden wird Molino Caputo auf der ganzen Welt gesch\u00e4tzt und anerkannt.<\/p>\n<\/div>\n\n<h3 class=\"mt-5\">Rezepte mit diesem Produkt<\/h3>\n<div class=\"mt-3\">\t\t<div data-elementor-type=\"section\" data-elementor-id=\"12108\" class=\"elementor elementor-12108\" data-elementor-post-type=\"elementor_library\">\n\t\t\t\t\t<section class=\"elementor-section elementor-top-section elementor-element elementor-element-7d29bb09 elementor-section-stretched elementor-section-boxed elementor-section-height-default elementor-section-height-default\" data-id=\"7d29bb09\" data-element_type=\"section\" data-e-type=\"section\" data-settings=\"{&quot;stretch_section&quot;:&quot;section-stretched&quot;,&quot;background_background&quot;:&quot;classic&quot;}\">\n\t\t\t\t\t\t<div class=\"elementor-container elementor-column-gap-default\">\n\t\t\t\t\t<div class=\"elementor-column elementor-col-100 elementor-top-column elementor-element elementor-element-57c51ca3\" data-id=\"57c51ca3\" data-element_type=\"column\" data-e-type=\"column\">\n\t\t\t<div class=\"elementor-widget-wrap elementor-element-populated\">\n\t\t\t\t\t\t<div class=\"elementor-element elementor-element-6351da4e elementor-grid-4 elementor-grid-tablet-2 elementor-grid-mobile-1 elementor-posts--thumbnail-top elementor-posts--show-avatar elementor-card-shadow-yes elementor-posts__hover-gradient elementor-widget elementor-widget-posts\" data-id=\"6351da4e\" data-element_type=\"widget\" data-e-type=\"widget\" data-settings=\"{&quot;cards_columns&quot;:&quot;4&quot;,&quot;cards_row_gap&quot;:{&quot;unit&quot;:&quot;px&quot;,&quot;size&quot;:25,&quot;sizes&quot;:[]},&quot;cards_columns_tablet&quot;:&quot;2&quot;,&quot;cards_columns_mobile&quot;:&quot;1&quot;,&quot;cards_row_gap_tablet&quot;:{&quot;unit&quot;:&quot;px&quot;,&quot;size&quot;:&quot;&quot;,&quot;sizes&quot;:[]},&quot;cards_row_gap_mobile&quot;:{&quot;unit&quot;:&quot;px&quot;,&quot;size&quot;:&quot;&quot;,&quot;sizes&quot;:[]}}\" data-widget_type=\"posts.cards\">\n\t\t\t\t<div class=\"elementor-widget-container\">\n\t\t\t\t\t\t\t<div class=\"elementor-posts-container elementor-posts elementor-posts--skin-cards elementor-grid\" role=\"list\">\n\t\t\t\t<article class=\"elementor-post elementor-grid-item post-13424 post type-post status-publish format-standard has-post-thumbnail hentry category-ricette tag-bretzel tag-brezel tag-farina-0 tag-ricetta-bretzel tag-ricetta-brezel\" role=\"listitem\">\n\t\t\t<div class=\"elementor-post__card\">\n\t\t\t\t<a class=\"elementor-post__thumbnail__link\" href=\"https:\/\/www.saporinostri.it\/de\/ricetta-bretzel\/\" tabindex=\"-1\" ><div class=\"elementor-post__thumbnail\"><img fetchpriority=\"high\" decoding=\"async\" width=\"225\" height=\"300\" src=\"https:\/\/www.saporinostri.it\/wp-content\/uploads\/2021\/07\/6-e1625651881884-225x300.jpeg\" class=\"attachment-medium size-medium wp-image-13420\" alt=\"\" srcset=\"https:\/\/www.saporinostri.it\/wp-content\/uploads\/2021\/07\/6-e1625651881884-225x300.jpeg 225w, https:\/\/www.saporinostri.it\/wp-content\/uploads\/2021\/07\/6-e1625651881884-768x1024.jpeg 768w, https:\/\/www.saporinostri.it\/wp-content\/uploads\/2021\/07\/6-e1625651881884-1152x1536.jpeg 1152w, https:\/\/www.saporinostri.it\/wp-content\/uploads\/2021\/07\/6-e1625651881884-9x12.jpeg 9w, https:\/\/www.saporinostri.it\/wp-content\/uploads\/2021\/07\/6-e1625651881884-990x1320.jpeg 990w, https:\/\/www.saporinostri.it\/wp-content\/uploads\/2021\/07\/6-e1625651881884-441x588.jpeg 441w, https:\/\/www.saporinostri.it\/wp-content\/uploads\/2021\/07\/6-e1625651881884-800x1067.jpeg 800w, https:\/\/www.saporinostri.it\/wp-content\/uploads\/2021\/07\/6-e1625651881884-150x200.jpeg 150w, https:\/\/www.saporinostri.it\/wp-content\/uploads\/2021\/07\/6-e1625651881884.jpeg 1200w\" sizes=\"(max-width: 225px) 100vw, 225px\" \/><\/div><\/a>\n\t\t\t\t<div class=\"elementor-post__badge\">Rezepte<\/div>\n\t\t\t\t<div class=\"elementor-post__avatar\">\n\t\t\t<img alt='Manlio Di Paola' data-src='https:\/\/secure.gravatar.com\/avatar\/34530845b4578c7824463cfbc9dd0215324120596eb5887c61438299c9501cb3?s=128&#038;d=mm&#038;r=g' data-srcset='https:\/\/secure.gravatar.com\/avatar\/34530845b4578c7824463cfbc9dd0215324120596eb5887c61438299c9501cb3?s=256&#038;d=mm&#038;r=g 2x' class='avatar avatar-128 photo lazyload' height='128' width='128' src='data:image\/gif;base64,R0lGODlhAQABAAAAACH5BAEKAAEALAAAAAABAAEAAAICTAEAOw==' style='--smush-placeholder-width: 128px; --smush-placeholder-aspect-ratio: 128\/128;' \/><noscript><img alt='Manlio Di Paola' src='https:\/\/secure.gravatar.com\/avatar\/34530845b4578c7824463cfbc9dd0215324120596eb5887c61438299c9501cb3?s=128&#038;d=mm&#038;r=g' srcset='https:\/\/secure.gravatar.com\/avatar\/34530845b4578c7824463cfbc9dd0215324120596eb5887c61438299c9501cb3?s=256&#038;d=mm&#038;r=g 2x' class='avatar avatar-128 photo' height='128' width='128' \/><\/noscript>\t\t<\/div>\n\t\t\t\t<div class=\"elementor-post__text\">\n\t\t\t\t<h3 class=\"elementor-post__title\">\n\t\t\t<a href=\"https:\/\/www.saporinostri.it\/de\/ricetta-bretzel\/\" >\n\t\t\t\tBrezel\t\t\t<\/a>\n\t\t<\/h3>\n\t\t\t\t<div class=\"elementor-post__excerpt\">\n\t\t\t<p>Die Brezel ist eine bei der germanischen Bev\u00f6lkerung sehr beliebte Brotsorte und daher vor allem in Deutschland weit verbreitet.<\/p>\n\t\t<\/div>\n\t\t\n\t\t<a class=\"elementor-post__read-more\" href=\"https:\/\/www.saporinostri.it\/de\/ricetta-bretzel\/\" aria-label=\"Mehr \u00fcber Brezeln erfahren\" tabindex=\"-1\" >\n\t\t\tWeiter lesen &quot;\t\t<\/a>\n\n\t\t\t\t<\/div>\n\t\t\t\t\t<\/div>\n\t\t<\/article>\n\t\t\t\t<article class=\"elementor-post elementor-grid-item post-3775 post type-post status-publish format-standard has-post-thumbnail hentry category-ricette tag-farina-0 tag-farina-00 tag-olio-extravergine-di-oliva\" role=\"listitem\">\n\t\t\t<div class=\"elementor-post__card\">\n\t\t\t\t<a class=\"elementor-post__thumbnail__link\" href=\"https:\/\/www.saporinostri.it\/de\/le-origini-della-pizza-ricetta-pizza-verace-napoletana\/\" tabindex=\"-1\" ><div class=\"elementor-post__thumbnail\"><img decoding=\"async\" width=\"300\" height=\"177\" data-src=\"https:\/\/www.saporinostri.it\/wp-content\/uploads\/2020\/10\/le-origini-della-pizza-napoletana-e1601990439881-300x177.jpg\" class=\"attachment-medium size-medium wp-image-3778 lazyload\" alt=\"Die Urspr\u00fcnge der neapolitanischen Pizza\" data-srcset=\"https:\/\/www.saporinostri.it\/wp-content\/uploads\/2020\/10\/le-origini-della-pizza-napoletana-e1601990439881-300x177.jpg 300w, https:\/\/www.saporinostri.it\/wp-content\/uploads\/2020\/10\/le-origini-della-pizza-napoletana-e1601990439881-150x88.jpg 150w, https:\/\/www.saporinostri.it\/wp-content\/uploads\/2020\/10\/le-origini-della-pizza-napoletana-e1601990439881-800x472.jpg 800w, https:\/\/www.saporinostri.it\/wp-content\/uploads\/2020\/10\/le-origini-della-pizza-napoletana-e1601990439881-1024x604.jpg 1024w, https:\/\/www.saporinostri.it\/wp-content\/uploads\/2020\/10\/le-origini-della-pizza-napoletana-e1601990439881-768x453.jpg 768w, https:\/\/www.saporinostri.it\/wp-content\/uploads\/2020\/10\/le-origini-della-pizza-napoletana-e1601990439881-640x378.jpg 640w, https:\/\/www.saporinostri.it\/wp-content\/uploads\/2020\/10\/le-origini-della-pizza-napoletana-e1601990439881-400x236.jpg 400w, https:\/\/www.saporinostri.it\/wp-content\/uploads\/2020\/10\/le-origini-della-pizza-napoletana-e1601990439881.jpg 1280w\" data-sizes=\"(max-width: 300px) 100vw, 300px\" src=\"data:image\/gif;base64,R0lGODlhAQABAAAAACH5BAEKAAEALAAAAAABAAEAAAICTAEAOw==\" style=\"--smush-placeholder-width: 300px; --smush-placeholder-aspect-ratio: 300\/177;\" \/><noscript><img decoding=\"async\" width=\"300\" height=\"177\" src=\"https:\/\/www.saporinostri.it\/wp-content\/uploads\/2020\/10\/le-origini-della-pizza-napoletana-e1601990439881-300x177.jpg\" class=\"attachment-medium size-medium wp-image-3778\" alt=\"Die Urspr\u00fcnge der neapolitanischen Pizza\" srcset=\"https:\/\/www.saporinostri.it\/wp-content\/uploads\/2020\/10\/le-origini-della-pizza-napoletana-e1601990439881-300x177.jpg 300w, https:\/\/www.saporinostri.it\/wp-content\/uploads\/2020\/10\/le-origini-della-pizza-napoletana-e1601990439881-150x88.jpg 150w, https:\/\/www.saporinostri.it\/wp-content\/uploads\/2020\/10\/le-origini-della-pizza-napoletana-e1601990439881-800x472.jpg 800w, https:\/\/www.saporinostri.it\/wp-content\/uploads\/2020\/10\/le-origini-della-pizza-napoletana-e1601990439881-1024x604.jpg 1024w, https:\/\/www.saporinostri.it\/wp-content\/uploads\/2020\/10\/le-origini-della-pizza-napoletana-e1601990439881-768x453.jpg 768w, https:\/\/www.saporinostri.it\/wp-content\/uploads\/2020\/10\/le-origini-della-pizza-napoletana-e1601990439881-640x378.jpg 640w, https:\/\/www.saporinostri.it\/wp-content\/uploads\/2020\/10\/le-origini-della-pizza-napoletana-e1601990439881-400x236.jpg 400w, https:\/\/www.saporinostri.it\/wp-content\/uploads\/2020\/10\/le-origini-della-pizza-napoletana-e1601990439881.jpg 1280w\" sizes=\"(max-width: 300px) 100vw, 300px\" \/><\/noscript><\/div><\/a>\n\t\t\t\t<div class=\"elementor-post__badge\">Rezepte<\/div>\n\t\t\t\t<div class=\"elementor-post__avatar\">\n\t\t\t<img alt='Manlio Di Paola' data-src='https:\/\/secure.gravatar.com\/avatar\/34530845b4578c7824463cfbc9dd0215324120596eb5887c61438299c9501cb3?s=128&#038;d=mm&#038;r=g' data-srcset='https:\/\/secure.gravatar.com\/avatar\/34530845b4578c7824463cfbc9dd0215324120596eb5887c61438299c9501cb3?s=256&#038;d=mm&#038;r=g 2x' class='avatar avatar-128 photo lazyload' height='128' width='128' src='data:image\/gif;base64,R0lGODlhAQABAAAAACH5BAEKAAEALAAAAAABAAEAAAICTAEAOw==' style='--smush-placeholder-width: 128px; --smush-placeholder-aspect-ratio: 128\/128;' \/><noscript><img alt='Manlio Di Paola' src='https:\/\/secure.gravatar.com\/avatar\/34530845b4578c7824463cfbc9dd0215324120596eb5887c61438299c9501cb3?s=128&#038;d=mm&#038;r=g' srcset='https:\/\/secure.gravatar.com\/avatar\/34530845b4578c7824463cfbc9dd0215324120596eb5887c61438299c9501cb3?s=256&#038;d=mm&#038;r=g 2x' class='avatar avatar-128 photo' height='128' width='128' \/><\/noscript>\t\t<\/div>\n\t\t\t\t<div class=\"elementor-post__text\">\n\t\t\t\t<h3 class=\"elementor-post__title\">\n\t\t\t<a href=\"https:\/\/www.saporinostri.it\/de\/le-origini-della-pizza-ricetta-pizza-verace-napoletana\/\" >\n\t\t\t\tRezept und Herkunft der neapolitanischen Pizza\t\t\t<\/a>\n\t\t<\/h3>\n\t\t\t\t<div class=\"elementor-post__excerpt\">\n\t\t\t<p>Man kann sagen, dass Pizza das beliebteste Gericht der Welt ist und sicherlich eines der beliebtesten. Die Pizza selbst hat Urspr\u00fcnge<\/p>\n\t\t<\/div>\n\t\t\n\t\t<a class=\"elementor-post__read-more\" href=\"https:\/\/www.saporinostri.it\/de\/le-origini-della-pizza-ricetta-pizza-verace-napoletana\/\" aria-label=\"Lesen Sie mehr \u00fcber Rezept und Urspr\u00fcnge der neapolitanischen Pizza\" tabindex=\"-1\" >\n\t\t\tWeiter lesen &quot;\t\t<\/a>\n\n\t\t\t\t<\/div>\n\t\t\t\t\t<\/div>\n\t\t<\/article>\n\t\t\t\t<\/div>\n\t\t\n\t\t\t\t\t\t<\/div>\n\t\t\t\t<\/div>\n\t\t\t\t\t<\/div>\n\t\t<\/div>\n\t\t\t\t\t<\/div>\n\t\t<\/section>\n\t\t\t\t<\/div>\n\t\t<\/div>","protected":false},"excerpt":{"rendered":"<p><b>Sauerteig:<\/b> 18\/24 Stunden<br \/>\n<b>B\u00e4ckerei:<\/b> W 260\/280<\/p>\n<ul>\n<li>Das Caputo Nuvola Mehl eignet sich f\u00fcr leichte Teige mit gro\u00dfen Hohlr\u00e4umen.<\/li>\n<li>Langes Aufgehen f\u00fcr hohe Verdaulichkeit.<\/li>\n<li>100% nat\u00fcrlich, ohne Zusatz- und Konservierungsstoffe.<\/li>\n<\/ul>\n<p><span style=\"font-size: 0.8em;margin-top: 10px\"><b><a href=\"https:\/\/www.saporinostri.it\/sc\/scheda-tecnica-farina-nuvola-mulino-caputo.pdf\" target=\"_blank\" rel=\"noopener\"><i class=\"fa fa-download\" aria-hidden=\"true\"><\/i> Laden Sie das Produktdatenblatt des Farina Nuvola Caputo-Produkts herunter<\/a><\/b><\/span><\/p>\n<div class=\"scadenza\">Letzter Batch-Ablauf: <strong>18<\/strong><b>\/02\/2027 L.049B<\/b><\/div>","protected":false},"featured_media":11891,"comment_status":"open","ping_status":"closed","template":"","meta":{"_acf_changed":false,"inline_featured_image":false,"wprm-recipe-roundup-name":"","wprm-recipe-roundup-description":"","_monsterinsights_skip_tracking":false,"_monsterinsights_sitenote_active":false,"_monsterinsights_sitenote_note":"","_monsterinsights_sitenote_category":0},"pwb-brand":[110],"product_brand":[],"product_cat":[97],"product_tag":[],"class_list":{"0":"post-2777","1":"product","2":"type-product","3":"status-publish","4":"has-post-thumbnail","6":"pwb-brand-mulino-caputo","7":"product_cat-farine","8":"product_shipping_class-iva-4","10":"first","11":"instock","12":"sale","13":"taxable","14":"shipping-taxable","15":"purchasable","16":"product-type-simple"},"acf":[],"yoast_head":"<!-- This site is optimized with the Yoast SEO Premium plugin v23.7 (Yoast SEO v27.3) - https:\/\/yoast.com\/product\/yoast-seo-premium-wordpress\/ -->\n<title>Farina Nuvola Caputo 5 Kg - Sapori Nostri<\/title>\n<meta name=\"description\" content=\"Farina Nuvola Caputo, ideale per impasti leggeri con grandi alveolature, accurata selezione di materie prime 100% naturali senza conservanti\" \/>\n<meta name=\"robots\" content=\"index, follow, max-snippet:-1, max-image-preview:large, max-video-preview:-1\" \/>\n<link rel=\"canonical\" href=\"https:\/\/www.saporinostri.it\/de\/farina-nuvola-caputo-5-kg\/\" \/>\n<meta property=\"og:locale\" content=\"de_DE\" \/>\n<meta property=\"og:type\" content=\"article\" \/>\n<meta property=\"og:title\" content=\"Farina Nuvola Caputo 5 Kg\" \/>\n<meta property=\"og:description\" content=\"Farina Nuvola Caputo, ideale per impasti leggeri con grandi alveolature, accurata selezione di materie prime 100% naturali senza conservanti\" \/>\n<meta property=\"og:url\" content=\"https:\/\/www.saporinostri.it\/de\/farina-nuvola-caputo-5-kg\/\" \/>\n<meta property=\"og:site_name\" content=\"Sapori Nostri\" \/>\n<meta property=\"article:publisher\" content=\"https:\/\/www.facebook.com\/saporinostri.it\/\" \/>\n<meta property=\"article:modified_time\" content=\"2026-04-28T20:06:28+00:00\" \/>\n<meta property=\"og:image\" content=\"https:\/\/www.saporinostri.it\/wp-content\/uploads\/2020\/08\/farina-nuvola-caputo-5-kg-front.jpg\" \/>\n\t<meta property=\"og:image:width\" content=\"1500\" \/>\n\t<meta property=\"og:image:height\" content=\"1500\" \/>\n\t<meta property=\"og:image:type\" content=\"image\/jpeg\" \/>\n<meta name=\"twitter:card\" content=\"summary_large_image\" \/>\n<meta name=\"twitter:label1\" content=\"Preis\" \/>\n\t<meta name=\"twitter:data1\" content=\"&euro;8,95\" \/>\n\t<meta name=\"twitter:label2\" content=\"Verf\u00fcgbarkeit\" \/>\n\t<meta name=\"twitter:data2\" content=\"Auf Lager\" \/>\n<script type=\"application\/ld+json\" class=\"yoast-schema-graph\">{\"@context\":\"https:\\\/\\\/schema.org\",\"@graph\":[{\"@type\":\"WebPage\",\"@id\":\"https:\\\/\\\/www.saporinostri.it\\\/farina-nuvola-caputo-5-kg\\\/\",\"url\":\"https:\\\/\\\/www.saporinostri.it\\\/farina-nuvola-caputo-5-kg\\\/\",\"name\":\"Farina Nuvola Caputo 5 Kg - Sapori Nostri\",\"isPartOf\":{\"@id\":\"https:\\\/\\\/www.saporinostri.it\\\/#website\"},\"primaryImageOfPage\":{\"@id\":\"https:\\\/\\\/www.saporinostri.it\\\/farina-nuvola-caputo-5-kg\\\/#primaryimage\"},\"image\":{\"@id\":\"https:\\\/\\\/www.saporinostri.it\\\/farina-nuvola-caputo-5-kg\\\/#primaryimage\"},\"thumbnailUrl\":\"https:\\\/\\\/www.saporinostri.it\\\/wp-content\\\/uploads\\\/2020\\\/08\\\/farina-nuvola-caputo-5-kg-front.jpg\",\"datePublished\":\"2020-08-06T14:20:26+00:00\",\"dateModified\":\"2026-04-28T20:06:28+00:00\",\"description\":\"Farina Nuvola Caputo, ideale per impasti leggeri con grandi alveolature, accurata selezione di materie prime 100% naturali senza conservanti\",\"breadcrumb\":{\"@id\":\"https:\\\/\\\/www.saporinostri.it\\\/farina-nuvola-caputo-5-kg\\\/#breadcrumb\"},\"inLanguage\":\"de\",\"potentialAction\":[{\"@type\":\"ReadAction\",\"target\":[\"https:\\\/\\\/www.saporinostri.it\\\/farina-nuvola-caputo-5-kg\\\/\"]}]},{\"@type\":\"ImageObject\",\"inLanguage\":\"de\",\"@id\":\"https:\\\/\\\/www.saporinostri.it\\\/farina-nuvola-caputo-5-kg\\\/#primaryimage\",\"url\":\"https:\\\/\\\/www.saporinostri.it\\\/wp-content\\\/uploads\\\/2020\\\/08\\\/farina-nuvola-caputo-5-kg-front.jpg\",\"contentUrl\":\"https:\\\/\\\/www.saporinostri.it\\\/wp-content\\\/uploads\\\/2020\\\/08\\\/farina-nuvola-caputo-5-kg-front.jpg\",\"width\":1500,\"height\":1500,\"caption\":\"Farina Nuvola Caputo 5 Kg\"},{\"@type\":\"BreadcrumbList\",\"@id\":\"https:\\\/\\\/www.saporinostri.it\\\/farina-nuvola-caputo-5-kg\\\/#breadcrumb\",\"itemListElement\":[{\"@type\":\"ListItem\",\"position\":1,\"name\":\"Home\",\"item\":\"https:\\\/\\\/www.saporinostri.it\\\/\"},{\"@type\":\"ListItem\",\"position\":2,\"name\":\"Shop\",\"item\":\"https:\\\/\\\/www.saporinostri.it\\\/fr\\\/shop\\\/\"},{\"@type\":\"ListItem\",\"position\":3,\"name\":\"Farina Nuvola Caputo 5 Kg\"}]},{\"@type\":\"WebSite\",\"@id\":\"https:\\\/\\\/www.saporinostri.it\\\/#website\",\"url\":\"https:\\\/\\\/www.saporinostri.it\\\/\",\"name\":\"Sapori Nostri\",\"description\":\"\",\"publisher\":{\"@id\":\"https:\\\/\\\/www.saporinostri.it\\\/#organization\"},\"potentialAction\":[{\"@type\":\"SearchAction\",\"target\":{\"@type\":\"EntryPoint\",\"urlTemplate\":\"https:\\\/\\\/www.saporinostri.it\\\/?s={search_term_string}\"},\"query-input\":{\"@type\":\"PropertyValueSpecification\",\"valueRequired\":true,\"valueName\":\"search_term_string\"}}],\"inLanguage\":\"de\"},{\"@type\":\"Organization\",\"@id\":\"https:\\\/\\\/www.saporinostri.it\\\/#organization\",\"name\":\"Sapori Nostri\",\"url\":\"https:\\\/\\\/www.saporinostri.it\\\/\",\"logo\":{\"@type\":\"ImageObject\",\"inLanguage\":\"de\",\"@id\":\"https:\\\/\\\/www.saporinostri.it\\\/#\\\/schema\\\/logo\\\/image\\\/\",\"url\":\"https:\\\/\\\/www.saporinostri.it\\\/wp-content\\\/uploads\\\/2020\\\/05\\\/logo-retina.png\",\"contentUrl\":\"https:\\\/\\\/www.saporinostri.it\\\/wp-content\\\/uploads\\\/2020\\\/05\\\/logo-retina.png\",\"width\":500,\"height\":109,\"caption\":\"Sapori Nostri\"},\"image\":{\"@id\":\"https:\\\/\\\/www.saporinostri.it\\\/#\\\/schema\\\/logo\\\/image\\\/\"},\"sameAs\":[\"https:\\\/\\\/www.facebook.com\\\/saporinostri.it\\\/\",\"https:\\\/\\\/www.instagram.com\\\/saporinostri.it\\\/\"]}]}<\/script>\n<!-- \/ Yoast SEO Premium plugin. -->","yoast_head_json":{"title":"Nuvola Caputo Mehl 5 Kg - Unsere Geschmacksrichtungen","description":"Nuvola Caputo Mehl, ideal f\u00fcr leichte Teige mit gro\u00dfen Alveolen, sorgf\u00e4ltige Auswahl nat\u00fcrlicher 100% Rohstoffe ohne Konservierungsstoffe","robots":{"index":"index","follow":"follow","max-snippet":"max-snippet:-1","max-image-preview":"max-image-preview:large","max-video-preview":"max-video-preview:-1"},"canonical":"https:\/\/www.saporinostri.it\/de\/farina-nuvola-caputo-5-kg\/","og_locale":"de_DE","og_type":"article","og_title":"Farina Nuvola Caputo 5 Kg","og_description":"Farina Nuvola Caputo, ideale per impasti leggeri con grandi alveolature, accurata selezione di materie prime 100% naturali senza conservanti","og_url":"https:\/\/www.saporinostri.it\/de\/farina-nuvola-caputo-5-kg\/","og_site_name":"Sapori Nostri","article_publisher":"https:\/\/www.facebook.com\/saporinostri.it\/","article_modified_time":"2026-04-28T20:06:28+00:00","og_image":[{"width":1500,"height":1500,"url":"https:\/\/www.saporinostri.it\/wp-content\/uploads\/2020\/08\/farina-nuvola-caputo-5-kg-front.jpg","type":"image\/jpeg"}],"twitter_card":"summary_large_image","twitter_misc":{"Preis":"&euro;8,95","Verf\u00fcgbarkeit":"Auf Lager"},"schema":{"@context":"https:\/\/schema.org","@graph":[{"@type":"WebPage","@id":"https:\/\/www.saporinostri.it\/farina-nuvola-caputo-5-kg\/","url":"https:\/\/www.saporinostri.it\/farina-nuvola-caputo-5-kg\/","name":"Nuvola Caputo Mehl 5 Kg - Unsere Geschmacksrichtungen","isPartOf":{"@id":"https:\/\/www.saporinostri.it\/#website"},"primaryImageOfPage":{"@id":"https:\/\/www.saporinostri.it\/farina-nuvola-caputo-5-kg\/#primaryimage"},"image":{"@id":"https:\/\/www.saporinostri.it\/farina-nuvola-caputo-5-kg\/#primaryimage"},"thumbnailUrl":"https:\/\/www.saporinostri.it\/wp-content\/uploads\/2020\/08\/farina-nuvola-caputo-5-kg-front.jpg","datePublished":"2020-08-06T14:20:26+00:00","dateModified":"2026-04-28T20:06:28+00:00","description":"Nuvola Caputo Mehl, ideal f\u00fcr leichte Teige mit gro\u00dfen Alveolen, sorgf\u00e4ltige Auswahl nat\u00fcrlicher 100% Rohstoffe ohne Konservierungsstoffe","breadcrumb":{"@id":"https:\/\/www.saporinostri.it\/farina-nuvola-caputo-5-kg\/#breadcrumb"},"inLanguage":"de","potentialAction":[{"@type":"ReadAction","target":["https:\/\/www.saporinostri.it\/farina-nuvola-caputo-5-kg\/"]}]},{"@type":"ImageObject","inLanguage":"de","@id":"https:\/\/www.saporinostri.it\/farina-nuvola-caputo-5-kg\/#primaryimage","url":"https:\/\/www.saporinostri.it\/wp-content\/uploads\/2020\/08\/farina-nuvola-caputo-5-kg-front.jpg","contentUrl":"https:\/\/www.saporinostri.it\/wp-content\/uploads\/2020\/08\/farina-nuvola-caputo-5-kg-front.jpg","width":1500,"height":1500,"caption":"Farina Nuvola Caputo 5 Kg"},{"@type":"BreadcrumbList","@id":"https:\/\/www.saporinostri.it\/farina-nuvola-caputo-5-kg\/#breadcrumb","itemListElement":[{"@type":"ListItem","position":1,"name":"Home","item":"https:\/\/www.saporinostri.it\/"},{"@type":"ListItem","position":2,"name":"Shop","item":"https:\/\/www.saporinostri.it\/fr\/shop\/"},{"@type":"ListItem","position":3,"name":"Farina Nuvola Caputo 5 Kg"}]},{"@type":"WebSite","@id":"https:\/\/www.saporinostri.it\/#website","url":"https:\/\/www.saporinostri.it\/","name":"Sapori Nostri","description":"","publisher":{"@id":"https:\/\/www.saporinostri.it\/#organization"},"potentialAction":[{"@type":"SearchAction","target":{"@type":"EntryPoint","urlTemplate":"https:\/\/www.saporinostri.it\/?s={search_term_string}"},"query-input":{"@type":"PropertyValueSpecification","valueRequired":true,"valueName":"search_term_string"}}],"inLanguage":"de"},{"@type":"Organization","@id":"https:\/\/www.saporinostri.it\/#organization","name":"Sapori Nostri","url":"https:\/\/www.saporinostri.it\/","logo":{"@type":"ImageObject","inLanguage":"de","@id":"https:\/\/www.saporinostri.it\/#\/schema\/logo\/image\/","url":"https:\/\/www.saporinostri.it\/wp-content\/uploads\/2020\/05\/logo-retina.png","contentUrl":"https:\/\/www.saporinostri.it\/wp-content\/uploads\/2020\/05\/logo-retina.png","width":500,"height":109,"caption":"Sapori Nostri"},"image":{"@id":"https:\/\/www.saporinostri.it\/#\/schema\/logo\/image\/"},"sameAs":["https:\/\/www.facebook.com\/saporinostri.it\/","https:\/\/www.instagram.com\/saporinostri.it\/"]}]}},"jetpack_sharing_enabled":true,"brands":[{"id":110,"name":"Mulino Caputo","slug":"mulino-caputo"}],"_links":{"self":[{"href":"https:\/\/www.saporinostri.it\/de\/wp-json\/wp\/v2\/product\/2777","targetHints":{"allow":["GET"]}}],"collection":[{"href":"https:\/\/www.saporinostri.it\/de\/wp-json\/wp\/v2\/product"}],"about":[{"href":"https:\/\/www.saporinostri.it\/de\/wp-json\/wp\/v2\/types\/product"}],"replies":[{"embeddable":true,"href":"https:\/\/www.saporinostri.it\/de\/wp-json\/wp\/v2\/comments?post=2777"}],"wp:featuredmedia":[{"embeddable":true,"href":"https:\/\/www.saporinostri.it\/de\/wp-json\/wp\/v2\/media\/11891"}],"wp:attachment":[{"href":"https:\/\/www.saporinostri.it\/de\/wp-json\/wp\/v2\/media?parent=2777"}],"wp:term":[{"taxonomy":"pwb-brand","embeddable":true,"href":"https:\/\/www.saporinostri.it\/de\/wp-json\/wp\/v2\/pwb-brand?post=2777"},{"taxonomy":"product_brand","embeddable":true,"href":"https:\/\/www.saporinostri.it\/de\/wp-json\/wp\/v2\/product_brand?post=2777"},{"taxonomy":"product_cat","embeddable":true,"href":"https:\/\/www.saporinostri.it\/de\/wp-json\/wp\/v2\/product_cat?post=2777"},{"taxonomy":"product_tag","embeddable":true,"href":"https:\/\/www.saporinostri.it\/de\/wp-json\/wp\/v2\/product_tag?post=2777"}],"curies":[{"name":"wp","href":"https:\/\/api.w.org\/{rel}","templated":true}]}}