{"id":18815,"date":"2022-04-08T11:23:46","date_gmt":"2022-04-08T09:23:46","guid":{"rendered":"https:\/\/woocommerce-587295-4567585.cloudwaysapps.com\/?page_id=18815"},"modified":"2026-01-31T12:47:32","modified_gmt":"2026-01-31T11:47:32","slug":"home-aprile-2022","status":"publish","type":"page","link":"https:\/\/www.saporinostri.it\/fr\/","title":{"rendered":"Accueil novembre 2024"},"content":{"rendered":"\t\t<div data-elementor-type=\"wp-page\" data-elementor-id=\"18815\" class=\"elementor elementor-18815\" data-elementor-post-type=\"page\">\n\t\t\t\t<div class=\"elementor-element elementor-element-17cad17 e-con-full e-flex e-con e-parent\" data-id=\"17cad17\" data-element_type=\"container\" data-e-type=\"container\">\n\t\t\t\t<div class=\"elementor-element elementor-element-3762fd9 elementor--h-position-left elementor-widget__width-initial elementor--v-position-middle elementor-arrows-position-inside elementor-pagination-position-inside elementor-widget elementor-widget-slides\" data-id=\"3762fd9\" data-element_type=\"widget\" data-e-type=\"widget\" data-settings=\"{&quot;navigation&quot;:&quot;both&quot;,&quot;autoplay&quot;:&quot;yes&quot;,&quot;pause_on_hover&quot;:&quot;yes&quot;,&quot;pause_on_interaction&quot;:&quot;yes&quot;,&quot;autoplay_speed&quot;:5000,&quot;infinite&quot;:&quot;yes&quot;,&quot;transition&quot;:&quot;slide&quot;,&quot;transition_speed&quot;:500}\" data-widget_type=\"slides.default\">\n\t\t\t\t<div class=\"elementor-widget-container\">\n\t\t\t\t\t\t\t\t\t<div class=\"elementor-swiper\">\n\t\t\t\t\t<div class=\"elementor-slides-wrapper elementor-main-swiper swiper\" role=\"region\" aria-roledescription=\"carousel\" aria-label=\"Slides\" dir=\"ltr\" data-animation=\"\">\n\t\t\t\t<div class=\"swiper-wrapper elementor-slides\">\n\t\t\t\t\t\t\t\t\t\t<div class=\"elementor-repeater-item-dff827c swiper-slide\" role=\"group\" aria-roledescription=\"slide\"><div class=\"swiper-slide-bg\" role=\"img\" aria-label=\"Mulino Caputo\"><\/div><a class=\"swiper-slide-inner\" href=\"https:\/\/www.saporinostri.it\/fr\/produttore\/mulino-caputo\/\"><div class=\"swiper-slide-contents\"><h2 class=\"elementor-slide-heading\">Farina Mulino Caputo<\/h2><div  class=\"elementor-button elementor-slide-button elementor-size-md\">Scoprile tutte<\/div><\/div><\/a><\/div>\t\t\t\t<\/div>\n\t\t\t\t\t\t\t<\/div>\n\t\t\t\t<\/div>\n\t\t\t\t\t\t\t\t<\/div>\n\t\t\t\t<\/div>\n\t\t<div class=\"elementor-element elementor-element-dd0f757 e-grid e-con-boxed e-con e-child\" data-id=\"dd0f757\" data-element_type=\"container\" data-e-type=\"container\">\n\t\t\t\t\t<div class=\"e-con-inner\">\n\t\t<div class=\"elementor-element elementor-element-489b130 e-con-full e-flex e-con e-child\" data-id=\"489b130\" data-element_type=\"container\" data-e-type=\"container\" data-settings=\"{&quot;background_background&quot;:&quot;classic&quot;}\">\n\t\t\t\t<div class=\"elementor-element elementor-element-38511a6 elementor-widget elementor-widget-heading\" data-id=\"38511a6\" data-element_type=\"widget\" data-e-type=\"widget\" data-widget_type=\"heading.default\">\n\t\t\t\t<div class=\"elementor-widget-container\">\n\t\t\t\t\t<h2 class=\"elementor-heading-title elementor-size-default\">Confezioni Regalo<\/h2>\t\t\t\t<\/div>\n\t\t\t\t<\/div>\n\t\t\t\t<div class=\"elementor-element elementor-element-ef1257a elementor-widget elementor-widget-button\" data-id=\"ef1257a\" data-element_type=\"widget\" data-e-type=\"widget\" data-widget_type=\"button.default\">\n\t\t\t\t<div class=\"elementor-widget-container\">\n\t\t\t\t\t\t\t\t\t<div class=\"elementor-button-wrapper\">\n\t\t\t\t\t<a class=\"elementor-button elementor-button-link elementor-size-sm\" href=\"https:\/\/www.saporinostri.it\/fr\/confezioni-regalo\/\">\n\t\t\t\t\t\t<span class=\"elementor-button-content-wrapper\">\n\t\t\t\t\t\t\t\t\t<span class=\"elementor-button-text\">Acquista ora<\/span>\n\t\t\t\t\t<\/span>\n\t\t\t\t\t<\/a>\n\t\t\t\t<\/div>\n\t\t\t\t\t\t\t\t<\/div>\n\t\t\t\t<\/div>\n\t\t\t\t<\/div>\n\t\t<div class=\"elementor-element elementor-element-654091d e-con-full e-flex e-con e-child\" data-id=\"654091d\" data-element_type=\"container\" data-e-type=\"container\" data-settings=\"{&quot;background_background&quot;:&quot;classic&quot;}\">\n\t\t\t\t<div class=\"elementor-element elementor-element-daaba77 elementor-widget elementor-widget-heading\" data-id=\"daaba77\" data-element_type=\"widget\" data-e-type=\"widget\" data-widget_type=\"heading.default\">\n\t\t\t\t<div class=\"elementor-widget-container\">\n\t\t\t\t\t<h2 class=\"elementor-heading-title elementor-size-default\">Offerte<\/h2>\t\t\t\t<\/div>\n\t\t\t\t<\/div>\n\t\t\t\t<div class=\"elementor-element elementor-element-8f4eea6 elementor-widget elementor-widget-button\" data-id=\"8f4eea6\" data-element_type=\"widget\" data-e-type=\"widget\" data-widget_type=\"button.default\">\n\t\t\t\t<div class=\"elementor-widget-container\">\n\t\t\t\t\t\t\t\t\t<div class=\"elementor-button-wrapper\">\n\t\t\t\t\t<a class=\"elementor-button elementor-button-link elementor-size-sm\" href=\"https:\/\/www.saporinostri.it\/fr\/offerte\/\">\n\t\t\t\t\t\t<span class=\"elementor-button-content-wrapper\">\n\t\t\t\t\t\t\t\t\t<span class=\"elementor-button-text\">Acquista ora<\/span>\n\t\t\t\t\t<\/span>\n\t\t\t\t\t<\/a>\n\t\t\t\t<\/div>\n\t\t\t\t\t\t\t\t<\/div>\n\t\t\t\t<\/div>\n\t\t\t\t<\/div>\n\t\t\t\t\t<\/div>\n\t\t\t\t<\/div>\n\t\t\t\t<\/div>\n\t\t<div class=\"elementor-element elementor-element-31bca42 e-flex e-con-boxed e-con e-parent\" data-id=\"31bca42\" data-element_type=\"container\" data-e-type=\"container\">\n\t\t\t\t\t<div class=\"e-con-inner\">\n\t\t\t\t<div class=\"elementor-element elementor-element-0ce38f6 elementor-grid-6 elementor-grid-tablet-3 elementor-grid-mobile-2 elementor-products-grid elementor-wc-products elementor-widget elementor-widget-woocommerce-products\" data-id=\"0ce38f6\" data-element_type=\"widget\" data-e-type=\"widget\" data-widget_type=\"woocommerce-products.default\">\n\t\t\t\t<div class=\"elementor-widget-container\">\n\t\t\t\t\t<div class=\"woocommerce columns-6 \"><ul class=\"products elementor-grid columns-6\">\n<li class=\"product type-product post-2162 status-publish first instock product_cat-farine has-post-thumbnail sale taxable shipping-taxable purchasable product-type-simple\" style=\"--span: 1;\">\n\t<div class=\"commercekit-wishlist mini\" data-product-id=\"2162\"><a href=\"#\" class=\"commercekit-save-wishlist\" data-product-id=\"2162\" data-type=\"list\" title=\"Wishlist\" aria-label=\"Wishlist\"><em class=\"cg-wishlist\"><\/em><span><\/span><\/a><\/div><a href=\"https:\/\/www.saporinostri.it\/fr\/farina-nuvola-caputo-1-kg\/\" class=\"woocommerce-LoopProduct-link woocommerce-loop-product__link\"><div class=\"woocommerce-image__wrapper\"><a href=\"https:\/\/www.saporinostri.it\/fr\/farina-nuvola-caputo-1-kg\/\" title=\"Farina Nuvola Caputo 1 Kg\" class=\"woocommerce-LoopProduct-link woocommerce-loop-product__link\"><span class=\"sale-item product-label type-circle\">-16%<\/span><div class=\"shoptimizer-plp-carousel-container\"><div class=\"shoptimizer-plp-image-wrapper\"><img fetchpriority=\"high\" decoding=\"async\" width=\"300\" height=\"300\" src=\"https:\/\/www.saporinostri.it\/wp-content\/uploads\/2020\/05\/farina-nuvola-caputo-1-kg-new-front-300x300.jpg\" class=\"attachment-woocommerce_thumbnail size-woocommerce_thumbnail\" alt=\"Farina Nuvola Caputo 1 Kg\" srcset=\"https:\/\/www.saporinostri.it\/wp-content\/uploads\/2020\/05\/farina-nuvola-caputo-1-kg-new-front-300x300.jpg 300w, https:\/\/www.saporinostri.it\/wp-content\/uploads\/2020\/05\/farina-nuvola-caputo-1-kg-new-front-150x150.jpg 150w, https:\/\/www.saporinostri.it\/wp-content\/uploads\/2020\/05\/farina-nuvola-caputo-1-kg-new-front-800x800.jpg 800w, https:\/\/www.saporinostri.it\/wp-content\/uploads\/2020\/05\/farina-nuvola-caputo-1-kg-new-front-1024x1024.jpg 1024w, https:\/\/www.saporinostri.it\/wp-content\/uploads\/2020\/05\/farina-nuvola-caputo-1-kg-new-front-768x768.jpg 768w, https:\/\/www.saporinostri.it\/wp-content\/uploads\/2020\/05\/farina-nuvola-caputo-1-kg-new-front-640x640.jpg 640w, https:\/\/www.saporinostri.it\/wp-content\/uploads\/2020\/05\/farina-nuvola-caputo-1-kg-new-front-400x400.jpg 400w, https:\/\/www.saporinostri.it\/wp-content\/uploads\/2020\/05\/farina-nuvola-caputo-1-kg-new-front-85x85.jpg 85w, https:\/\/www.saporinostri.it\/wp-content\/uploads\/2020\/05\/farina-nuvola-caputo-1-kg-new-front-32x32.jpg 32w, https:\/\/www.saporinostri.it\/wp-content\/uploads\/2020\/05\/farina-nuvola-caputo-1-kg-new-front.jpg 1500w\" sizes=\"(max-width: 360px) 147px, (max-width: 300px) 100vw, 300px\" \/>\t\t\t\n\t<\/div><\/div><\/a><\/div><div class=\"woocommerce-card__header\">\t\t\t\t\t<p class=\"product__categories\"><a href=\"https:\/\/www.saporinostri.it\/fr\/farine\/\" rel=\"tag\">Farine<\/a><\/p>\t\t\t\t<div class=\"woocommerce-loop-product__title\"><a tabindex=\"0\" href=\"https:\/\/www.saporinostri.it\/fr\/farina-nuvola-caputo-1-kg\/\" aria-label=\"Farina Nuvola Caputo 1 Kg\" class=\"woocommerce-LoopProduct-link woocommerce-loop-product__link\">Farina Nuvola Caputo 1 Kg<\/a><\/div><div class=\"star-rating\" role=\"img\" aria-label=\"Note 4.95 sur 5\"><span style=\"width:99%\">Note <strong class=\"rating\">4.95<\/strong> sur 5<\/span><\/div>\n\t<span class=\"price\"><del aria-hidden=\"true\"><span class=\"woocommerce-Price-amount amount\"><bdi><span class=\"woocommerce-Price-currencySymbol\">&euro;<\/span>3,15<\/bdi><\/span><\/del> <span class=\"screen-reader-text\">Le prix initial \u00e9tait\u00a0: &euro;3,15.<\/span><ins aria-hidden=\"true\"><span class=\"woocommerce-Price-amount amount\"><bdi><span class=\"woocommerce-Price-currencySymbol\">&euro;<\/span>2,64<\/bdi><\/span><\/ins><span class=\"screen-reader-text\">Le prix actuel est\u00a0: &euro;2,64.<\/span><\/span>\n<\/a><div class=\"woocommerce-loop-product__buttons\"><a href=\"\/fr\/wp-json\/wp\/v2\/pages\/18815?add-to-cart=2162\" aria-describedby=\"woocommerce_loop_add_to_cart_link_describedby_2162\" data-quantity=\"1\" class=\"button product_type_simple add_to_cart_button ajax_add_to_cart\" data-product_id=\"2162\" data-product_sku=\"8014601012456\" aria-label=\"Ajouter au panier\u00a0: &ldquo;Farina Nuvola Caputo 1 Kg&rdquo;\" rel=\"nofollow\" data-success_message=\"\u00ab\u00a0Farina Nuvola Caputo 1 Kg\u00a0\u00bb a \u00e9t\u00e9 ajout\u00e9 \u00e0 votre panier\" role=\"button\">Ajouter au panier<\/a><\/div>\t<span id=\"woocommerce_loop_add_to_cart_link_describedby_2162\" class=\"screen-reader-text\">\n\t\t\t<\/span>\n\t\t\t<input type=\"hidden\" class=\"pmwProductId\" data-id=\"2162\">\n\t\t\t\t\t<script>\n\t\t\t(window.pmwDataLayer = window.pmwDataLayer || {}).products                = window.pmwDataLayer.products || {};\n\t\t\twindow.pmwDataLayer.products[2162] = {\"id\":\"2162\",\"sku\":\"8014601012456\",\"price\":2.64,\"brand\":\"\",\"quantity\":1,\"dyn_r_ids\":{\"post_id\":\"2162\",\"sku\":\"8014601012456\",\"gpf\":\"woocommerce_gpf_2162\",\"gla\":\"gla_2162\"},\"is_variable\":false,\"type\":\"simple\",\"name\":\"Farina Nuvola Caputo 1 Kg\",\"category\":[\"Farine\"],\"is_variation\":false};\n\t\t\t\t\twindow.pmw_product_position = window.pmw_product_position || 1;\n\t\twindow.pmwDataLayer.products[2162]['position'] = window.pmw_product_position++;\n\t\t\t\t<\/script>\n\t\t<\/div><\/li>\n<li class=\"product type-product post-2168 status-publish instock product_cat-farine has-post-thumbnail sale taxable shipping-taxable purchasable product-type-simple\" style=\"--span: 1;\">\n\t<div class=\"commercekit-wishlist mini\" data-product-id=\"2168\"><a href=\"#\" class=\"commercekit-save-wishlist\" data-product-id=\"2168\" data-type=\"list\" title=\"Wishlist\" aria-label=\"Wishlist\"><em class=\"cg-wishlist\"><\/em><span><\/span><\/a><\/div><a href=\"https:\/\/www.saporinostri.it\/fr\/farina-pizzeria-caputo-1-kg\/\" class=\"woocommerce-LoopProduct-link woocommerce-loop-product__link\"><div class=\"woocommerce-image__wrapper\"><a href=\"https:\/\/www.saporinostri.it\/fr\/farina-pizzeria-caputo-1-kg\/\" title=\"Farina Pizzeria Caputo 1 Kg\" class=\"woocommerce-LoopProduct-link woocommerce-loop-product__link\"><span class=\"sale-item product-label type-circle\">-22%<\/span><div class=\"shoptimizer-plp-carousel-container\"><div class=\"shoptimizer-plp-image-wrapper\"><img decoding=\"async\" width=\"300\" height=\"300\" data-src=\"https:\/\/www.saporinostri.it\/wp-content\/uploads\/2021\/06\/farina-pizzeria-caputo-1-kg-nuova-front-300x300.jpg\" class=\"attachment-woocommerce_thumbnail size-woocommerce_thumbnail lazyload\" alt=\"Farina Pizzeria Caputo 1 Kg\" data-srcset=\"https:\/\/www.saporinostri.it\/wp-content\/uploads\/2021\/06\/farina-pizzeria-caputo-1-kg-nuova-front-300x300.jpg 300w, https:\/\/www.saporinostri.it\/wp-content\/uploads\/2021\/06\/farina-pizzeria-caputo-1-kg-nuova-front-150x150.jpg 150w, https:\/\/www.saporinostri.it\/wp-content\/uploads\/2021\/06\/farina-pizzeria-caputo-1-kg-nuova-front-800x800.jpg 800w, https:\/\/www.saporinostri.it\/wp-content\/uploads\/2021\/06\/farina-pizzeria-caputo-1-kg-nuova-front-1024x1024.jpg 1024w, https:\/\/www.saporinostri.it\/wp-content\/uploads\/2021\/06\/farina-pizzeria-caputo-1-kg-nuova-front-768x768.jpg 768w, https:\/\/www.saporinostri.it\/wp-content\/uploads\/2021\/06\/farina-pizzeria-caputo-1-kg-nuova-front.jpg 1500w\" data-sizes=\"(max-width: 360px) 147px, (max-width: 300px) 100vw, 300px\" src=\"data:image\/gif;base64,R0lGODlhAQABAAAAACH5BAEKAAEALAAAAAABAAEAAAICTAEAOw==\" style=\"--smush-placeholder-width: 300px; --smush-placeholder-aspect-ratio: 300\/300;\" \/><noscript><img decoding=\"async\" width=\"300\" height=\"300\" src=\"https:\/\/www.saporinostri.it\/wp-content\/uploads\/2021\/06\/farina-pizzeria-caputo-1-kg-nuova-front-300x300.jpg\" class=\"attachment-woocommerce_thumbnail size-woocommerce_thumbnail\" alt=\"Farina Pizzeria Caputo 1 Kg\" srcset=\"https:\/\/www.saporinostri.it\/wp-content\/uploads\/2021\/06\/farina-pizzeria-caputo-1-kg-nuova-front-300x300.jpg 300w, https:\/\/www.saporinostri.it\/wp-content\/uploads\/2021\/06\/farina-pizzeria-caputo-1-kg-nuova-front-150x150.jpg 150w, https:\/\/www.saporinostri.it\/wp-content\/uploads\/2021\/06\/farina-pizzeria-caputo-1-kg-nuova-front-800x800.jpg 800w, https:\/\/www.saporinostri.it\/wp-content\/uploads\/2021\/06\/farina-pizzeria-caputo-1-kg-nuova-front-1024x1024.jpg 1024w, https:\/\/www.saporinostri.it\/wp-content\/uploads\/2021\/06\/farina-pizzeria-caputo-1-kg-nuova-front-768x768.jpg 768w, https:\/\/www.saporinostri.it\/wp-content\/uploads\/2021\/06\/farina-pizzeria-caputo-1-kg-nuova-front.jpg 1500w\" sizes=\"(max-width: 360px) 147px, (max-width: 300px) 100vw, 300px\" \/><\/noscript>\t\t\t\n\t<\/div><\/div><\/a><\/div><div class=\"woocommerce-card__header\">\t\t\t\t\t<p class=\"product__categories\"><a href=\"https:\/\/www.saporinostri.it\/fr\/farine\/\" rel=\"tag\">Farine<\/a><\/p>\t\t\t\t<div class=\"woocommerce-loop-product__title\"><a tabindex=\"0\" href=\"https:\/\/www.saporinostri.it\/fr\/farina-pizzeria-caputo-1-kg\/\" aria-label=\"Farina Pizzeria Caputo 1 Kg\" class=\"woocommerce-LoopProduct-link woocommerce-loop-product__link\">Farina Pizzeria Caputo 1 Kg<\/a><\/div><div class=\"star-rating\" role=\"img\" aria-label=\"Note 4.93 sur 5\"><span style=\"width:98.6%\">Note <strong class=\"rating\">4.93<\/strong> sur 5<\/span><\/div>\n\t<span class=\"price\"><del aria-hidden=\"true\"><span class=\"woocommerce-Price-amount amount\"><bdi><span class=\"woocommerce-Price-currencySymbol\">&euro;<\/span>2,10<\/bdi><\/span><\/del> <span class=\"screen-reader-text\">Le prix initial \u00e9tait\u00a0: &euro;2,10.<\/span><ins aria-hidden=\"true\"><span class=\"woocommerce-Price-amount amount\"><bdi><span class=\"woocommerce-Price-currencySymbol\">&euro;<\/span>1,64<\/bdi><\/span><\/ins><span class=\"screen-reader-text\">Le prix actuel est\u00a0: &euro;1,64.<\/span><\/span>\n<\/a><div class=\"woocommerce-loop-product__buttons\"><a href=\"\/fr\/wp-json\/wp\/v2\/pages\/18815?add-to-cart=2168\" aria-describedby=\"woocommerce_loop_add_to_cart_link_describedby_2168\" data-quantity=\"1\" class=\"button product_type_simple add_to_cart_button ajax_add_to_cart\" data-product_id=\"2168\" data-product_sku=\"8014601036100\" aria-label=\"Ajouter au panier\u00a0: &ldquo;Farina Pizzeria Caputo 1 Kg&rdquo;\" rel=\"nofollow\" data-success_message=\"\u00ab\u00a0Farina Pizzeria Caputo 1 Kg\u00a0\u00bb a \u00e9t\u00e9 ajout\u00e9 \u00e0 votre panier\" role=\"button\">Ajouter au panier<\/a><\/div>\t<span id=\"woocommerce_loop_add_to_cart_link_describedby_2168\" class=\"screen-reader-text\">\n\t\t\t<\/span>\n\t\t\t<input type=\"hidden\" class=\"pmwProductId\" data-id=\"2168\">\n\t\t\t\t\t<script>\n\t\t\t(window.pmwDataLayer = window.pmwDataLayer || {}).products                = window.pmwDataLayer.products || {};\n\t\t\twindow.pmwDataLayer.products[2168] = {\"id\":\"2168\",\"sku\":\"8014601036100\",\"price\":1.64,\"brand\":\"\",\"quantity\":1,\"dyn_r_ids\":{\"post_id\":\"2168\",\"sku\":\"8014601036100\",\"gpf\":\"woocommerce_gpf_2168\",\"gla\":\"gla_2168\"},\"is_variable\":false,\"type\":\"simple\",\"name\":\"Farina Pizzeria Caputo 1 Kg\",\"category\":[\"Farine\"],\"is_variation\":false};\n\t\t\t\t\twindow.pmw_product_position = window.pmw_product_position || 1;\n\t\twindow.pmwDataLayer.products[2168]['position'] = window.pmw_product_position++;\n\t\t\t\t<\/script>\n\t\t<\/div><\/li>\n<li class=\"product type-product post-2203 status-publish instock product_cat-lieviti has-post-thumbnail sale taxable shipping-taxable purchasable product-type-simple\" style=\"--span: 1;\">\n\t<div class=\"commercekit-wishlist mini\" data-product-id=\"2203\"><a href=\"#\" class=\"commercekit-save-wishlist\" data-product-id=\"2203\" data-type=\"list\" title=\"Wishlist\" aria-label=\"Wishlist\"><em class=\"cg-wishlist\"><\/em><span><\/span><\/a><\/div><a href=\"https:\/\/www.saporinostri.it\/fr\/lievito-secco-caputo\/\" class=\"woocommerce-LoopProduct-link woocommerce-loop-product__link\"><div class=\"woocommerce-image__wrapper\"><a href=\"https:\/\/www.saporinostri.it\/fr\/lievito-secco-caputo\/\" title=\"Lievito Secco Caputo\" class=\"woocommerce-LoopProduct-link woocommerce-loop-product__link\"><span class=\"sale-item product-label type-circle\">-21%<\/span><div class=\"shoptimizer-plp-carousel-container\"><div class=\"shoptimizer-plp-image-wrapper\"><img decoding=\"async\" width=\"300\" height=\"300\" data-src=\"https:\/\/www.saporinostri.it\/wp-content\/uploads\/2020\/05\/lievito-secco-caputo-100-g-front-300x300.jpg\" class=\"attachment-woocommerce_thumbnail size-woocommerce_thumbnail lazyload\" alt=\"Lievito Secco Caputo\" data-srcset=\"https:\/\/www.saporinostri.it\/wp-content\/uploads\/2020\/05\/lievito-secco-caputo-100-g-front-300x300.jpg 300w, https:\/\/www.saporinostri.it\/wp-content\/uploads\/2020\/05\/lievito-secco-caputo-100-g-front-150x150.jpg 150w, https:\/\/www.saporinostri.it\/wp-content\/uploads\/2020\/05\/lievito-secco-caputo-100-g-front-800x800.jpg 800w, https:\/\/www.saporinostri.it\/wp-content\/uploads\/2020\/05\/lievito-secco-caputo-100-g-front-1024x1024.jpg 1024w, https:\/\/www.saporinostri.it\/wp-content\/uploads\/2020\/05\/lievito-secco-caputo-100-g-front-768x768.jpg 768w, https:\/\/www.saporinostri.it\/wp-content\/uploads\/2020\/05\/lievito-secco-caputo-100-g-front-400x400.jpg 400w, https:\/\/www.saporinostri.it\/wp-content\/uploads\/2020\/05\/lievito-secco-caputo-100-g-front-640x640.jpg 640w, https:\/\/www.saporinostri.it\/wp-content\/uploads\/2020\/05\/lievito-secco-caputo-100-g-front-85x85.jpg 85w, https:\/\/www.saporinostri.it\/wp-content\/uploads\/2020\/05\/lievito-secco-caputo-100-g-front-32x32.jpg 32w, https:\/\/www.saporinostri.it\/wp-content\/uploads\/2020\/05\/lievito-secco-caputo-100-g-front.jpg 1100w\" data-sizes=\"(max-width: 360px) 147px, (max-width: 300px) 100vw, 300px\" src=\"data:image\/gif;base64,R0lGODlhAQABAAAAACH5BAEKAAEALAAAAAABAAEAAAICTAEAOw==\" style=\"--smush-placeholder-width: 300px; --smush-placeholder-aspect-ratio: 300\/300;\" \/><noscript><img decoding=\"async\" width=\"300\" height=\"300\" src=\"https:\/\/www.saporinostri.it\/wp-content\/uploads\/2020\/05\/lievito-secco-caputo-100-g-front-300x300.jpg\" class=\"attachment-woocommerce_thumbnail size-woocommerce_thumbnail\" alt=\"Lievito Secco Caputo\" srcset=\"https:\/\/www.saporinostri.it\/wp-content\/uploads\/2020\/05\/lievito-secco-caputo-100-g-front-300x300.jpg 300w, https:\/\/www.saporinostri.it\/wp-content\/uploads\/2020\/05\/lievito-secco-caputo-100-g-front-150x150.jpg 150w, https:\/\/www.saporinostri.it\/wp-content\/uploads\/2020\/05\/lievito-secco-caputo-100-g-front-800x800.jpg 800w, https:\/\/www.saporinostri.it\/wp-content\/uploads\/2020\/05\/lievito-secco-caputo-100-g-front-1024x1024.jpg 1024w, https:\/\/www.saporinostri.it\/wp-content\/uploads\/2020\/05\/lievito-secco-caputo-100-g-front-768x768.jpg 768w, https:\/\/www.saporinostri.it\/wp-content\/uploads\/2020\/05\/lievito-secco-caputo-100-g-front-400x400.jpg 400w, https:\/\/www.saporinostri.it\/wp-content\/uploads\/2020\/05\/lievito-secco-caputo-100-g-front-640x640.jpg 640w, https:\/\/www.saporinostri.it\/wp-content\/uploads\/2020\/05\/lievito-secco-caputo-100-g-front-85x85.jpg 85w, https:\/\/www.saporinostri.it\/wp-content\/uploads\/2020\/05\/lievito-secco-caputo-100-g-front-32x32.jpg 32w, https:\/\/www.saporinostri.it\/wp-content\/uploads\/2020\/05\/lievito-secco-caputo-100-g-front.jpg 1100w\" sizes=\"(max-width: 360px) 147px, (max-width: 300px) 100vw, 300px\" \/><\/noscript>\t\t\t\n\t<\/div><\/div><\/a><\/div><div class=\"woocommerce-card__header\">\t\t\t\t\t<p class=\"product__categories\"><a href=\"https:\/\/www.saporinostri.it\/fr\/lieviti\/\" rel=\"tag\">Lieviti<\/a><\/p>\t\t\t\t<div class=\"woocommerce-loop-product__title\"><a tabindex=\"0\" href=\"https:\/\/www.saporinostri.it\/fr\/lievito-secco-caputo\/\" aria-label=\"Lievito Secco Caputo\" class=\"woocommerce-LoopProduct-link woocommerce-loop-product__link\">Lievito Secco Caputo<\/a><\/div><div class=\"star-rating\" role=\"img\" aria-label=\"Note 4.89 sur 5\"><span style=\"width:97.8%\">Note <strong class=\"rating\">4.89<\/strong> sur 5<\/span><\/div>\n\t<span class=\"price\"><del aria-hidden=\"true\"><span class=\"woocommerce-Price-amount amount\"><bdi><span class=\"woocommerce-Price-currencySymbol\">&euro;<\/span>3,79<\/bdi><\/span><\/del> <span class=\"screen-reader-text\">Le prix initial \u00e9tait\u00a0: &euro;3,79.<\/span><ins aria-hidden=\"true\"><span class=\"woocommerce-Price-amount amount\"><bdi><span class=\"woocommerce-Price-currencySymbol\">&euro;<\/span>2,99<\/bdi><\/span><\/ins><span class=\"screen-reader-text\">Le prix actuel est\u00a0: &euro;2,99.<\/span><\/span>\n<\/a><div class=\"woocommerce-loop-product__buttons\"><a href=\"\/fr\/wp-json\/wp\/v2\/pages\/18815?add-to-cart=2203\" aria-describedby=\"woocommerce_loop_add_to_cart_link_describedby_2203\" data-quantity=\"1\" class=\"button product_type_simple add_to_cart_button ajax_add_to_cart\" data-product_id=\"2203\" data-product_sku=\"8014601100016\" aria-label=\"Ajouter au panier\u00a0: &ldquo;Lievito Secco Caputo&rdquo;\" rel=\"nofollow\" data-success_message=\"\u00ab\u00a0Lievito Secco Caputo\u00a0\u00bb a \u00e9t\u00e9 ajout\u00e9 \u00e0 votre panier\" role=\"button\">Ajouter au panier<\/a><\/div>\t<span id=\"woocommerce_loop_add_to_cart_link_describedby_2203\" class=\"screen-reader-text\">\n\t\t\t<\/span>\n\t\t\t<input type=\"hidden\" class=\"pmwProductId\" data-id=\"2203\">\n\t\t\t\t\t<script>\n\t\t\t(window.pmwDataLayer = window.pmwDataLayer || {}).products                = window.pmwDataLayer.products || {};\n\t\t\twindow.pmwDataLayer.products[2203] = {\"id\":\"2203\",\"sku\":\"8014601100016\",\"price\":2.99,\"brand\":\"\",\"quantity\":1,\"dyn_r_ids\":{\"post_id\":\"2203\",\"sku\":\"8014601100016\",\"gpf\":\"woocommerce_gpf_2203\",\"gla\":\"gla_2203\"},\"is_variable\":false,\"type\":\"simple\",\"name\":\"Lievito Secco Caputo\",\"category\":[\"Lieviti\"],\"is_variation\":false};\n\t\t\t\t\twindow.pmw_product_position = window.pmw_product_position || 1;\n\t\twindow.pmwDataLayer.products[2203]['position'] = window.pmw_product_position++;\n\t\t\t\t<\/script>\n\t\t<\/div><\/li>\n<li class=\"product type-product post-2174 status-publish instock product_cat-farine has-post-thumbnail sale taxable shipping-taxable purchasable product-type-simple\" style=\"--span: 1;\">\n\t<div class=\"commercekit-wishlist mini\" data-product-id=\"2174\"><a href=\"#\" class=\"commercekit-save-wishlist\" data-product-id=\"2174\" data-type=\"list\" title=\"Wishlist\" aria-label=\"Wishlist\"><em class=\"cg-wishlist\"><\/em><span><\/span><\/a><\/div><a href=\"https:\/\/www.saporinostri.it\/fr\/farina-pasticceria-caputo-1-kg\/\" class=\"woocommerce-LoopProduct-link woocommerce-loop-product__link\"><div class=\"woocommerce-image__wrapper\"><a href=\"https:\/\/www.saporinostri.it\/fr\/farina-pasticceria-caputo-1-kg\/\" title=\"Farina Pasticceria Caputo 1 Kg\" class=\"woocommerce-LoopProduct-link woocommerce-loop-product__link\"><span class=\"sale-item product-label type-circle\">-15%<\/span><div class=\"shoptimizer-plp-carousel-container\"><div class=\"shoptimizer-plp-image-wrapper\"><img decoding=\"async\" width=\"300\" height=\"300\" data-src=\"https:\/\/www.saporinostri.it\/wp-content\/uploads\/2020\/05\/farina-pasticceria-caputo-1-kg-nuova-front-300x300.jpg\" class=\"attachment-woocommerce_thumbnail size-woocommerce_thumbnail lazyload\" alt=\"Farina Pasticceria Caputo 1 Kg\" data-srcset=\"https:\/\/www.saporinostri.it\/wp-content\/uploads\/2020\/05\/farina-pasticceria-caputo-1-kg-nuova-front-300x300.jpg 300w, https:\/\/www.saporinostri.it\/wp-content\/uploads\/2020\/05\/farina-pasticceria-caputo-1-kg-nuova-front-150x150.jpg 150w, https:\/\/www.saporinostri.it\/wp-content\/uploads\/2020\/05\/farina-pasticceria-caputo-1-kg-nuova-front-800x800.jpg 800w, https:\/\/www.saporinostri.it\/wp-content\/uploads\/2020\/05\/farina-pasticceria-caputo-1-kg-nuova-front-1024x1024.jpg 1024w, https:\/\/www.saporinostri.it\/wp-content\/uploads\/2020\/05\/farina-pasticceria-caputo-1-kg-nuova-front-768x768.jpg 768w, https:\/\/www.saporinostri.it\/wp-content\/uploads\/2020\/05\/farina-pasticceria-caputo-1-kg-nuova-front.jpg 1500w\" data-sizes=\"(max-width: 360px) 147px, (max-width: 300px) 100vw, 300px\" src=\"data:image\/gif;base64,R0lGODlhAQABAAAAACH5BAEKAAEALAAAAAABAAEAAAICTAEAOw==\" style=\"--smush-placeholder-width: 300px; --smush-placeholder-aspect-ratio: 300\/300;\" \/><noscript><img loading=\"lazy\" decoding=\"async\" width=\"300\" height=\"300\" src=\"https:\/\/www.saporinostri.it\/wp-content\/uploads\/2020\/05\/farina-pasticceria-caputo-1-kg-nuova-front-300x300.jpg\" class=\"attachment-woocommerce_thumbnail size-woocommerce_thumbnail\" alt=\"Farina Pasticceria Caputo 1 Kg\" srcset=\"https:\/\/www.saporinostri.it\/wp-content\/uploads\/2020\/05\/farina-pasticceria-caputo-1-kg-nuova-front-300x300.jpg 300w, https:\/\/www.saporinostri.it\/wp-content\/uploads\/2020\/05\/farina-pasticceria-caputo-1-kg-nuova-front-150x150.jpg 150w, https:\/\/www.saporinostri.it\/wp-content\/uploads\/2020\/05\/farina-pasticceria-caputo-1-kg-nuova-front-800x800.jpg 800w, https:\/\/www.saporinostri.it\/wp-content\/uploads\/2020\/05\/farina-pasticceria-caputo-1-kg-nuova-front-1024x1024.jpg 1024w, https:\/\/www.saporinostri.it\/wp-content\/uploads\/2020\/05\/farina-pasticceria-caputo-1-kg-nuova-front-768x768.jpg 768w, https:\/\/www.saporinostri.it\/wp-content\/uploads\/2020\/05\/farina-pasticceria-caputo-1-kg-nuova-front.jpg 1500w\" sizes=\"(max-width: 360px) 147px, (max-width: 300px) 100vw, 300px\" \/><\/noscript>\t\t\t\n\t<\/div><\/div><\/a><\/div><div class=\"woocommerce-card__header\">\t\t\t\t\t<p class=\"product__categories\"><a href=\"https:\/\/www.saporinostri.it\/fr\/farine\/\" rel=\"tag\">Farine<\/a><\/p>\t\t\t\t<div class=\"woocommerce-loop-product__title\"><a tabindex=\"0\" href=\"https:\/\/www.saporinostri.it\/fr\/farina-pasticceria-caputo-1-kg\/\" aria-label=\"Farina Pasticceria Caputo 1 Kg\" class=\"woocommerce-LoopProduct-link woocommerce-loop-product__link\">Farina Pasticceria Caputo 1 Kg<\/a><\/div><div class=\"star-rating\" role=\"img\" aria-label=\"Note 4.89 sur 5\"><span style=\"width:97.8%\">Note <strong class=\"rating\">4.89<\/strong> sur 5<\/span><\/div>\n\t<span class=\"price\"><del aria-hidden=\"true\"><span class=\"woocommerce-Price-amount amount\"><bdi><span class=\"woocommerce-Price-currencySymbol\">&euro;<\/span>2,35<\/bdi><\/span><\/del> <span class=\"screen-reader-text\">Le prix initial \u00e9tait\u00a0: &euro;2,35.<\/span><ins aria-hidden=\"true\"><span class=\"woocommerce-Price-amount amount\"><bdi><span class=\"woocommerce-Price-currencySymbol\">&euro;<\/span>1,99<\/bdi><\/span><\/ins><span class=\"screen-reader-text\">Le prix actuel est\u00a0: &euro;1,99.<\/span><\/span>\n<\/a><div class=\"woocommerce-loop-product__buttons\"><a href=\"\/fr\/wp-json\/wp\/v2\/pages\/18815?add-to-cart=2174\" aria-describedby=\"woocommerce_loop_add_to_cart_link_describedby_2174\" data-quantity=\"1\" class=\"button product_type_simple add_to_cart_button ajax_add_to_cart\" data-product_id=\"2174\" data-product_sku=\"8014601011565\" aria-label=\"Ajouter au panier\u00a0: &ldquo;Farina Pasticceria Caputo 1 Kg&rdquo;\" rel=\"nofollow\" data-success_message=\"\u00ab\u00a0Farina Pasticceria Caputo 1 Kg\u00a0\u00bb a \u00e9t\u00e9 ajout\u00e9 \u00e0 votre panier\" role=\"button\">Ajouter au panier<\/a><\/div>\t<span id=\"woocommerce_loop_add_to_cart_link_describedby_2174\" class=\"screen-reader-text\">\n\t\t\t<\/span>\n\t\t\t<input type=\"hidden\" class=\"pmwProductId\" data-id=\"2174\">\n\t\t\t\t\t<script>\n\t\t\t(window.pmwDataLayer = window.pmwDataLayer || {}).products                = window.pmwDataLayer.products || {};\n\t\t\twindow.pmwDataLayer.products[2174] = {\"id\":\"2174\",\"sku\":\"8014601011565\",\"price\":1.99,\"brand\":\"\",\"quantity\":1,\"dyn_r_ids\":{\"post_id\":\"2174\",\"sku\":\"8014601011565\",\"gpf\":\"woocommerce_gpf_2174\",\"gla\":\"gla_2174\"},\"is_variable\":false,\"type\":\"simple\",\"name\":\"Farina Pasticceria Caputo 1 Kg\",\"category\":[\"Farine\"],\"is_variation\":false};\n\t\t\t\t\twindow.pmw_product_position = window.pmw_product_position || 1;\n\t\twindow.pmwDataLayer.products[2174]['position'] = window.pmw_product_position++;\n\t\t\t\t<\/script>\n\t\t<\/div><\/li>\n<li class=\"product type-product post-2777 status-publish instock product_cat-farine has-post-thumbnail sale taxable shipping-taxable purchasable product-type-simple\" style=\"--span: 1;\">\n\t<div class=\"commercekit-wishlist mini\" data-product-id=\"2777\"><a href=\"#\" class=\"commercekit-save-wishlist\" data-product-id=\"2777\" data-type=\"list\" title=\"Wishlist\" aria-label=\"Wishlist\"><em class=\"cg-wishlist\"><\/em><span><\/span><\/a><\/div><a href=\"https:\/\/www.saporinostri.it\/fr\/farina-nuvola-caputo-5-kg\/\" class=\"woocommerce-LoopProduct-link woocommerce-loop-product__link\"><div class=\"woocommerce-image__wrapper\"><a href=\"https:\/\/www.saporinostri.it\/fr\/farina-nuvola-caputo-5-kg\/\" title=\"Farina Nuvola Caputo 5 Kg\" class=\"woocommerce-LoopProduct-link woocommerce-loop-product__link\"><span class=\"sale-item product-label type-circle\">-31%<\/span><div class=\"shoptimizer-plp-carousel-container\"><div class=\"shoptimizer-plp-image-wrapper\"><img decoding=\"async\" width=\"300\" height=\"300\" data-src=\"https:\/\/www.saporinostri.it\/wp-content\/uploads\/2020\/08\/farina-nuvola-caputo-5-kg-front-300x300.jpg\" class=\"attachment-woocommerce_thumbnail size-woocommerce_thumbnail lazyload\" alt=\"Farina Nuvola Caputo 5 Kg\" data-srcset=\"https:\/\/www.saporinostri.it\/wp-content\/uploads\/2020\/08\/farina-nuvola-caputo-5-kg-front-300x300.jpg 300w, https:\/\/www.saporinostri.it\/wp-content\/uploads\/2020\/08\/farina-nuvola-caputo-5-kg-front-150x150.jpg 150w, https:\/\/www.saporinostri.it\/wp-content\/uploads\/2020\/08\/farina-nuvola-caputo-5-kg-front-800x800.jpg 800w, https:\/\/www.saporinostri.it\/wp-content\/uploads\/2020\/08\/farina-nuvola-caputo-5-kg-front-1024x1024.jpg 1024w, https:\/\/www.saporinostri.it\/wp-content\/uploads\/2020\/08\/farina-nuvola-caputo-5-kg-front-768x768.jpg 768w, https:\/\/www.saporinostri.it\/wp-content\/uploads\/2020\/08\/farina-nuvola-caputo-5-kg-front.jpg 1500w\" data-sizes=\"(max-width: 360px) 147px, (max-width: 300px) 100vw, 300px\" src=\"data:image\/gif;base64,R0lGODlhAQABAAAAACH5BAEKAAEALAAAAAABAAEAAAICTAEAOw==\" style=\"--smush-placeholder-width: 300px; --smush-placeholder-aspect-ratio: 300\/300;\" \/><noscript><img loading=\"lazy\" decoding=\"async\" width=\"300\" height=\"300\" src=\"https:\/\/www.saporinostri.it\/wp-content\/uploads\/2020\/08\/farina-nuvola-caputo-5-kg-front-300x300.jpg\" class=\"attachment-woocommerce_thumbnail size-woocommerce_thumbnail\" alt=\"Farina Nuvola Caputo 5 Kg\" srcset=\"https:\/\/www.saporinostri.it\/wp-content\/uploads\/2020\/08\/farina-nuvola-caputo-5-kg-front-300x300.jpg 300w, https:\/\/www.saporinostri.it\/wp-content\/uploads\/2020\/08\/farina-nuvola-caputo-5-kg-front-150x150.jpg 150w, https:\/\/www.saporinostri.it\/wp-content\/uploads\/2020\/08\/farina-nuvola-caputo-5-kg-front-800x800.jpg 800w, https:\/\/www.saporinostri.it\/wp-content\/uploads\/2020\/08\/farina-nuvola-caputo-5-kg-front-1024x1024.jpg 1024w, https:\/\/www.saporinostri.it\/wp-content\/uploads\/2020\/08\/farina-nuvola-caputo-5-kg-front-768x768.jpg 768w, https:\/\/www.saporinostri.it\/wp-content\/uploads\/2020\/08\/farina-nuvola-caputo-5-kg-front.jpg 1500w\" sizes=\"(max-width: 360px) 147px, (max-width: 300px) 100vw, 300px\" \/><\/noscript>\t\t\t\n\t<\/div><\/div><\/a><\/div><div class=\"woocommerce-card__header\">\t\t\t\t\t<p class=\"product__categories\"><a href=\"https:\/\/www.saporinostri.it\/fr\/farine\/\" rel=\"tag\">Farine<\/a><\/p>\t\t\t\t<div class=\"woocommerce-loop-product__title\"><a tabindex=\"0\" href=\"https:\/\/www.saporinostri.it\/fr\/farina-nuvola-caputo-5-kg\/\" aria-label=\"Farina Nuvola Caputo 5 Kg\" class=\"woocommerce-LoopProduct-link woocommerce-loop-product__link\">Farina Nuvola Caputo 5 Kg<\/a><\/div><div class=\"star-rating\" role=\"img\" aria-label=\"Note 4.94 sur 5\"><span style=\"width:98.8%\">Note <strong class=\"rating\">4.94<\/strong> sur 5<\/span><\/div>\n\t<span class=\"price\"><del aria-hidden=\"true\"><span class=\"woocommerce-Price-amount amount\"><bdi><span class=\"woocommerce-Price-currencySymbol\">&euro;<\/span>12,99<\/bdi><\/span><\/del> <span class=\"screen-reader-text\">Le prix initial \u00e9tait\u00a0: &euro;12,99.<\/span><ins aria-hidden=\"true\"><span class=\"woocommerce-Price-amount amount\"><bdi><span class=\"woocommerce-Price-currencySymbol\">&euro;<\/span>8,95<\/bdi><\/span><\/ins><span class=\"screen-reader-text\">Le prix actuel est\u00a0: &euro;8,95.<\/span><\/span>\n<\/a><div class=\"woocommerce-loop-product__buttons\"><a href=\"\/fr\/wp-json\/wp\/v2\/pages\/18815?add-to-cart=2777\" aria-describedby=\"woocommerce_loop_add_to_cart_link_describedby_2777\" data-quantity=\"1\" class=\"button product_type_simple add_to_cart_button ajax_add_to_cart\" data-product_id=\"2777\" data-product_sku=\"8014601052452\" aria-label=\"Ajouter au panier\u00a0: &ldquo;Farina Nuvola Caputo 5 Kg&rdquo;\" rel=\"nofollow\" data-success_message=\"\u00ab\u00a0Farina Nuvola Caputo 5 Kg\u00a0\u00bb a \u00e9t\u00e9 ajout\u00e9 \u00e0 votre panier\" role=\"button\">Ajouter au panier<\/a><\/div>\t<span id=\"woocommerce_loop_add_to_cart_link_describedby_2777\" class=\"screen-reader-text\">\n\t\t\t<\/span>\n\t\t\t<input type=\"hidden\" class=\"pmwProductId\" data-id=\"2777\">\n\t\t\t\t\t<script>\n\t\t\t(window.pmwDataLayer = window.pmwDataLayer || {}).products                = window.pmwDataLayer.products || {};\n\t\t\twindow.pmwDataLayer.products[2777] = {\"id\":\"2777\",\"sku\":\"8014601052452\",\"price\":8.95,\"brand\":\"\",\"quantity\":1,\"dyn_r_ids\":{\"post_id\":\"2777\",\"sku\":\"8014601052452\",\"gpf\":\"woocommerce_gpf_2777\",\"gla\":\"gla_2777\"},\"is_variable\":false,\"type\":\"simple\",\"name\":\"Farina Nuvola Caputo 5 Kg\",\"category\":[\"Farine\"],\"is_variation\":false};\n\t\t\t\t\twindow.pmw_product_position = window.pmw_product_position || 1;\n\t\twindow.pmwDataLayer.products[2777]['position'] = window.pmw_product_position++;\n\t\t\t\t<\/script>\n\t\t<\/div><\/li>\n<li class=\"product type-product post-2169 status-publish last instock product_cat-farine has-post-thumbnail sale taxable shipping-taxable purchasable product-type-simple\" style=\"--span: 1;\">\n\t<div class=\"commercekit-wishlist mini\" data-product-id=\"2169\"><a href=\"#\" class=\"commercekit-save-wishlist\" data-product-id=\"2169\" data-type=\"list\" title=\"Wishlist\" aria-label=\"Wishlist\"><em class=\"cg-wishlist\"><\/em><span><\/span><\/a><\/div><a href=\"https:\/\/www.saporinostri.it\/fr\/farina-cuoco-caputo-1-kg\/\" class=\"woocommerce-LoopProduct-link woocommerce-loop-product__link\"><div class=\"woocommerce-image__wrapper\"><a href=\"https:\/\/www.saporinostri.it\/fr\/farina-cuoco-caputo-1-kg\/\" title=\"Farina Cuoco &#8220;Saccorosso&#8221; Caputo 1 Kg\" class=\"woocommerce-LoopProduct-link woocommerce-loop-product__link\"><span class=\"sale-item product-label type-circle\">-24%<\/span><div class=\"shoptimizer-plp-carousel-container\"><div class=\"shoptimizer-plp-image-wrapper\"><img decoding=\"async\" width=\"300\" height=\"300\" data-src=\"https:\/\/www.saporinostri.it\/wp-content\/uploads\/2020\/05\/farina-cuoco-caputo-1-kg-front-300x300.jpg\" class=\"attachment-woocommerce_thumbnail size-woocommerce_thumbnail lazyload\" alt=\"Farina Cuoco Caputo 1 Kg\" data-srcset=\"https:\/\/www.saporinostri.it\/wp-content\/uploads\/2020\/05\/farina-cuoco-caputo-1-kg-front-300x300.jpg 300w, https:\/\/www.saporinostri.it\/wp-content\/uploads\/2020\/05\/farina-cuoco-caputo-1-kg-front-150x150.jpg 150w, https:\/\/www.saporinostri.it\/wp-content\/uploads\/2020\/05\/farina-cuoco-caputo-1-kg-front-800x800.jpg 800w, https:\/\/www.saporinostri.it\/wp-content\/uploads\/2020\/05\/farina-cuoco-caputo-1-kg-front-1024x1024.jpg 1024w, https:\/\/www.saporinostri.it\/wp-content\/uploads\/2020\/05\/farina-cuoco-caputo-1-kg-front-768x768.jpg 768w, https:\/\/www.saporinostri.it\/wp-content\/uploads\/2020\/05\/farina-cuoco-caputo-1-kg-front-400x400.jpg 400w, https:\/\/www.saporinostri.it\/wp-content\/uploads\/2020\/05\/farina-cuoco-caputo-1-kg-front-640x640.jpg 640w, https:\/\/www.saporinostri.it\/wp-content\/uploads\/2020\/05\/farina-cuoco-caputo-1-kg-front-85x85.jpg 85w, https:\/\/www.saporinostri.it\/wp-content\/uploads\/2020\/05\/farina-cuoco-caputo-1-kg-front-32x32.jpg 32w, https:\/\/www.saporinostri.it\/wp-content\/uploads\/2020\/05\/farina-cuoco-caputo-1-kg-front.jpg 1100w\" data-sizes=\"(max-width: 360px) 147px, (max-width: 300px) 100vw, 300px\" src=\"data:image\/gif;base64,R0lGODlhAQABAAAAACH5BAEKAAEALAAAAAABAAEAAAICTAEAOw==\" style=\"--smush-placeholder-width: 300px; --smush-placeholder-aspect-ratio: 300\/300;\" \/><noscript><img loading=\"lazy\" decoding=\"async\" width=\"300\" height=\"300\" src=\"https:\/\/www.saporinostri.it\/wp-content\/uploads\/2020\/05\/farina-cuoco-caputo-1-kg-front-300x300.jpg\" class=\"attachment-woocommerce_thumbnail size-woocommerce_thumbnail\" alt=\"Farina Cuoco Caputo 1 Kg\" srcset=\"https:\/\/www.saporinostri.it\/wp-content\/uploads\/2020\/05\/farina-cuoco-caputo-1-kg-front-300x300.jpg 300w, https:\/\/www.saporinostri.it\/wp-content\/uploads\/2020\/05\/farina-cuoco-caputo-1-kg-front-150x150.jpg 150w, https:\/\/www.saporinostri.it\/wp-content\/uploads\/2020\/05\/farina-cuoco-caputo-1-kg-front-800x800.jpg 800w, https:\/\/www.saporinostri.it\/wp-content\/uploads\/2020\/05\/farina-cuoco-caputo-1-kg-front-1024x1024.jpg 1024w, https:\/\/www.saporinostri.it\/wp-content\/uploads\/2020\/05\/farina-cuoco-caputo-1-kg-front-768x768.jpg 768w, https:\/\/www.saporinostri.it\/wp-content\/uploads\/2020\/05\/farina-cuoco-caputo-1-kg-front-400x400.jpg 400w, https:\/\/www.saporinostri.it\/wp-content\/uploads\/2020\/05\/farina-cuoco-caputo-1-kg-front-640x640.jpg 640w, https:\/\/www.saporinostri.it\/wp-content\/uploads\/2020\/05\/farina-cuoco-caputo-1-kg-front-85x85.jpg 85w, https:\/\/www.saporinostri.it\/wp-content\/uploads\/2020\/05\/farina-cuoco-caputo-1-kg-front-32x32.jpg 32w, https:\/\/www.saporinostri.it\/wp-content\/uploads\/2020\/05\/farina-cuoco-caputo-1-kg-front.jpg 1100w\" sizes=\"(max-width: 360px) 147px, (max-width: 300px) 100vw, 300px\" \/><\/noscript>\t\t\t\n\t<\/div><\/div><\/a><\/div><div class=\"woocommerce-card__header\">\t\t\t\t\t<p class=\"product__categories\"><a href=\"https:\/\/www.saporinostri.it\/fr\/farine\/\" rel=\"tag\">Farine<\/a><\/p>\t\t\t\t<div class=\"woocommerce-loop-product__title\"><a tabindex=\"0\" href=\"https:\/\/www.saporinostri.it\/fr\/farina-cuoco-caputo-1-kg\/\" aria-label=\"Farina Cuoco &#8220;Saccorosso&#8221; Caputo 1 Kg\" class=\"woocommerce-LoopProduct-link woocommerce-loop-product__link\">Farina Cuoco &#8220;Saccorosso&#8221; Caputo 1 Kg<\/a><\/div><div class=\"star-rating\" role=\"img\" aria-label=\"Note 4.95 sur 5\"><span style=\"width:99%\">Note <strong class=\"rating\">4.95<\/strong> sur 5<\/span><\/div>\n\t<span class=\"price\"><del aria-hidden=\"true\"><span class=\"woocommerce-Price-amount amount\"><bdi><span class=\"woocommerce-Price-currencySymbol\">&euro;<\/span>2,15<\/bdi><\/span><\/del> <span class=\"screen-reader-text\">Le prix initial \u00e9tait\u00a0: &euro;2,15.<\/span><ins aria-hidden=\"true\"><span class=\"woocommerce-Price-amount amount\"><bdi><span class=\"woocommerce-Price-currencySymbol\">&euro;<\/span>1,64<\/bdi><\/span><\/ins><span class=\"screen-reader-text\">Le prix actuel est\u00a0: &euro;1,64.<\/span><\/span>\n<\/a><div class=\"woocommerce-loop-product__buttons\"><a href=\"\/fr\/wp-json\/wp\/v2\/pages\/18815?add-to-cart=2169\" aria-describedby=\"woocommerce_loop_add_to_cart_link_describedby_2169\" data-quantity=\"1\" class=\"button product_type_simple add_to_cart_button ajax_add_to_cart\" data-product_id=\"2169\" data-product_sku=\"8014601026354\" aria-label=\"Ajouter au panier\u00a0: &ldquo;Farina Cuoco &quot;Saccorosso&quot; Caputo 1 Kg&rdquo;\" rel=\"nofollow\" data-success_message=\"\u00ab\u00a0Farina Cuoco &quot;Saccorosso&quot; Caputo 1 Kg\u00a0\u00bb a \u00e9t\u00e9 ajout\u00e9 \u00e0 votre panier\" role=\"button\">Ajouter au panier<\/a><\/div>\t<span id=\"woocommerce_loop_add_to_cart_link_describedby_2169\" class=\"screen-reader-text\">\n\t\t\t<\/span>\n\t\t\t<input type=\"hidden\" class=\"pmwProductId\" data-id=\"2169\">\n\t\t\t\t\t<script>\n\t\t\t(window.pmwDataLayer = window.pmwDataLayer || {}).products                = window.pmwDataLayer.products || {};\n\t\t\twindow.pmwDataLayer.products[2169] = {\"id\":\"2169\",\"sku\":\"8014601026354\",\"price\":1.64,\"brand\":\"\",\"quantity\":1,\"dyn_r_ids\":{\"post_id\":\"2169\",\"sku\":\"8014601026354\",\"gpf\":\"woocommerce_gpf_2169\",\"gla\":\"gla_2169\"},\"is_variable\":false,\"type\":\"simple\",\"name\":\"Farina Cuoco \\\"Saccorosso\\\" Caputo 1 Kg\",\"category\":[\"Farine\"],\"is_variation\":false};\n\t\t\t\t\twindow.pmw_product_position = window.pmw_product_position || 1;\n\t\twindow.pmwDataLayer.products[2169]['position'] = window.pmw_product_position++;\n\t\t\t\t<\/script>\n\t\t<\/div><\/li>\n<\/ul>\n<\/div>\t\t\t\t<\/div>\n\t\t\t\t<\/div>\n\t\t\t\t\t<\/div>\n\t\t\t\t<\/div>\n\t\t<div class=\"elementor-element elementor-element-9e72b60 e-flex e-con-boxed e-con e-parent\" data-id=\"9e72b60\" data-element_type=\"container\" data-e-type=\"container\">\n\t\t\t\t\t<div class=\"e-con-inner\">\n\t\t\t\t<div class=\"elementor-element elementor-element-1b53a1c elementor-widget elementor-widget-heading\" data-id=\"1b53a1c\" data-element_type=\"widget\" data-e-type=\"widget\" data-widget_type=\"heading.default\">\n\t\t\t\t<div class=\"elementor-widget-container\">\n\t\t\t\t\t<h4 class=\"elementor-heading-title elementor-size-default\">OFFERTE<\/h4>\t\t\t\t<\/div>\n\t\t\t\t<\/div>\n\t\t\t\t<div class=\"elementor-element elementor-element-cf29efb elementor-widget elementor-widget-heading\" data-id=\"cf29efb\" data-element_type=\"widget\" data-e-type=\"widget\" data-widget_type=\"heading.default\">\n\t\t\t\t<div class=\"elementor-widget-container\">\n\t\t\t\t\t<h2 class=\"elementor-heading-title elementor-size-default\">Le  Nostre Offerte<\/h2>\t\t\t\t<\/div>\n\t\t\t\t<\/div>\n\t\t\t\t<div class=\"elementor-element elementor-element-d9dc51e elementor-widget elementor-widget-text-editor\" data-id=\"d9dc51e\" data-element_type=\"widget\" data-e-type=\"widget\" data-widget_type=\"text-editor.default\">\n\t\t\t\t<div class=\"elementor-widget-container\">\n\t\t\t\t\t\t\t\t\t<p>Approfitta delle migliori offerte da noi selezionate per te!<\/p>\t\t\t\t\t\t\t\t<\/div>\n\t\t\t\t<\/div>\n\t\t\t\t<div class=\"elementor-element elementor-element-ade61c4 elementor-grid-6 elementor-grid-tablet-3 elementor-grid-mobile-2 elementor-products-grid elementor-wc-products elementor-widget elementor-widget-woocommerce-products\" data-id=\"ade61c4\" data-element_type=\"widget\" data-e-type=\"widget\" data-widget_type=\"woocommerce-products.default\">\n\t\t\t\t<div class=\"elementor-widget-container\">\n\t\t\t\t\t<div class=\"woocommerce columns-6 \"><ul class=\"products elementor-grid columns-6\">\n<li class=\"product type-product post-5391 status-publish first instock product_cat-altro product_cat-utensili-cucina has-post-thumbnail sale taxable shipping-taxable purchasable product-type-simple\" style=\"--span: 1;\">\n\t<div class=\"commercekit-wishlist mini\" data-product-id=\"5391\"><a href=\"#\" class=\"commercekit-save-wishlist\" data-product-id=\"5391\" data-type=\"list\" title=\"Wishlist\" aria-label=\"Wishlist\"><em class=\"cg-wishlist\"><\/em><span><\/span><\/a><\/div><a href=\"https:\/\/www.saporinostri.it\/fr\/teglia-per-pizza-in-ferro-blu-40x30cm-emili-teglie\/\" class=\"woocommerce-LoopProduct-link woocommerce-loop-product__link\"><div class=\"woocommerce-image__wrapper\"><a href=\"https:\/\/www.saporinostri.it\/fr\/teglia-per-pizza-in-ferro-blu-40x30cm-emili-teglie\/\" title=\"Teglia per Pizza in Ferro Blu 40x30cm Emili Teglie\" class=\"woocommerce-LoopProduct-link woocommerce-loop-product__link\"><span class=\"sale-item product-label type-circle\">-10%<\/span><div class=\"shoptimizer-plp-carousel-container\"><div class=\"shoptimizer-plp-image-wrapper\"><img decoding=\"async\" width=\"300\" height=\"300\" data-src=\"https:\/\/www.saporinostri.it\/wp-content\/uploads\/2020\/12\/teglia-per-pizza-in-lamiera-blu-40x30-emili-teglie-300x300.jpg\" class=\"attachment-woocommerce_thumbnail size-woocommerce_thumbnail lazyload\" alt=\"Teglia per Pizza in Lamiera Blu 40x30cm Emili Teglie\" data-srcset=\"https:\/\/www.saporinostri.it\/wp-content\/uploads\/2020\/12\/teglia-per-pizza-in-lamiera-blu-40x30-emili-teglie-300x300.jpg 300w, https:\/\/www.saporinostri.it\/wp-content\/uploads\/2020\/12\/teglia-per-pizza-in-lamiera-blu-40x30-emili-teglie-150x150.jpg 150w, https:\/\/www.saporinostri.it\/wp-content\/uploads\/2020\/12\/teglia-per-pizza-in-lamiera-blu-40x30-emili-teglie-800x800.jpg 800w, https:\/\/www.saporinostri.it\/wp-content\/uploads\/2020\/12\/teglia-per-pizza-in-lamiera-blu-40x30-emili-teglie-1024x1024.jpg 1024w, https:\/\/www.saporinostri.it\/wp-content\/uploads\/2020\/12\/teglia-per-pizza-in-lamiera-blu-40x30-emili-teglie-768x768.jpg 768w, https:\/\/www.saporinostri.it\/wp-content\/uploads\/2020\/12\/teglia-per-pizza-in-lamiera-blu-40x30-emili-teglie-400x400.jpg 400w, https:\/\/www.saporinostri.it\/wp-content\/uploads\/2020\/12\/teglia-per-pizza-in-lamiera-blu-40x30-emili-teglie-640x640.jpg 640w, https:\/\/www.saporinostri.it\/wp-content\/uploads\/2020\/12\/teglia-per-pizza-in-lamiera-blu-40x30-emili-teglie-85x85.jpg 85w, https:\/\/www.saporinostri.it\/wp-content\/uploads\/2020\/12\/teglia-per-pizza-in-lamiera-blu-40x30-emili-teglie-32x32.jpg 32w, https:\/\/www.saporinostri.it\/wp-content\/uploads\/2020\/12\/teglia-per-pizza-in-lamiera-blu-40x30-emili-teglie.jpg 1100w\" data-sizes=\"(max-width: 360px) 147px, (max-width: 300px) 100vw, 300px\" src=\"data:image\/gif;base64,R0lGODlhAQABAAAAACH5BAEKAAEALAAAAAABAAEAAAICTAEAOw==\" style=\"--smush-placeholder-width: 300px; --smush-placeholder-aspect-ratio: 300\/300;\" \/><noscript><img loading=\"lazy\" decoding=\"async\" width=\"300\" height=\"300\" src=\"https:\/\/www.saporinostri.it\/wp-content\/uploads\/2020\/12\/teglia-per-pizza-in-lamiera-blu-40x30-emili-teglie-300x300.jpg\" class=\"attachment-woocommerce_thumbnail size-woocommerce_thumbnail\" alt=\"Teglia per Pizza in Lamiera Blu 40x30cm Emili Teglie\" srcset=\"https:\/\/www.saporinostri.it\/wp-content\/uploads\/2020\/12\/teglia-per-pizza-in-lamiera-blu-40x30-emili-teglie-300x300.jpg 300w, https:\/\/www.saporinostri.it\/wp-content\/uploads\/2020\/12\/teglia-per-pizza-in-lamiera-blu-40x30-emili-teglie-150x150.jpg 150w, https:\/\/www.saporinostri.it\/wp-content\/uploads\/2020\/12\/teglia-per-pizza-in-lamiera-blu-40x30-emili-teglie-800x800.jpg 800w, https:\/\/www.saporinostri.it\/wp-content\/uploads\/2020\/12\/teglia-per-pizza-in-lamiera-blu-40x30-emili-teglie-1024x1024.jpg 1024w, https:\/\/www.saporinostri.it\/wp-content\/uploads\/2020\/12\/teglia-per-pizza-in-lamiera-blu-40x30-emili-teglie-768x768.jpg 768w, https:\/\/www.saporinostri.it\/wp-content\/uploads\/2020\/12\/teglia-per-pizza-in-lamiera-blu-40x30-emili-teglie-400x400.jpg 400w, https:\/\/www.saporinostri.it\/wp-content\/uploads\/2020\/12\/teglia-per-pizza-in-lamiera-blu-40x30-emili-teglie-640x640.jpg 640w, https:\/\/www.saporinostri.it\/wp-content\/uploads\/2020\/12\/teglia-per-pizza-in-lamiera-blu-40x30-emili-teglie-85x85.jpg 85w, https:\/\/www.saporinostri.it\/wp-content\/uploads\/2020\/12\/teglia-per-pizza-in-lamiera-blu-40x30-emili-teglie-32x32.jpg 32w, https:\/\/www.saporinostri.it\/wp-content\/uploads\/2020\/12\/teglia-per-pizza-in-lamiera-blu-40x30-emili-teglie.jpg 1100w\" sizes=\"(max-width: 360px) 147px, (max-width: 300px) 100vw, 300px\" \/><\/noscript>\t\t\t\n\t<\/div><\/div><\/a><\/div><div class=\"woocommerce-card__header\">\t\t\t\t\t<p class=\"product__categories\"><a href=\"https:\/\/www.saporinostri.it\/fr\/utensili-cucina\/altro\/\" rel=\"tag\">Altro<\/a>, <a href=\"https:\/\/www.saporinostri.it\/fr\/utensili-cucina\/\" rel=\"tag\">Utensili Cucina<\/a><\/p>\t\t\t\t<div class=\"woocommerce-loop-product__title\"><a tabindex=\"0\" href=\"https:\/\/www.saporinostri.it\/fr\/teglia-per-pizza-in-ferro-blu-40x30cm-emili-teglie\/\" aria-label=\"Teglia per Pizza in Ferro Blu 40x30cm Emili Teglie\" class=\"woocommerce-LoopProduct-link woocommerce-loop-product__link\">Teglia per Pizza in Ferro Blu 40x30cm Emili Teglie<\/a><\/div><div class=\"star-rating\" role=\"img\" aria-label=\"Note 4.91 sur 5\"><span style=\"width:98.2%\">Note <strong class=\"rating\">4.91<\/strong> sur 5<\/span><\/div>\n\t<span class=\"price\"><del aria-hidden=\"true\"><span class=\"woocommerce-Price-amount amount\"><bdi><span class=\"woocommerce-Price-currencySymbol\">&euro;<\/span>14,50<\/bdi><\/span><\/del> <span class=\"screen-reader-text\">Le prix initial \u00e9tait\u00a0: &euro;14,50.<\/span><ins aria-hidden=\"true\"><span class=\"woocommerce-Price-amount amount\"><bdi><span class=\"woocommerce-Price-currencySymbol\">&euro;<\/span>12,99<\/bdi><\/span><\/ins><span class=\"screen-reader-text\">Le prix actuel est\u00a0: &euro;12,99.<\/span><\/span>\n<\/a><div class=\"woocommerce-loop-product__buttons\"><a href=\"\/fr\/wp-json\/wp\/v2\/pages\/18815?add-to-cart=5391\" aria-describedby=\"woocommerce_loop_add_to_cart_link_describedby_5391\" data-quantity=\"1\" class=\"button product_type_simple add_to_cart_button ajax_add_to_cart\" data-product_id=\"5391\" data-product_sku=\"teglia-blu-40x30\" aria-label=\"Ajouter au panier\u00a0: &ldquo;Teglia per Pizza in Ferro Blu 40x30cm Emili Teglie&rdquo;\" rel=\"nofollow\" data-success_message=\"\u00ab\u00a0Teglia per Pizza in Ferro Blu 40x30cm Emili Teglie\u00a0\u00bb a \u00e9t\u00e9 ajout\u00e9 \u00e0 votre panier\" role=\"button\">Ajouter au panier<\/a><\/div>\t<span id=\"woocommerce_loop_add_to_cart_link_describedby_5391\" class=\"screen-reader-text\">\n\t\t\t<\/span>\n\t\t\t<input type=\"hidden\" class=\"pmwProductId\" data-id=\"5391\">\n\t\t\t\t\t<script>\n\t\t\t(window.pmwDataLayer = window.pmwDataLayer || {}).products                = window.pmwDataLayer.products || {};\n\t\t\twindow.pmwDataLayer.products[5391] = {\"id\":\"5391\",\"sku\":\"teglia-blu-40x30\",\"price\":12.99,\"brand\":\"\",\"quantity\":1,\"dyn_r_ids\":{\"post_id\":\"5391\",\"sku\":\"teglia-blu-40x30\",\"gpf\":\"woocommerce_gpf_5391\",\"gla\":\"gla_5391\"},\"is_variable\":false,\"type\":\"simple\",\"name\":\"Teglia per Pizza in Ferro Blu 40x30cm Emili Teglie\",\"category\":[\"Altro\",\"Utensili Cucina\"],\"is_variation\":false};\n\t\t\t\t\twindow.pmw_product_position = window.pmw_product_position || 1;\n\t\twindow.pmwDataLayer.products[5391]['position'] = window.pmw_product_position++;\n\t\t\t\t<\/script>\n\t\t<\/div><\/li>\n<li class=\"product type-product post-13536 status-publish instock product_cat-farine has-post-thumbnail sale taxable shipping-taxable purchasable product-type-simple\" style=\"--span: 1;\">\n\t<div class=\"commercekit-wishlist mini\" data-product-id=\"13536\"><a href=\"#\" class=\"commercekit-save-wishlist\" data-product-id=\"13536\" data-type=\"list\" title=\"Wishlist\" aria-label=\"Wishlist\"><em class=\"cg-wishlist\"><\/em><span><\/span><\/a><\/div><a href=\"https:\/\/www.saporinostri.it\/fr\/farina-nuvola-super-caputo-5-kg\/\" class=\"woocommerce-LoopProduct-link woocommerce-loop-product__link\"><div class=\"woocommerce-image__wrapper\"><a href=\"https:\/\/www.saporinostri.it\/fr\/farina-nuvola-super-caputo-5-kg\/\" title=\"Farina Nuvola Super Caputo 5 Kg\" class=\"woocommerce-LoopProduct-link woocommerce-loop-product__link\"><span class=\"sale-item product-label type-circle\">-33%<\/span><div class=\"shoptimizer-plp-carousel-container\"><div class=\"shoptimizer-plp-image-wrapper\"><img decoding=\"async\" width=\"300\" height=\"300\" data-src=\"https:\/\/www.saporinostri.it\/wp-content\/uploads\/2021\/07\/farina-nuvola-super-caputo-5-kg.png-300x300.jpg\" class=\"attachment-woocommerce_thumbnail size-woocommerce_thumbnail lazyload\" alt=\"Farina Nuvola Super Caputo 5 Kg\" data-srcset=\"https:\/\/www.saporinostri.it\/wp-content\/uploads\/2021\/07\/farina-nuvola-super-caputo-5-kg.png-300x300.jpg 300w, https:\/\/www.saporinostri.it\/wp-content\/uploads\/2021\/07\/farina-nuvola-super-caputo-5-kg.png-1024x1024.jpg 1024w, https:\/\/www.saporinostri.it\/wp-content\/uploads\/2021\/07\/farina-nuvola-super-caputo-5-kg.png-150x150.jpg 150w, https:\/\/www.saporinostri.it\/wp-content\/uploads\/2021\/07\/farina-nuvola-super-caputo-5-kg.png-768x768.jpg 768w, https:\/\/www.saporinostri.it\/wp-content\/uploads\/2021\/07\/farina-nuvola-super-caputo-5-kg.png-12x12.jpg 12w, https:\/\/www.saporinostri.it\/wp-content\/uploads\/2021\/07\/farina-nuvola-super-caputo-5-kg.png-70x70.jpg 70w, https:\/\/www.saporinostri.it\/wp-content\/uploads\/2021\/07\/farina-nuvola-super-caputo-5-kg.png-500x500.jpg 500w, https:\/\/www.saporinostri.it\/wp-content\/uploads\/2021\/07\/farina-nuvola-super-caputo-5-kg.png-990x990.jpg 990w, https:\/\/www.saporinostri.it\/wp-content\/uploads\/2021\/07\/farina-nuvola-super-caputo-5-kg.png-441x441.jpg 441w, https:\/\/www.saporinostri.it\/wp-content\/uploads\/2021\/07\/farina-nuvola-super-caputo-5-kg.png-800x800.jpg 800w, https:\/\/www.saporinostri.it\/wp-content\/uploads\/2021\/07\/farina-nuvola-super-caputo-5-kg.png.jpg 1500w\" data-sizes=\"(max-width: 360px) 147px, (max-width: 300px) 100vw, 300px\" src=\"data:image\/gif;base64,R0lGODlhAQABAAAAACH5BAEKAAEALAAAAAABAAEAAAICTAEAOw==\" style=\"--smush-placeholder-width: 300px; --smush-placeholder-aspect-ratio: 300\/300;\" \/><noscript><img loading=\"lazy\" decoding=\"async\" width=\"300\" height=\"300\" src=\"https:\/\/www.saporinostri.it\/wp-content\/uploads\/2021\/07\/farina-nuvola-super-caputo-5-kg.png-300x300.jpg\" class=\"attachment-woocommerce_thumbnail size-woocommerce_thumbnail\" alt=\"Farina Nuvola Super Caputo 5 Kg\" srcset=\"https:\/\/www.saporinostri.it\/wp-content\/uploads\/2021\/07\/farina-nuvola-super-caputo-5-kg.png-300x300.jpg 300w, https:\/\/www.saporinostri.it\/wp-content\/uploads\/2021\/07\/farina-nuvola-super-caputo-5-kg.png-1024x1024.jpg 1024w, https:\/\/www.saporinostri.it\/wp-content\/uploads\/2021\/07\/farina-nuvola-super-caputo-5-kg.png-150x150.jpg 150w, https:\/\/www.saporinostri.it\/wp-content\/uploads\/2021\/07\/farina-nuvola-super-caputo-5-kg.png-768x768.jpg 768w, https:\/\/www.saporinostri.it\/wp-content\/uploads\/2021\/07\/farina-nuvola-super-caputo-5-kg.png-12x12.jpg 12w, https:\/\/www.saporinostri.it\/wp-content\/uploads\/2021\/07\/farina-nuvola-super-caputo-5-kg.png-70x70.jpg 70w, https:\/\/www.saporinostri.it\/wp-content\/uploads\/2021\/07\/farina-nuvola-super-caputo-5-kg.png-500x500.jpg 500w, https:\/\/www.saporinostri.it\/wp-content\/uploads\/2021\/07\/farina-nuvola-super-caputo-5-kg.png-990x990.jpg 990w, https:\/\/www.saporinostri.it\/wp-content\/uploads\/2021\/07\/farina-nuvola-super-caputo-5-kg.png-441x441.jpg 441w, https:\/\/www.saporinostri.it\/wp-content\/uploads\/2021\/07\/farina-nuvola-super-caputo-5-kg.png-800x800.jpg 800w, https:\/\/www.saporinostri.it\/wp-content\/uploads\/2021\/07\/farina-nuvola-super-caputo-5-kg.png.jpg 1500w\" sizes=\"(max-width: 360px) 147px, (max-width: 300px) 100vw, 300px\" \/><\/noscript>\t\t\t\n\t<\/div><\/div><\/a><\/div><div class=\"woocommerce-card__header\">\t\t\t\t\t<p class=\"product__categories\"><a href=\"https:\/\/www.saporinostri.it\/fr\/farine\/\" rel=\"tag\">Farine<\/a><\/p>\t\t\t\t<div class=\"woocommerce-loop-product__title\"><a tabindex=\"0\" href=\"https:\/\/www.saporinostri.it\/fr\/farina-nuvola-super-caputo-5-kg\/\" aria-label=\"Farina Nuvola Super Caputo 5 Kg\" class=\"woocommerce-LoopProduct-link woocommerce-loop-product__link\">Farina Nuvola Super Caputo 5 Kg<\/a><\/div><div class=\"star-rating\" role=\"img\" aria-label=\"Note 4.92 sur 5\"><span style=\"width:98.4%\">Note <strong class=\"rating\">4.92<\/strong> sur 5<\/span><\/div>\n\t<span class=\"price\"><del aria-hidden=\"true\"><span class=\"woocommerce-Price-amount amount\"><bdi><span class=\"woocommerce-Price-currencySymbol\">&euro;<\/span>13,90<\/bdi><\/span><\/del> <span class=\"screen-reader-text\">Le prix initial \u00e9tait\u00a0: &euro;13,90.<\/span><ins aria-hidden=\"true\"><span class=\"woocommerce-Price-amount amount\"><bdi><span class=\"woocommerce-Price-currencySymbol\">&euro;<\/span>9,29<\/bdi><\/span><\/ins><span class=\"screen-reader-text\">Le prix actuel est\u00a0: &euro;9,29.<\/span><\/span>\n<\/a><div class=\"woocommerce-loop-product__buttons\"><a href=\"\/fr\/wp-json\/wp\/v2\/pages\/18815?add-to-cart=13536\" aria-describedby=\"woocommerce_loop_add_to_cart_link_describedby_13536\" data-quantity=\"1\" class=\"button product_type_simple add_to_cart_button ajax_add_to_cart\" data-product_id=\"13536\" data-product_sku=\"8014601053343\" aria-label=\"Ajouter au panier\u00a0: &ldquo;Farina Nuvola Super Caputo 5 Kg&rdquo;\" rel=\"nofollow\" data-success_message=\"\u00ab\u00a0Farina Nuvola Super Caputo 5 Kg\u00a0\u00bb a \u00e9t\u00e9 ajout\u00e9 \u00e0 votre panier\" role=\"button\">Ajouter au panier<\/a><\/div>\t<span id=\"woocommerce_loop_add_to_cart_link_describedby_13536\" class=\"screen-reader-text\">\n\t\t\t<\/span>\n\t\t\t<input type=\"hidden\" class=\"pmwProductId\" data-id=\"13536\">\n\t\t\t\t\t<script>\n\t\t\t(window.pmwDataLayer = window.pmwDataLayer || {}).products                = window.pmwDataLayer.products || {};\n\t\t\twindow.pmwDataLayer.products[13536] = {\"id\":\"13536\",\"sku\":\"8014601053343\",\"price\":9.29,\"brand\":\"\",\"quantity\":1,\"dyn_r_ids\":{\"post_id\":\"13536\",\"sku\":\"8014601053343\",\"gpf\":\"woocommerce_gpf_13536\",\"gla\":\"gla_13536\"},\"is_variable\":false,\"type\":\"simple\",\"name\":\"Farina Nuvola Super Caputo 5 Kg\",\"category\":[\"Farine\"],\"is_variation\":false};\n\t\t\t\t\twindow.pmw_product_position = window.pmw_product_position || 1;\n\t\twindow.pmwDataLayer.products[13536]['position'] = window.pmw_product_position++;\n\t\t\t\t<\/script>\n\t\t<\/div><\/li>\n<li class=\"product type-product post-15993 status-publish instock product_cat-conserve product_cat-prodotti-allo-sciroppo has-post-thumbnail sale taxable shipping-taxable purchasable product-type-simple\" style=\"--span: 1;\">\n\t<div class=\"commercekit-wishlist mini\" data-product-id=\"15993\"><a href=\"#\" class=\"commercekit-save-wishlist\" data-product-id=\"15993\" data-type=\"list\" title=\"Wishlist\" aria-label=\"Wishlist\"><em class=\"cg-wishlist\"><\/em><span><\/span><\/a><\/div><a href=\"https:\/\/www.saporinostri.it\/fr\/castagne-al-rum-nobiliradici-280g\/\" class=\"woocommerce-LoopProduct-link woocommerce-loop-product__link\"><div class=\"woocommerce-image__wrapper\"><a href=\"https:\/\/www.saporinostri.it\/fr\/castagne-al-rum-nobiliradici-280g\/\" title=\"Castagne al Rum NobiliRadici 320g\" class=\"woocommerce-LoopProduct-link woocommerce-loop-product__link\"><span class=\"sale-item product-label type-circle\">-16%<\/span><div class=\"shoptimizer-plp-carousel-container\"><div class=\"shoptimizer-plp-image-wrapper\"><img decoding=\"async\" width=\"300\" height=\"300\" data-src=\"https:\/\/www.saporinostri.it\/wp-content\/uploads\/2021\/11\/castagna-al-rum-nobiliradici-320g-front-300x300.jpg\" class=\"attachment-woocommerce_thumbnail size-woocommerce_thumbnail lazyload\" alt=\"Castagne al Rum NobiliRadici 280g\" data-srcset=\"https:\/\/www.saporinostri.it\/wp-content\/uploads\/2021\/11\/castagna-al-rum-nobiliradici-320g-front-300x300.jpg 300w, https:\/\/www.saporinostri.it\/wp-content\/uploads\/2021\/11\/castagna-al-rum-nobiliradici-320g-front-1024x1024.jpg 1024w, https:\/\/www.saporinostri.it\/wp-content\/uploads\/2021\/11\/castagna-al-rum-nobiliradici-320g-front-150x150.jpg 150w, https:\/\/www.saporinostri.it\/wp-content\/uploads\/2021\/11\/castagna-al-rum-nobiliradici-320g-front-768x768.jpg 768w, https:\/\/www.saporinostri.it\/wp-content\/uploads\/2021\/11\/castagna-al-rum-nobiliradici-320g-front-12x12.jpg 12w, https:\/\/www.saporinostri.it\/wp-content\/uploads\/2021\/11\/castagna-al-rum-nobiliradici-320g-front-70x70.jpg 70w, https:\/\/www.saporinostri.it\/wp-content\/uploads\/2021\/11\/castagna-al-rum-nobiliradici-320g-front-500x500.jpg 500w, https:\/\/www.saporinostri.it\/wp-content\/uploads\/2021\/11\/castagna-al-rum-nobiliradici-320g-front-990x990.jpg 990w, https:\/\/www.saporinostri.it\/wp-content\/uploads\/2021\/11\/castagna-al-rum-nobiliradici-320g-front-441x441.jpg 441w, https:\/\/www.saporinostri.it\/wp-content\/uploads\/2021\/11\/castagna-al-rum-nobiliradici-320g-front-800x800.jpg 800w, https:\/\/www.saporinostri.it\/wp-content\/uploads\/2021\/11\/castagna-al-rum-nobiliradici-320g-front-64x64.jpg 64w, https:\/\/www.saporinostri.it\/wp-content\/uploads\/2021\/11\/castagna-al-rum-nobiliradici-320g-front.jpg 1500w\" data-sizes=\"(max-width: 360px) 147px, (max-width: 300px) 100vw, 300px\" src=\"data:image\/gif;base64,R0lGODlhAQABAAAAACH5BAEKAAEALAAAAAABAAEAAAICTAEAOw==\" style=\"--smush-placeholder-width: 300px; --smush-placeholder-aspect-ratio: 300\/300;\" \/><noscript><img loading=\"lazy\" decoding=\"async\" width=\"300\" height=\"300\" src=\"https:\/\/www.saporinostri.it\/wp-content\/uploads\/2021\/11\/castagna-al-rum-nobiliradici-320g-front-300x300.jpg\" class=\"attachment-woocommerce_thumbnail size-woocommerce_thumbnail\" alt=\"Castagne al Rum NobiliRadici 280g\" srcset=\"https:\/\/www.saporinostri.it\/wp-content\/uploads\/2021\/11\/castagna-al-rum-nobiliradici-320g-front-300x300.jpg 300w, https:\/\/www.saporinostri.it\/wp-content\/uploads\/2021\/11\/castagna-al-rum-nobiliradici-320g-front-1024x1024.jpg 1024w, https:\/\/www.saporinostri.it\/wp-content\/uploads\/2021\/11\/castagna-al-rum-nobiliradici-320g-front-150x150.jpg 150w, https:\/\/www.saporinostri.it\/wp-content\/uploads\/2021\/11\/castagna-al-rum-nobiliradici-320g-front-768x768.jpg 768w, https:\/\/www.saporinostri.it\/wp-content\/uploads\/2021\/11\/castagna-al-rum-nobiliradici-320g-front-12x12.jpg 12w, https:\/\/www.saporinostri.it\/wp-content\/uploads\/2021\/11\/castagna-al-rum-nobiliradici-320g-front-70x70.jpg 70w, https:\/\/www.saporinostri.it\/wp-content\/uploads\/2021\/11\/castagna-al-rum-nobiliradici-320g-front-500x500.jpg 500w, https:\/\/www.saporinostri.it\/wp-content\/uploads\/2021\/11\/castagna-al-rum-nobiliradici-320g-front-990x990.jpg 990w, https:\/\/www.saporinostri.it\/wp-content\/uploads\/2021\/11\/castagna-al-rum-nobiliradici-320g-front-441x441.jpg 441w, https:\/\/www.saporinostri.it\/wp-content\/uploads\/2021\/11\/castagna-al-rum-nobiliradici-320g-front-800x800.jpg 800w, https:\/\/www.saporinostri.it\/wp-content\/uploads\/2021\/11\/castagna-al-rum-nobiliradici-320g-front-64x64.jpg 64w, https:\/\/www.saporinostri.it\/wp-content\/uploads\/2021\/11\/castagna-al-rum-nobiliradici-320g-front.jpg 1500w\" sizes=\"(max-width: 360px) 147px, (max-width: 300px) 100vw, 300px\" \/><\/noscript>\t\t\t\n\t<\/div><\/div><\/a><\/div><div class=\"woocommerce-card__header\">\t\t\t\t\t<p class=\"product__categories\"><a href=\"https:\/\/www.saporinostri.it\/fr\/conserve\/\" rel=\"tag\">Conserve<\/a>, <a href=\"https:\/\/www.saporinostri.it\/fr\/conserve\/prodotti-allo-sciroppo\/\" rel=\"tag\">Prodotti allo Sciroppo<\/a><\/p>\t\t\t\t<div class=\"woocommerce-loop-product__title\"><a tabindex=\"0\" href=\"https:\/\/www.saporinostri.it\/fr\/castagne-al-rum-nobiliradici-280g\/\" aria-label=\"Castagne al Rum NobiliRadici 320g\" class=\"woocommerce-LoopProduct-link woocommerce-loop-product__link\">Castagne al Rum NobiliRadici 320g<\/a><\/div><div class=\"star-rating\" role=\"img\" aria-label=\"Note 3.00 sur 5\"><span style=\"width:60%\">Note <strong class=\"rating\">3.00<\/strong> sur 5<\/span><\/div>\n\t<span class=\"price\"><del aria-hidden=\"true\"><span class=\"woocommerce-Price-amount amount\"><bdi><span class=\"woocommerce-Price-currencySymbol\">&euro;<\/span>12,90<\/bdi><\/span><\/del> <span class=\"screen-reader-text\">Le prix initial \u00e9tait\u00a0: &euro;12,90.<\/span><ins aria-hidden=\"true\"><span class=\"woocommerce-Price-amount amount\"><bdi><span class=\"woocommerce-Price-currencySymbol\">&euro;<\/span>10,90<\/bdi><\/span><\/ins><span class=\"screen-reader-text\">Le prix actuel est\u00a0: &euro;10,90.<\/span><\/span>\n<\/a><div class=\"woocommerce-loop-product__buttons\"><a href=\"\/fr\/wp-json\/wp\/v2\/pages\/18815?add-to-cart=15993\" aria-describedby=\"woocommerce_loop_add_to_cart_link_describedby_15993\" data-quantity=\"1\" class=\"button product_type_simple add_to_cart_button ajax_add_to_cart\" data-product_id=\"15993\" data-product_sku=\"8056860860485\" aria-label=\"Ajouter au panier\u00a0: &ldquo;Castagne al Rum NobiliRadici 320g&rdquo;\" rel=\"nofollow\" data-success_message=\"\u00ab\u00a0Castagne al Rum NobiliRadici 320g\u00a0\u00bb a \u00e9t\u00e9 ajout\u00e9 \u00e0 votre panier\" role=\"button\">Ajouter au panier<\/a><\/div>\t<span id=\"woocommerce_loop_add_to_cart_link_describedby_15993\" class=\"screen-reader-text\">\n\t\t\t<\/span>\n\t\t\t<input type=\"hidden\" class=\"pmwProductId\" data-id=\"15993\">\n\t\t\t\t\t<script>\n\t\t\t(window.pmwDataLayer = window.pmwDataLayer || {}).products                = window.pmwDataLayer.products || {};\n\t\t\twindow.pmwDataLayer.products[15993] = {\"id\":\"15993\",\"sku\":\"8056860860485\",\"price\":10.9,\"brand\":\"\",\"quantity\":1,\"dyn_r_ids\":{\"post_id\":\"15993\",\"sku\":\"8056860860485\",\"gpf\":\"woocommerce_gpf_15993\",\"gla\":\"gla_15993\"},\"is_variable\":false,\"type\":\"simple\",\"name\":\"Castagne al Rum NobiliRadici 320g\",\"category\":[\"Conserve\",\"Prodotti allo Sciroppo\"],\"is_variation\":false};\n\t\t\t\t\twindow.pmw_product_position = window.pmw_product_position || 1;\n\t\twindow.pmwDataLayer.products[15993]['position'] = window.pmw_product_position++;\n\t\t\t\t<\/script>\n\t\t<\/div><\/li>\n<li class=\"product type-product post-38073 status-publish instock product_cat-conserve product_cat-salse-di-accompagnamento has-post-thumbnail sale taxable shipping-taxable purchasable product-type-simple\" style=\"--span: 1;\">\n\t<div class=\"commercekit-wishlist mini\" data-product-id=\"38073\"><a href=\"#\" class=\"commercekit-save-wishlist\" data-product-id=\"38073\" data-type=\"list\" title=\"Wishlist\" aria-label=\"Wishlist\"><em class=\"cg-wishlist\"><\/em><span><\/span><\/a><\/div><a href=\"https:\/\/www.saporinostri.it\/fr\/cipolle-rosse-caramellate-tropea-calabria-igp-delizie-di-calabria\/\" class=\"woocommerce-LoopProduct-link woocommerce-loop-product__link\"><div class=\"woocommerce-image__wrapper\"><a href=\"https:\/\/www.saporinostri.it\/fr\/cipolle-rosse-caramellate-tropea-calabria-igp-delizie-di-calabria\/\" title=\"Cipolle Rosse Caramellate di Tropea Calabria IGP 590 g  Delizie di Calabria\" class=\"woocommerce-LoopProduct-link woocommerce-loop-product__link\"><span class=\"sale-item product-label type-circle\">-11%<\/span><div class=\"shoptimizer-plp-carousel-container\"><div class=\"shoptimizer-plp-image-wrapper\"><img decoding=\"async\" width=\"300\" height=\"300\" data-src=\"https:\/\/www.saporinostri.it\/wp-content\/uploads\/2026\/01\/cipolle-rosse-caramellate-delizie-di-calabria-front-300x300.jpg\" class=\"attachment-woocommerce_thumbnail size-woocommerce_thumbnail lazyload\" alt=\"Cipolle Rosse Caramellate Delizie di Calabria\" data-srcset=\"https:\/\/www.saporinostri.it\/wp-content\/uploads\/2026\/01\/cipolle-rosse-caramellate-delizie-di-calabria-front-300x300.jpg 300w, https:\/\/www.saporinostri.it\/wp-content\/uploads\/2026\/01\/cipolle-rosse-caramellate-delizie-di-calabria-front-1024x1024.jpg 1024w, https:\/\/www.saporinostri.it\/wp-content\/uploads\/2026\/01\/cipolle-rosse-caramellate-delizie-di-calabria-front-150x150.jpg 150w, https:\/\/www.saporinostri.it\/wp-content\/uploads\/2026\/01\/cipolle-rosse-caramellate-delizie-di-calabria-front-768x768.jpg 768w, https:\/\/www.saporinostri.it\/wp-content\/uploads\/2026\/01\/cipolle-rosse-caramellate-delizie-di-calabria-front-12x12.jpg 12w, https:\/\/www.saporinostri.it\/wp-content\/uploads\/2026\/01\/cipolle-rosse-caramellate-delizie-di-calabria-front-70x70.jpg 70w, https:\/\/www.saporinostri.it\/wp-content\/uploads\/2026\/01\/cipolle-rosse-caramellate-delizie-di-calabria-front-500x500.jpg 500w, https:\/\/www.saporinostri.it\/wp-content\/uploads\/2026\/01\/cipolle-rosse-caramellate-delizie-di-calabria-front-990x990.jpg 990w, https:\/\/www.saporinostri.it\/wp-content\/uploads\/2026\/01\/cipolle-rosse-caramellate-delizie-di-calabria-front-441x441.jpg 441w, https:\/\/www.saporinostri.it\/wp-content\/uploads\/2026\/01\/cipolle-rosse-caramellate-delizie-di-calabria-front-100x100.jpg 100w, https:\/\/www.saporinostri.it\/wp-content\/uploads\/2026\/01\/cipolle-rosse-caramellate-delizie-di-calabria-front-800x800.jpg 800w, https:\/\/www.saporinostri.it\/wp-content\/uploads\/2026\/01\/cipolle-rosse-caramellate-delizie-di-calabria-front-32x32.jpg 32w, https:\/\/www.saporinostri.it\/wp-content\/uploads\/2026\/01\/cipolle-rosse-caramellate-delizie-di-calabria-front-64x64.jpg 64w, https:\/\/www.saporinostri.it\/wp-content\/uploads\/2026\/01\/cipolle-rosse-caramellate-delizie-di-calabria-front.jpg 1280w\" data-sizes=\"(max-width: 360px) 147px, (max-width: 300px) 100vw, 300px\" src=\"data:image\/gif;base64,R0lGODlhAQABAAAAACH5BAEKAAEALAAAAAABAAEAAAICTAEAOw==\" style=\"--smush-placeholder-width: 300px; --smush-placeholder-aspect-ratio: 300\/300;\" \/><noscript><img loading=\"lazy\" decoding=\"async\" width=\"300\" height=\"300\" src=\"https:\/\/www.saporinostri.it\/wp-content\/uploads\/2026\/01\/cipolle-rosse-caramellate-delizie-di-calabria-front-300x300.jpg\" class=\"attachment-woocommerce_thumbnail size-woocommerce_thumbnail\" alt=\"Cipolle Rosse Caramellate Delizie di Calabria\" srcset=\"https:\/\/www.saporinostri.it\/wp-content\/uploads\/2026\/01\/cipolle-rosse-caramellate-delizie-di-calabria-front-300x300.jpg 300w, https:\/\/www.saporinostri.it\/wp-content\/uploads\/2026\/01\/cipolle-rosse-caramellate-delizie-di-calabria-front-1024x1024.jpg 1024w, https:\/\/www.saporinostri.it\/wp-content\/uploads\/2026\/01\/cipolle-rosse-caramellate-delizie-di-calabria-front-150x150.jpg 150w, https:\/\/www.saporinostri.it\/wp-content\/uploads\/2026\/01\/cipolle-rosse-caramellate-delizie-di-calabria-front-768x768.jpg 768w, https:\/\/www.saporinostri.it\/wp-content\/uploads\/2026\/01\/cipolle-rosse-caramellate-delizie-di-calabria-front-12x12.jpg 12w, https:\/\/www.saporinostri.it\/wp-content\/uploads\/2026\/01\/cipolle-rosse-caramellate-delizie-di-calabria-front-70x70.jpg 70w, https:\/\/www.saporinostri.it\/wp-content\/uploads\/2026\/01\/cipolle-rosse-caramellate-delizie-di-calabria-front-500x500.jpg 500w, https:\/\/www.saporinostri.it\/wp-content\/uploads\/2026\/01\/cipolle-rosse-caramellate-delizie-di-calabria-front-990x990.jpg 990w, https:\/\/www.saporinostri.it\/wp-content\/uploads\/2026\/01\/cipolle-rosse-caramellate-delizie-di-calabria-front-441x441.jpg 441w, https:\/\/www.saporinostri.it\/wp-content\/uploads\/2026\/01\/cipolle-rosse-caramellate-delizie-di-calabria-front-100x100.jpg 100w, https:\/\/www.saporinostri.it\/wp-content\/uploads\/2026\/01\/cipolle-rosse-caramellate-delizie-di-calabria-front-800x800.jpg 800w, https:\/\/www.saporinostri.it\/wp-content\/uploads\/2026\/01\/cipolle-rosse-caramellate-delizie-di-calabria-front-32x32.jpg 32w, https:\/\/www.saporinostri.it\/wp-content\/uploads\/2026\/01\/cipolle-rosse-caramellate-delizie-di-calabria-front-64x64.jpg 64w, https:\/\/www.saporinostri.it\/wp-content\/uploads\/2026\/01\/cipolle-rosse-caramellate-delizie-di-calabria-front.jpg 1280w\" sizes=\"(max-width: 360px) 147px, (max-width: 300px) 100vw, 300px\" \/><\/noscript>\t\t\t\n\t<\/div><\/div><\/a><\/div><div class=\"woocommerce-card__header\">\t\t\t\t\t<p class=\"product__categories\"><a href=\"https:\/\/www.saporinostri.it\/fr\/conserve\/\" rel=\"tag\">Conserve<\/a>, <a href=\"https:\/\/www.saporinostri.it\/fr\/conserve\/salse-di-accompagnamento\/\" rel=\"tag\">Salse di Accompagnamento<\/a><\/p>\t\t\t\t<div class=\"woocommerce-loop-product__title\"><a tabindex=\"0\" href=\"https:\/\/www.saporinostri.it\/fr\/cipolle-rosse-caramellate-tropea-calabria-igp-delizie-di-calabria\/\" aria-label=\"Cipolle Rosse Caramellate di Tropea Calabria IGP 590 g  Delizie di Calabria\" class=\"woocommerce-LoopProduct-link woocommerce-loop-product__link\">Cipolle Rosse Caramellate di Tropea Calabria IGP 590 g  Delizie di Calabria<\/a><\/div>\n\t<span class=\"price\"><del aria-hidden=\"true\"><span class=\"woocommerce-Price-amount amount\"><bdi><span class=\"woocommerce-Price-currencySymbol\">&euro;<\/span>10,69<\/bdi><\/span><\/del> <span class=\"screen-reader-text\">Le prix initial \u00e9tait\u00a0: &euro;10,69.<\/span><ins aria-hidden=\"true\"><span class=\"woocommerce-Price-amount amount\"><bdi><span class=\"woocommerce-Price-currencySymbol\">&euro;<\/span>9,49<\/bdi><\/span><\/ins><span class=\"screen-reader-text\">Le prix actuel est\u00a0: &euro;9,49.<\/span><\/span>\n<\/a><div class=\"woocommerce-loop-product__buttons\"><a href=\"\/fr\/wp-json\/wp\/v2\/pages\/18815?add-to-cart=38073\" aria-describedby=\"woocommerce_loop_add_to_cart_link_describedby_38073\" data-quantity=\"1\" class=\"button product_type_simple add_to_cart_button ajax_add_to_cart\" data-product_id=\"38073\" data-product_sku=\"\" aria-label=\"Ajouter au panier\u00a0: &ldquo;Cipolle Rosse Caramellate di Tropea Calabria IGP 590 g  Delizie di Calabria&rdquo;\" rel=\"nofollow\" data-success_message=\"\u00ab\u00a0Cipolle Rosse Caramellate di Tropea Calabria IGP 590 g  Delizie di Calabria\u00a0\u00bb a \u00e9t\u00e9 ajout\u00e9 \u00e0 votre panier\" role=\"button\">Ajouter au panier<\/a><\/div>\t<span id=\"woocommerce_loop_add_to_cart_link_describedby_38073\" class=\"screen-reader-text\">\n\t\t\t<\/span>\n\t\t\t<input type=\"hidden\" class=\"pmwProductId\" data-id=\"38073\">\n\t\t\t\t\t<script>\n\t\t\t(window.pmwDataLayer = window.pmwDataLayer || {}).products                = window.pmwDataLayer.products || {};\n\t\t\twindow.pmwDataLayer.products[38073] = {\"id\":\"38073\",\"sku\":\"\",\"price\":9.49,\"brand\":\"\",\"quantity\":1,\"dyn_r_ids\":{\"post_id\":\"38073\",\"sku\":38073,\"gpf\":\"woocommerce_gpf_38073\",\"gla\":\"gla_38073\"},\"is_variable\":false,\"type\":\"simple\",\"name\":\"Cipolle Rosse Caramellate di Tropea Calabria IGP 590 g  Delizie di Calabria\",\"category\":[\"Conserve\",\"Salse di Accompagnamento\"],\"is_variation\":false};\n\t\t\t\t\twindow.pmw_product_position = window.pmw_product_position || 1;\n\t\twindow.pmwDataLayer.products[38073]['position'] = window.pmw_product_position++;\n\t\t\t\t<\/script>\n\t\t<\/div><\/li>\n<li class=\"product type-product post-38066 status-publish instock product_cat-gourmet product_cat-salse-di-accompagnamento has-post-thumbnail sale taxable shipping-taxable purchasable product-type-simple\" style=\"--span: 1;\">\n\t<div class=\"commercekit-wishlist mini\" data-product-id=\"38066\"><a href=\"#\" class=\"commercekit-save-wishlist\" data-product-id=\"38066\" data-type=\"list\" title=\"Wishlist\" aria-label=\"Wishlist\"><em class=\"cg-wishlist\"><\/em><span><\/span><\/a><\/div><a href=\"https:\/\/www.saporinostri.it\/fr\/aceto-melannurca-campana-igp-andrea-milano\/\" class=\"woocommerce-LoopProduct-link woocommerce-loop-product__link\"><div class=\"woocommerce-image__wrapper\"><a href=\"https:\/\/www.saporinostri.it\/fr\/aceto-melannurca-campana-igp-andrea-milano\/\" title=\"Aceto di Melannurca Campana IGP Andrea Milano 500ml\" class=\"woocommerce-LoopProduct-link woocommerce-loop-product__link\"><span class=\"sale-item product-label type-circle\">-18%<\/span><div class=\"shoptimizer-plp-carousel-container\"><div class=\"shoptimizer-plp-image-wrapper\"><img decoding=\"async\" width=\"300\" height=\"300\" data-src=\"https:\/\/www.saporinostri.it\/wp-content\/uploads\/2026\/01\/aceto-di-melannurca-campana-igp-andrea-milano-front-300x300.jpg\" class=\"attachment-woocommerce_thumbnail size-woocommerce_thumbnail lazyload\" alt=\"Aceto di Melannurca Campana IGP Andrea Milano\" data-srcset=\"https:\/\/www.saporinostri.it\/wp-content\/uploads\/2026\/01\/aceto-di-melannurca-campana-igp-andrea-milano-front-300x300.jpg 300w, https:\/\/www.saporinostri.it\/wp-content\/uploads\/2026\/01\/aceto-di-melannurca-campana-igp-andrea-milano-front-1024x1024.jpg 1024w, https:\/\/www.saporinostri.it\/wp-content\/uploads\/2026\/01\/aceto-di-melannurca-campana-igp-andrea-milano-front-150x150.jpg 150w, https:\/\/www.saporinostri.it\/wp-content\/uploads\/2026\/01\/aceto-di-melannurca-campana-igp-andrea-milano-front-768x768.jpg 768w, https:\/\/www.saporinostri.it\/wp-content\/uploads\/2026\/01\/aceto-di-melannurca-campana-igp-andrea-milano-front-12x12.jpg 12w, https:\/\/www.saporinostri.it\/wp-content\/uploads\/2026\/01\/aceto-di-melannurca-campana-igp-andrea-milano-front-70x70.jpg 70w, https:\/\/www.saporinostri.it\/wp-content\/uploads\/2026\/01\/aceto-di-melannurca-campana-igp-andrea-milano-front-500x500.jpg 500w, https:\/\/www.saporinostri.it\/wp-content\/uploads\/2026\/01\/aceto-di-melannurca-campana-igp-andrea-milano-front-990x990.jpg 990w, https:\/\/www.saporinostri.it\/wp-content\/uploads\/2026\/01\/aceto-di-melannurca-campana-igp-andrea-milano-front-441x441.jpg 441w, https:\/\/www.saporinostri.it\/wp-content\/uploads\/2026\/01\/aceto-di-melannurca-campana-igp-andrea-milano-front-100x100.jpg 100w, https:\/\/www.saporinostri.it\/wp-content\/uploads\/2026\/01\/aceto-di-melannurca-campana-igp-andrea-milano-front-800x800.jpg 800w, https:\/\/www.saporinostri.it\/wp-content\/uploads\/2026\/01\/aceto-di-melannurca-campana-igp-andrea-milano-front-32x32.jpg 32w, https:\/\/www.saporinostri.it\/wp-content\/uploads\/2026\/01\/aceto-di-melannurca-campana-igp-andrea-milano-front-64x64.jpg 64w, https:\/\/www.saporinostri.it\/wp-content\/uploads\/2026\/01\/aceto-di-melannurca-campana-igp-andrea-milano-front.jpg 1280w\" data-sizes=\"(max-width: 360px) 147px, (max-width: 300px) 100vw, 300px\" src=\"data:image\/gif;base64,R0lGODlhAQABAAAAACH5BAEKAAEALAAAAAABAAEAAAICTAEAOw==\" style=\"--smush-placeholder-width: 300px; --smush-placeholder-aspect-ratio: 300\/300;\" \/><noscript><img loading=\"lazy\" decoding=\"async\" width=\"300\" height=\"300\" src=\"https:\/\/www.saporinostri.it\/wp-content\/uploads\/2026\/01\/aceto-di-melannurca-campana-igp-andrea-milano-front-300x300.jpg\" class=\"attachment-woocommerce_thumbnail size-woocommerce_thumbnail\" alt=\"Aceto di Melannurca Campana IGP Andrea Milano\" srcset=\"https:\/\/www.saporinostri.it\/wp-content\/uploads\/2026\/01\/aceto-di-melannurca-campana-igp-andrea-milano-front-300x300.jpg 300w, https:\/\/www.saporinostri.it\/wp-content\/uploads\/2026\/01\/aceto-di-melannurca-campana-igp-andrea-milano-front-1024x1024.jpg 1024w, https:\/\/www.saporinostri.it\/wp-content\/uploads\/2026\/01\/aceto-di-melannurca-campana-igp-andrea-milano-front-150x150.jpg 150w, https:\/\/www.saporinostri.it\/wp-content\/uploads\/2026\/01\/aceto-di-melannurca-campana-igp-andrea-milano-front-768x768.jpg 768w, https:\/\/www.saporinostri.it\/wp-content\/uploads\/2026\/01\/aceto-di-melannurca-campana-igp-andrea-milano-front-12x12.jpg 12w, https:\/\/www.saporinostri.it\/wp-content\/uploads\/2026\/01\/aceto-di-melannurca-campana-igp-andrea-milano-front-70x70.jpg 70w, https:\/\/www.saporinostri.it\/wp-content\/uploads\/2026\/01\/aceto-di-melannurca-campana-igp-andrea-milano-front-500x500.jpg 500w, https:\/\/www.saporinostri.it\/wp-content\/uploads\/2026\/01\/aceto-di-melannurca-campana-igp-andrea-milano-front-990x990.jpg 990w, https:\/\/www.saporinostri.it\/wp-content\/uploads\/2026\/01\/aceto-di-melannurca-campana-igp-andrea-milano-front-441x441.jpg 441w, https:\/\/www.saporinostri.it\/wp-content\/uploads\/2026\/01\/aceto-di-melannurca-campana-igp-andrea-milano-front-100x100.jpg 100w, https:\/\/www.saporinostri.it\/wp-content\/uploads\/2026\/01\/aceto-di-melannurca-campana-igp-andrea-milano-front-800x800.jpg 800w, https:\/\/www.saporinostri.it\/wp-content\/uploads\/2026\/01\/aceto-di-melannurca-campana-igp-andrea-milano-front-32x32.jpg 32w, https:\/\/www.saporinostri.it\/wp-content\/uploads\/2026\/01\/aceto-di-melannurca-campana-igp-andrea-milano-front-64x64.jpg 64w, https:\/\/www.saporinostri.it\/wp-content\/uploads\/2026\/01\/aceto-di-melannurca-campana-igp-andrea-milano-front.jpg 1280w\" sizes=\"(max-width: 360px) 147px, (max-width: 300px) 100vw, 300px\" \/><\/noscript>\t\t\t\n\t<\/div><\/div><\/a><\/div><div class=\"woocommerce-card__header\">\t\t\t\t\t<p class=\"product__categories\"><a href=\"https:\/\/www.saporinostri.it\/fr\/gourmet\/\" rel=\"tag\">Gourmet<\/a>, <a href=\"https:\/\/www.saporinostri.it\/fr\/conserve\/salse-di-accompagnamento\/\" rel=\"tag\">Salse di Accompagnamento<\/a><\/p>\t\t\t\t<div class=\"woocommerce-loop-product__title\"><a tabindex=\"0\" href=\"https:\/\/www.saporinostri.it\/fr\/aceto-melannurca-campana-igp-andrea-milano\/\" aria-label=\"Aceto di Melannurca Campana IGP Andrea Milano 500ml\" class=\"woocommerce-LoopProduct-link woocommerce-loop-product__link\">Aceto di Melannurca Campana IGP Andrea Milano 500ml<\/a><\/div>\n\t<span class=\"price\"><del aria-hidden=\"true\"><span class=\"woocommerce-Price-amount amount\"><bdi><span class=\"woocommerce-Price-currencySymbol\">&euro;<\/span>5,50<\/bdi><\/span><\/del> <span class=\"screen-reader-text\">Le prix initial \u00e9tait\u00a0: &euro;5,50.<\/span><ins aria-hidden=\"true\"><span class=\"woocommerce-Price-amount amount\"><bdi><span class=\"woocommerce-Price-currencySymbol\">&euro;<\/span>4,49<\/bdi><\/span><\/ins><span class=\"screen-reader-text\">Le prix actuel est\u00a0: &euro;4,49.<\/span><\/span>\n<\/a><div class=\"woocommerce-loop-product__buttons\"><a href=\"\/fr\/wp-json\/wp\/v2\/pages\/18815?add-to-cart=38066\" aria-describedby=\"woocommerce_loop_add_to_cart_link_describedby_38066\" data-quantity=\"1\" class=\"button product_type_simple add_to_cart_button ajax_add_to_cart\" data-product_id=\"38066\" data-product_sku=\"8003407211293\" aria-label=\"Ajouter au panier\u00a0: &ldquo;Aceto di Melannurca Campana IGP Andrea Milano 500ml&rdquo;\" rel=\"nofollow\" data-success_message=\"\u00ab\u00a0Aceto di Melannurca Campana IGP Andrea Milano 500ml\u00a0\u00bb a \u00e9t\u00e9 ajout\u00e9 \u00e0 votre panier\" role=\"button\">Ajouter au panier<\/a><\/div>\t<span id=\"woocommerce_loop_add_to_cart_link_describedby_38066\" class=\"screen-reader-text\">\n\t\t\t<\/span>\n\t\t\t<input type=\"hidden\" class=\"pmwProductId\" data-id=\"38066\">\n\t\t\t\t\t<script>\n\t\t\t(window.pmwDataLayer = window.pmwDataLayer || {}).products                = window.pmwDataLayer.products || {};\n\t\t\twindow.pmwDataLayer.products[38066] = {\"id\":\"38066\",\"sku\":\"8003407211293\",\"price\":4.49,\"brand\":\"\",\"quantity\":1,\"dyn_r_ids\":{\"post_id\":\"38066\",\"sku\":\"8003407211293\",\"gpf\":\"woocommerce_gpf_38066\",\"gla\":\"gla_38066\"},\"is_variable\":false,\"type\":\"simple\",\"name\":\"Aceto di Melannurca Campana IGP Andrea Milano 500ml\",\"category\":[\"Gourmet\",\"Salse di Accompagnamento\"],\"is_variation\":false};\n\t\t\t\t\twindow.pmw_product_position = window.pmw_product_position || 1;\n\t\twindow.pmwDataLayer.products[38066]['position'] = window.pmw_product_position++;\n\t\t\t\t<\/script>\n\t\t<\/div><\/li>\n<li class=\"product type-product post-35470 status-publish last instock product_cat-gourmet product_cat-salse-di-accompagnamento has-post-thumbnail sale taxable shipping-taxable purchasable product-type-simple\" style=\"--span: 1;\">\n\t<div class=\"commercekit-wishlist mini\" data-product-id=\"35470\"><a href=\"#\" class=\"commercekit-save-wishlist\" data-product-id=\"35470\" data-type=\"list\" title=\"Wishlist\" aria-label=\"Wishlist\"><em class=\"cg-wishlist\"><\/em><span><\/span><\/a><\/div><a href=\"https:\/\/www.saporinostri.it\/fr\/de-nigris-i-fruttati-frutto-della-passione-condimento-con-aceto-balsamico-di-modena-igp-copia-2\/\" class=\"woocommerce-LoopProduct-link woocommerce-loop-product__link\"><div class=\"woocommerce-image__wrapper\"><a href=\"https:\/\/www.saporinostri.it\/fr\/de-nigris-i-fruttati-frutto-della-passione-condimento-con-aceto-balsamico-di-modena-igp-copia-2\/\" title=\"De Nigris i Fruttati Frutto della Passione Condimento con Aceto Balsamico di Modena IGP\" class=\"woocommerce-LoopProduct-link woocommerce-loop-product__link\"><span class=\"sale-item product-label type-circle\">-18%<\/span><div class=\"shoptimizer-plp-carousel-container\"><div class=\"shoptimizer-plp-image-wrapper\"><img decoding=\"async\" width=\"300\" height=\"300\" data-src=\"https:\/\/www.saporinostri.it\/wp-content\/uploads\/2025\/09\/FRUTTO-DELLA-PASSIONE-600x782.png-300x300.webp\" class=\"attachment-woocommerce_thumbnail size-woocommerce_thumbnail lazyload\" alt=\"De Nigris i Fruttati Frutto della Passione Condimento con Aceto Balsamico di Modena IGP\" data-srcset=\"https:\/\/www.saporinostri.it\/wp-content\/uploads\/2025\/09\/FRUTTO-DELLA-PASSIONE-600x782.png-300x300.webp 300w, https:\/\/www.saporinostri.it\/wp-content\/uploads\/2025\/09\/FRUTTO-DELLA-PASSIONE-600x782.png-150x150.webp 150w, https:\/\/www.saporinostri.it\/wp-content\/uploads\/2025\/09\/FRUTTO-DELLA-PASSIONE-600x782.png-70x70.webp 70w, https:\/\/www.saporinostri.it\/wp-content\/uploads\/2025\/09\/FRUTTO-DELLA-PASSIONE-600x782.png-500x500.webp 500w, https:\/\/www.saporinostri.it\/wp-content\/uploads\/2025\/09\/FRUTTO-DELLA-PASSIONE-600x782.png-100x100.webp 100w, https:\/\/www.saporinostri.it\/wp-content\/uploads\/2025\/09\/FRUTTO-DELLA-PASSIONE-600x782.png-32x32.webp 32w\" data-sizes=\"(max-width: 360px) 147px, (max-width: 300px) 100vw, 300px\" src=\"data:image\/gif;base64,R0lGODlhAQABAAAAACH5BAEKAAEALAAAAAABAAEAAAICTAEAOw==\" style=\"--smush-placeholder-width: 300px; --smush-placeholder-aspect-ratio: 300\/300;\" \/><noscript><img loading=\"lazy\" decoding=\"async\" width=\"300\" height=\"300\" src=\"https:\/\/www.saporinostri.it\/wp-content\/uploads\/2025\/09\/FRUTTO-DELLA-PASSIONE-600x782.png-300x300.webp\" class=\"attachment-woocommerce_thumbnail size-woocommerce_thumbnail\" alt=\"De Nigris i Fruttati Frutto della Passione Condimento con Aceto Balsamico di Modena IGP\" srcset=\"https:\/\/www.saporinostri.it\/wp-content\/uploads\/2025\/09\/FRUTTO-DELLA-PASSIONE-600x782.png-300x300.webp 300w, https:\/\/www.saporinostri.it\/wp-content\/uploads\/2025\/09\/FRUTTO-DELLA-PASSIONE-600x782.png-150x150.webp 150w, https:\/\/www.saporinostri.it\/wp-content\/uploads\/2025\/09\/FRUTTO-DELLA-PASSIONE-600x782.png-70x70.webp 70w, https:\/\/www.saporinostri.it\/wp-content\/uploads\/2025\/09\/FRUTTO-DELLA-PASSIONE-600x782.png-500x500.webp 500w, https:\/\/www.saporinostri.it\/wp-content\/uploads\/2025\/09\/FRUTTO-DELLA-PASSIONE-600x782.png-100x100.webp 100w, https:\/\/www.saporinostri.it\/wp-content\/uploads\/2025\/09\/FRUTTO-DELLA-PASSIONE-600x782.png-32x32.webp 32w\" sizes=\"(max-width: 360px) 147px, (max-width: 300px) 100vw, 300px\" \/><\/noscript>\t\t\t\n\t<\/div><\/div><\/a><\/div><div class=\"woocommerce-card__header\">\t\t\t\t\t<p class=\"product__categories\"><a href=\"https:\/\/www.saporinostri.it\/fr\/gourmet\/\" rel=\"tag\">Gourmet<\/a>, <a href=\"https:\/\/www.saporinostri.it\/fr\/conserve\/salse-di-accompagnamento\/\" rel=\"tag\">Salse di Accompagnamento<\/a><\/p>\t\t\t\t<div class=\"woocommerce-loop-product__title\"><a tabindex=\"0\" href=\"https:\/\/www.saporinostri.it\/fr\/de-nigris-i-fruttati-frutto-della-passione-condimento-con-aceto-balsamico-di-modena-igp-copia-2\/\" aria-label=\"De Nigris i Fruttati Frutto della Passione Condimento con Aceto Balsamico di Modena IGP\" class=\"woocommerce-LoopProduct-link woocommerce-loop-product__link\">De Nigris i Fruttati Frutto della Passione Condimento con Aceto Balsamico di Modena IGP<\/a><\/div>\n\t<span class=\"price\"><del aria-hidden=\"true\"><span class=\"woocommerce-Price-amount amount\"><bdi><span class=\"woocommerce-Price-currencySymbol\">&euro;<\/span>21,99<\/bdi><\/span><\/del> <span class=\"screen-reader-text\">Le prix initial \u00e9tait\u00a0: &euro;21,99.<\/span><ins aria-hidden=\"true\"><span class=\"woocommerce-Price-amount amount\"><bdi><span class=\"woocommerce-Price-currencySymbol\">&euro;<\/span>17,99<\/bdi><\/span><\/ins><span class=\"screen-reader-text\">Le prix actuel est\u00a0: &euro;17,99.<\/span><\/span>\n<\/a><div class=\"woocommerce-loop-product__buttons\"><a href=\"\/fr\/wp-json\/wp\/v2\/pages\/18815?add-to-cart=35470\" aria-describedby=\"woocommerce_loop_add_to_cart_link_describedby_35470\" data-quantity=\"1\" class=\"button product_type_simple add_to_cart_button ajax_add_to_cart\" data-product_id=\"35470\" data-product_sku=\"8032754439975\" aria-label=\"Ajouter au panier\u00a0: &ldquo;De Nigris i Fruttati Frutto della Passione Condimento con Aceto Balsamico di Modena IGP&rdquo;\" rel=\"nofollow\" data-success_message=\"\u00ab\u00a0De Nigris i Fruttati Frutto della Passione Condimento con Aceto Balsamico di Modena IGP\u00a0\u00bb a \u00e9t\u00e9 ajout\u00e9 \u00e0 votre panier\" role=\"button\">Ajouter au panier<\/a><\/div>\t<span id=\"woocommerce_loop_add_to_cart_link_describedby_35470\" class=\"screen-reader-text\">\n\t\t\t<\/span>\n\t\t\t<input type=\"hidden\" class=\"pmwProductId\" data-id=\"35470\">\n\t\t\t\t\t<script>\n\t\t\t(window.pmwDataLayer = window.pmwDataLayer || {}).products                = window.pmwDataLayer.products || {};\n\t\t\twindow.pmwDataLayer.products[35470] = {\"id\":\"35470\",\"sku\":\"8032754439975\",\"price\":17.99,\"brand\":\"\",\"quantity\":1,\"dyn_r_ids\":{\"post_id\":\"35470\",\"sku\":\"8032754439975\",\"gpf\":\"woocommerce_gpf_35470\",\"gla\":\"gla_35470\"},\"is_variable\":false,\"type\":\"simple\",\"name\":\"De Nigris i Fruttati Frutto della Passione Condimento con Aceto Balsamico di Modena IGP\",\"category\":[\"Gourmet\",\"Salse di Accompagnamento\"],\"is_variation\":false};\n\t\t\t\t\twindow.pmw_product_position = window.pmw_product_position || 1;\n\t\twindow.pmwDataLayer.products[35470]['position'] = window.pmw_product_position++;\n\t\t\t\t<\/script>\n\t\t<\/div><\/li>\n<\/ul>\n<\/div>\t\t\t\t<\/div>\n\t\t\t\t<\/div>\n\t\t\t\t\t<\/div>\n\t\t\t\t<\/div>\n\t\t<div class=\"elementor-element elementor-element-05716f9 e-grid e-con-boxed e-con e-child\" data-id=\"05716f9\" data-element_type=\"container\" data-e-type=\"container\">\n\t\t\t\t\t<div class=\"e-con-inner\">\n\t\t<div class=\"elementor-element elementor-element-3264e49 e-con-full e-flex e-con e-child\" data-id=\"3264e49\" data-element_type=\"container\" data-e-type=\"container\" data-settings=\"{&quot;background_background&quot;:&quot;classic&quot;}\">\n\t\t\t\t<div class=\"elementor-element elementor-element-c9e683f elementor-widget elementor-widget-heading\" data-id=\"c9e683f\" data-element_type=\"widget\" data-e-type=\"widget\" data-widget_type=\"heading.default\">\n\t\t\t\t<div class=\"elementor-widget-container\">\n\t\t\t\t\t<h2 class=\"elementor-heading-title elementor-size-default\">Selezioni Courmet<\/h2>\t\t\t\t<\/div>\n\t\t\t\t<\/div>\n\t\t\t\t<div class=\"elementor-element elementor-element-c454c47 elementor-widget elementor-widget-button\" data-id=\"c454c47\" data-element_type=\"widget\" data-e-type=\"widget\" data-widget_type=\"button.default\">\n\t\t\t\t<div class=\"elementor-widget-container\">\n\t\t\t\t\t\t\t\t\t<div class=\"elementor-button-wrapper\">\n\t\t\t\t\t<a class=\"elementor-button elementor-button-link elementor-size-sm\" href=\"https:\/\/www.saporinostri.it\/fr\/gourmet\/\">\n\t\t\t\t\t\t<span class=\"elementor-button-content-wrapper\">\n\t\t\t\t\t\t\t\t\t<span class=\"elementor-button-text\">Acquista ora<\/span>\n\t\t\t\t\t<\/span>\n\t\t\t\t\t<\/a>\n\t\t\t\t<\/div>\n\t\t\t\t\t\t\t\t<\/div>\n\t\t\t\t<\/div>\n\t\t\t\t<\/div>\n\t\t<div class=\"elementor-element elementor-element-7b6b0ee e-con-full e-flex e-con e-child\" data-id=\"7b6b0ee\" data-element_type=\"container\" data-e-type=\"container\" data-settings=\"{&quot;background_background&quot;:&quot;classic&quot;}\">\n\t\t\t\t<div class=\"elementor-element elementor-element-0aa9e16 elementor-widget elementor-widget-heading\" data-id=\"0aa9e16\" data-element_type=\"widget\" data-e-type=\"widget\" data-widget_type=\"heading.default\">\n\t\t\t\t<div class=\"elementor-widget-container\">\n\t\t\t\t\t<h2 class=\"elementor-heading-title elementor-size-default\">Conserve di Pomodoro<\/h2>\t\t\t\t<\/div>\n\t\t\t\t<\/div>\n\t\t\t\t<div class=\"elementor-element elementor-element-81dfc9e elementor-widget elementor-widget-button\" data-id=\"81dfc9e\" data-element_type=\"widget\" data-e-type=\"widget\" data-widget_type=\"button.default\">\n\t\t\t\t<div class=\"elementor-widget-container\">\n\t\t\t\t\t\t\t\t\t<div class=\"elementor-button-wrapper\">\n\t\t\t\t\t<a class=\"elementor-button elementor-button-link elementor-size-sm\" href=\"https:\/\/www.saporinostri.it\/fr\/conserve\/pomodori\/\">\n\t\t\t\t\t\t<span class=\"elementor-button-content-wrapper\">\n\t\t\t\t\t\t\t\t\t<span class=\"elementor-button-text\">Acquista ora<\/span>\n\t\t\t\t\t<\/span>\n\t\t\t\t\t<\/a>\n\t\t\t\t<\/div>\n\t\t\t\t\t\t\t\t<\/div>\n\t\t\t\t<\/div>\n\t\t\t\t<\/div>\n\t\t\t\t\t<\/div>\n\t\t\t\t<\/div>\n\t\t<div class=\"elementor-element elementor-element-418500a e-flex e-con-boxed e-con e-parent\" data-id=\"418500a\" data-element_type=\"container\" data-e-type=\"container\">\n\t\t\t\t\t<div class=\"e-con-inner\">\n\t\t\t\t<div class=\"elementor-element elementor-element-bf72bda elementor-grid-6 elementor-grid-tablet-3 elementor-grid-mobile-2 elementor-products-grid elementor-wc-products elementor-widget elementor-widget-woocommerce-products\" data-id=\"bf72bda\" data-element_type=\"widget\" data-e-type=\"widget\" data-widget_type=\"woocommerce-products.default\">\n\t\t\t\t<div class=\"elementor-widget-container\">\n\t\t\t\t\t<div class=\"woocommerce columns-6 \"><ul class=\"products elementor-grid columns-6\">\n<li class=\"product type-product post-7644 status-publish first instock product_cat-conserve product_cat-pomodori has-post-thumbnail sale taxable shipping-taxable purchasable product-type-simple\" style=\"--span: 1;\">\n\t<div class=\"commercekit-wishlist mini\" data-product-id=\"7644\"><a href=\"#\" class=\"commercekit-save-wishlist\" data-product-id=\"7644\" data-type=\"list\" title=\"Wishlist\" aria-label=\"Wishlist\"><em class=\"cg-wishlist\"><\/em><span><\/span><\/a><\/div><a href=\"https:\/\/www.saporinostri.it\/fr\/datterino-giallo-al-naturale-cosi-come-350g\/\" class=\"woocommerce-LoopProduct-link woocommerce-loop-product__link\"><div class=\"woocommerce-image__wrapper\"><a href=\"https:\/\/www.saporinostri.it\/fr\/datterino-giallo-al-naturale-cosi-come-350g\/\" title=\"Datterino Giallo al Naturale Cos\u00ec Com&#8217;\u00e8 350g\" class=\"woocommerce-LoopProduct-link woocommerce-loop-product__link\"><span class=\"sale-item product-label type-circle\">-24%<\/span><div class=\"shoptimizer-plp-carousel-container\"><div class=\"shoptimizer-plp-image-wrapper\"><img decoding=\"async\" width=\"300\" height=\"300\" data-src=\"https:\/\/www.saporinostri.it\/wp-content\/uploads\/2021\/02\/datterino-giallo-al-naturale-cosi-come-350g-300x300.jpg\" class=\"attachment-woocommerce_thumbnail size-woocommerce_thumbnail lazyload\" alt=\"Datterino Giallo al Naturale Cos\u00ec Com&#039;\u00e8 350g\" data-srcset=\"https:\/\/www.saporinostri.it\/wp-content\/uploads\/2021\/02\/datterino-giallo-al-naturale-cosi-come-350g-300x300.jpg 300w, https:\/\/www.saporinostri.it\/wp-content\/uploads\/2021\/02\/datterino-giallo-al-naturale-cosi-come-350g-150x150.jpg 150w, https:\/\/www.saporinostri.it\/wp-content\/uploads\/2021\/02\/datterino-giallo-al-naturale-cosi-come-350g-800x800.jpg 800w, https:\/\/www.saporinostri.it\/wp-content\/uploads\/2021\/02\/datterino-giallo-al-naturale-cosi-come-350g-1024x1024.jpg 1024w, https:\/\/www.saporinostri.it\/wp-content\/uploads\/2021\/02\/datterino-giallo-al-naturale-cosi-come-350g-768x768.jpg 768w, https:\/\/www.saporinostri.it\/wp-content\/uploads\/2021\/02\/datterino-giallo-al-naturale-cosi-come-350g-400x400.jpg 400w, https:\/\/www.saporinostri.it\/wp-content\/uploads\/2021\/02\/datterino-giallo-al-naturale-cosi-come-350g-640x640.jpg 640w, https:\/\/www.saporinostri.it\/wp-content\/uploads\/2021\/02\/datterino-giallo-al-naturale-cosi-come-350g-85x85.jpg 85w, https:\/\/www.saporinostri.it\/wp-content\/uploads\/2021\/02\/datterino-giallo-al-naturale-cosi-come-350g-32x32.jpg 32w, https:\/\/www.saporinostri.it\/wp-content\/uploads\/2021\/02\/datterino-giallo-al-naturale-cosi-come-350g.jpg 1100w\" data-sizes=\"(max-width: 360px) 147px, (max-width: 300px) 100vw, 300px\" src=\"data:image\/gif;base64,R0lGODlhAQABAAAAACH5BAEKAAEALAAAAAABAAEAAAICTAEAOw==\" style=\"--smush-placeholder-width: 300px; --smush-placeholder-aspect-ratio: 300\/300;\" \/><noscript><img loading=\"lazy\" decoding=\"async\" width=\"300\" height=\"300\" src=\"https:\/\/www.saporinostri.it\/wp-content\/uploads\/2021\/02\/datterino-giallo-al-naturale-cosi-come-350g-300x300.jpg\" class=\"attachment-woocommerce_thumbnail size-woocommerce_thumbnail\" alt=\"Datterino Giallo al Naturale Cos\u00ec Com&#039;\u00e8 350g\" srcset=\"https:\/\/www.saporinostri.it\/wp-content\/uploads\/2021\/02\/datterino-giallo-al-naturale-cosi-come-350g-300x300.jpg 300w, https:\/\/www.saporinostri.it\/wp-content\/uploads\/2021\/02\/datterino-giallo-al-naturale-cosi-come-350g-150x150.jpg 150w, https:\/\/www.saporinostri.it\/wp-content\/uploads\/2021\/02\/datterino-giallo-al-naturale-cosi-come-350g-800x800.jpg 800w, https:\/\/www.saporinostri.it\/wp-content\/uploads\/2021\/02\/datterino-giallo-al-naturale-cosi-come-350g-1024x1024.jpg 1024w, https:\/\/www.saporinostri.it\/wp-content\/uploads\/2021\/02\/datterino-giallo-al-naturale-cosi-come-350g-768x768.jpg 768w, https:\/\/www.saporinostri.it\/wp-content\/uploads\/2021\/02\/datterino-giallo-al-naturale-cosi-come-350g-400x400.jpg 400w, https:\/\/www.saporinostri.it\/wp-content\/uploads\/2021\/02\/datterino-giallo-al-naturale-cosi-come-350g-640x640.jpg 640w, https:\/\/www.saporinostri.it\/wp-content\/uploads\/2021\/02\/datterino-giallo-al-naturale-cosi-come-350g-85x85.jpg 85w, https:\/\/www.saporinostri.it\/wp-content\/uploads\/2021\/02\/datterino-giallo-al-naturale-cosi-come-350g-32x32.jpg 32w, https:\/\/www.saporinostri.it\/wp-content\/uploads\/2021\/02\/datterino-giallo-al-naturale-cosi-come-350g.jpg 1100w\" sizes=\"(max-width: 360px) 147px, (max-width: 300px) 100vw, 300px\" \/><\/noscript>\t\t\t\n\t<\/div><\/div><\/a><\/div><div class=\"woocommerce-card__header\">\t\t\t\t\t<p class=\"product__categories\"><a href=\"https:\/\/www.saporinostri.it\/fr\/conserve\/\" rel=\"tag\">Conserve<\/a>, <a href=\"https:\/\/www.saporinostri.it\/fr\/conserve\/pomodori\/\" rel=\"tag\">Pomodori<\/a><\/p>\t\t\t\t<div class=\"woocommerce-loop-product__title\"><a tabindex=\"0\" href=\"https:\/\/www.saporinostri.it\/fr\/datterino-giallo-al-naturale-cosi-come-350g\/\" aria-label=\"Datterino Giallo al Naturale Cos\u00ec Com&#8217;\u00e8 350g\" class=\"woocommerce-LoopProduct-link woocommerce-loop-product__link\">Datterino Giallo al Naturale Cos\u00ec Com&#8217;\u00e8 350g<\/a><\/div><div class=\"star-rating\" role=\"img\" aria-label=\"Note 5.00 sur 5\"><span style=\"width:100%\">Note <strong class=\"rating\">5.00<\/strong> sur 5<\/span><\/div>\n\t<span class=\"price\"><del aria-hidden=\"true\"><span class=\"woocommerce-Price-amount amount\"><bdi><span class=\"woocommerce-Price-currencySymbol\">&euro;<\/span>3,40<\/bdi><\/span><\/del> <span class=\"screen-reader-text\">Le prix initial \u00e9tait\u00a0: &euro;3,40.<\/span><ins aria-hidden=\"true\"><span class=\"woocommerce-Price-amount amount\"><bdi><span class=\"woocommerce-Price-currencySymbol\">&euro;<\/span>2,60<\/bdi><\/span><\/ins><span class=\"screen-reader-text\">Le prix actuel est\u00a0: &euro;2,60.<\/span><\/span>\n<\/a><div class=\"woocommerce-loop-product__buttons\"><a href=\"\/fr\/wp-json\/wp\/v2\/pages\/18815?add-to-cart=7644\" aria-describedby=\"woocommerce_loop_add_to_cart_link_describedby_7644\" data-quantity=\"1\" class=\"button product_type_simple add_to_cart_button ajax_add_to_cart\" data-product_id=\"7644\" data-product_sku=\"8017995100402\" aria-label=\"Ajouter au panier\u00a0: &ldquo;Datterino Giallo al Naturale Cos\u00ec Com&#039;\u00e8 350g&rdquo;\" rel=\"nofollow\" data-success_message=\"\u00ab\u00a0Datterino Giallo al Naturale Cos\u00ec Com&#039;\u00e8 350g\u00a0\u00bb a \u00e9t\u00e9 ajout\u00e9 \u00e0 votre panier\" role=\"button\">Ajouter au panier<\/a><\/div>\t<span id=\"woocommerce_loop_add_to_cart_link_describedby_7644\" class=\"screen-reader-text\">\n\t\t\t<\/span>\n\t\t\t<input type=\"hidden\" class=\"pmwProductId\" data-id=\"7644\">\n\t\t\t\t\t<script>\n\t\t\t(window.pmwDataLayer = window.pmwDataLayer || {}).products                = window.pmwDataLayer.products || {};\n\t\t\twindow.pmwDataLayer.products[7644] = {\"id\":\"7644\",\"sku\":\"8017995100402\",\"price\":2.6,\"brand\":\"\",\"quantity\":1,\"dyn_r_ids\":{\"post_id\":\"7644\",\"sku\":\"8017995100402\",\"gpf\":\"woocommerce_gpf_7644\",\"gla\":\"gla_7644\"},\"is_variable\":false,\"type\":\"simple\",\"name\":\"Datterino Giallo al Naturale Cos\u00ec Com'\u00e8 350g\",\"category\":[\"Conserve\",\"Pomodori\"],\"is_variation\":false};\n\t\t\t\t\twindow.pmw_product_position = window.pmw_product_position || 1;\n\t\twindow.pmwDataLayer.products[7644]['position'] = window.pmw_product_position++;\n\t\t\t\t<\/script>\n\t\t<\/div><\/li>\n<li class=\"product type-product post-7655 status-publish instock product_cat-conserve product_cat-pomodori has-post-thumbnail sale taxable shipping-taxable purchasable product-type-simple\" style=\"--span: 1;\">\n\t<div class=\"commercekit-wishlist mini\" data-product-id=\"7655\"><a href=\"#\" class=\"commercekit-save-wishlist\" data-product-id=\"7655\" data-type=\"list\" title=\"Wishlist\" aria-label=\"Wishlist\"><em class=\"cg-wishlist\"><\/em><span><\/span><\/a><\/div><a href=\"https:\/\/www.saporinostri.it\/fr\/datterino-rosso-al-naturale-cosi-come-350g\/\" class=\"woocommerce-LoopProduct-link woocommerce-loop-product__link\"><div class=\"woocommerce-image__wrapper\"><a href=\"https:\/\/www.saporinostri.it\/fr\/datterino-rosso-al-naturale-cosi-come-350g\/\" title=\"Datterino Rosso al Naturale Cos\u00ec Com&#8217;\u00e8 350g\" class=\"woocommerce-LoopProduct-link woocommerce-loop-product__link\"><span class=\"sale-item product-label type-circle\">-13%<\/span><div class=\"shoptimizer-plp-carousel-container\"><div class=\"shoptimizer-plp-image-wrapper\"><img decoding=\"async\" width=\"300\" height=\"300\" data-src=\"https:\/\/www.saporinostri.it\/wp-content\/uploads\/2021\/02\/datterino-rosso-al-naturale-cosi-come-350g-300x300.jpg\" class=\"attachment-woocommerce_thumbnail size-woocommerce_thumbnail lazyload\" alt=\"Datterino Rosso al Naturale Cos\u00ec Com&#039;\u00e8 350g\" data-srcset=\"https:\/\/www.saporinostri.it\/wp-content\/uploads\/2021\/02\/datterino-rosso-al-naturale-cosi-come-350g-300x300.jpg 300w, https:\/\/www.saporinostri.it\/wp-content\/uploads\/2021\/02\/datterino-rosso-al-naturale-cosi-come-350g-150x150.jpg 150w, https:\/\/www.saporinostri.it\/wp-content\/uploads\/2021\/02\/datterino-rosso-al-naturale-cosi-come-350g-800x800.jpg 800w, https:\/\/www.saporinostri.it\/wp-content\/uploads\/2021\/02\/datterino-rosso-al-naturale-cosi-come-350g-1024x1024.jpg 1024w, https:\/\/www.saporinostri.it\/wp-content\/uploads\/2021\/02\/datterino-rosso-al-naturale-cosi-come-350g-768x768.jpg 768w, https:\/\/www.saporinostri.it\/wp-content\/uploads\/2021\/02\/datterino-rosso-al-naturale-cosi-come-350g-400x400.jpg 400w, https:\/\/www.saporinostri.it\/wp-content\/uploads\/2021\/02\/datterino-rosso-al-naturale-cosi-come-350g-640x640.jpg 640w, https:\/\/www.saporinostri.it\/wp-content\/uploads\/2021\/02\/datterino-rosso-al-naturale-cosi-come-350g-85x85.jpg 85w, https:\/\/www.saporinostri.it\/wp-content\/uploads\/2021\/02\/datterino-rosso-al-naturale-cosi-come-350g-32x32.jpg 32w, https:\/\/www.saporinostri.it\/wp-content\/uploads\/2021\/02\/datterino-rosso-al-naturale-cosi-come-350g.jpg 1100w\" data-sizes=\"(max-width: 360px) 147px, (max-width: 300px) 100vw, 300px\" src=\"data:image\/gif;base64,R0lGODlhAQABAAAAACH5BAEKAAEALAAAAAABAAEAAAICTAEAOw==\" style=\"--smush-placeholder-width: 300px; --smush-placeholder-aspect-ratio: 300\/300;\" \/><noscript><img loading=\"lazy\" decoding=\"async\" width=\"300\" height=\"300\" src=\"https:\/\/www.saporinostri.it\/wp-content\/uploads\/2021\/02\/datterino-rosso-al-naturale-cosi-come-350g-300x300.jpg\" class=\"attachment-woocommerce_thumbnail size-woocommerce_thumbnail\" alt=\"Datterino Rosso al Naturale Cos\u00ec Com&#039;\u00e8 350g\" srcset=\"https:\/\/www.saporinostri.it\/wp-content\/uploads\/2021\/02\/datterino-rosso-al-naturale-cosi-come-350g-300x300.jpg 300w, https:\/\/www.saporinostri.it\/wp-content\/uploads\/2021\/02\/datterino-rosso-al-naturale-cosi-come-350g-150x150.jpg 150w, https:\/\/www.saporinostri.it\/wp-content\/uploads\/2021\/02\/datterino-rosso-al-naturale-cosi-come-350g-800x800.jpg 800w, https:\/\/www.saporinostri.it\/wp-content\/uploads\/2021\/02\/datterino-rosso-al-naturale-cosi-come-350g-1024x1024.jpg 1024w, https:\/\/www.saporinostri.it\/wp-content\/uploads\/2021\/02\/datterino-rosso-al-naturale-cosi-come-350g-768x768.jpg 768w, https:\/\/www.saporinostri.it\/wp-content\/uploads\/2021\/02\/datterino-rosso-al-naturale-cosi-come-350g-400x400.jpg 400w, https:\/\/www.saporinostri.it\/wp-content\/uploads\/2021\/02\/datterino-rosso-al-naturale-cosi-come-350g-640x640.jpg 640w, https:\/\/www.saporinostri.it\/wp-content\/uploads\/2021\/02\/datterino-rosso-al-naturale-cosi-come-350g-85x85.jpg 85w, https:\/\/www.saporinostri.it\/wp-content\/uploads\/2021\/02\/datterino-rosso-al-naturale-cosi-come-350g-32x32.jpg 32w, https:\/\/www.saporinostri.it\/wp-content\/uploads\/2021\/02\/datterino-rosso-al-naturale-cosi-come-350g.jpg 1100w\" sizes=\"(max-width: 360px) 147px, (max-width: 300px) 100vw, 300px\" \/><\/noscript>\t\t\t\n\t<\/div><\/div><\/a><\/div><div class=\"woocommerce-card__header\">\t\t\t\t\t<p class=\"product__categories\"><a href=\"https:\/\/www.saporinostri.it\/fr\/conserve\/\" rel=\"tag\">Conserve<\/a>, <a href=\"https:\/\/www.saporinostri.it\/fr\/conserve\/pomodori\/\" rel=\"tag\">Pomodori<\/a><\/p>\t\t\t\t<div class=\"woocommerce-loop-product__title\"><a tabindex=\"0\" href=\"https:\/\/www.saporinostri.it\/fr\/datterino-rosso-al-naturale-cosi-come-350g\/\" aria-label=\"Datterino Rosso al Naturale Cos\u00ec Com&#8217;\u00e8 350g\" class=\"woocommerce-LoopProduct-link woocommerce-loop-product__link\">Datterino Rosso al Naturale Cos\u00ec Com&#8217;\u00e8 350g<\/a><\/div><div class=\"star-rating\" role=\"img\" aria-label=\"Note 5.00 sur 5\"><span style=\"width:100%\">Note <strong class=\"rating\">5.00<\/strong> sur 5<\/span><\/div>\n\t<span class=\"price\"><del aria-hidden=\"true\"><span class=\"woocommerce-Price-amount amount\"><bdi><span class=\"woocommerce-Price-currencySymbol\">&euro;<\/span>3,40<\/bdi><\/span><\/del> <span class=\"screen-reader-text\">Le prix initial \u00e9tait\u00a0: &euro;3,40.<\/span><ins aria-hidden=\"true\"><span class=\"woocommerce-Price-amount amount\"><bdi><span class=\"woocommerce-Price-currencySymbol\">&euro;<\/span>2,95<\/bdi><\/span><\/ins><span class=\"screen-reader-text\">Le prix actuel est\u00a0: &euro;2,95.<\/span><\/span>\n<\/a><div class=\"woocommerce-loop-product__buttons\"><a href=\"\/fr\/wp-json\/wp\/v2\/pages\/18815?add-to-cart=7655\" aria-describedby=\"woocommerce_loop_add_to_cart_link_describedby_7655\" data-quantity=\"1\" class=\"button product_type_simple add_to_cart_button ajax_add_to_cart\" data-product_id=\"7655\" data-product_sku=\"8017995100396\" aria-label=\"Ajouter au panier\u00a0: &ldquo;Datterino Rosso al Naturale Cos\u00ec Com&#039;\u00e8 350g&rdquo;\" rel=\"nofollow\" data-success_message=\"\u00ab\u00a0Datterino Rosso al Naturale Cos\u00ec Com&#039;\u00e8 350g\u00a0\u00bb a \u00e9t\u00e9 ajout\u00e9 \u00e0 votre panier\" role=\"button\">Ajouter au panier<\/a><\/div>\t<span id=\"woocommerce_loop_add_to_cart_link_describedby_7655\" class=\"screen-reader-text\">\n\t\t\t<\/span>\n\t\t\t<input type=\"hidden\" class=\"pmwProductId\" data-id=\"7655\">\n\t\t\t\t\t<script>\n\t\t\t(window.pmwDataLayer = window.pmwDataLayer || {}).products                = window.pmwDataLayer.products || {};\n\t\t\twindow.pmwDataLayer.products[7655] = {\"id\":\"7655\",\"sku\":\"8017995100396\",\"price\":2.95,\"brand\":\"\",\"quantity\":1,\"dyn_r_ids\":{\"post_id\":\"7655\",\"sku\":\"8017995100396\",\"gpf\":\"woocommerce_gpf_7655\",\"gla\":\"gla_7655\"},\"is_variable\":false,\"type\":\"simple\",\"name\":\"Datterino Rosso al Naturale Cos\u00ec Com'\u00e8 350g\",\"category\":[\"Conserve\",\"Pomodori\"],\"is_variation\":false};\n\t\t\t\t\twindow.pmw_product_position = window.pmw_product_position || 1;\n\t\twindow.pmwDataLayer.products[7655]['position'] = window.pmw_product_position++;\n\t\t\t\t<\/script>\n\t\t<\/div><\/li>\n<li class=\"product type-product post-8637 status-publish instock product_cat-conserve product_cat-pomodori has-post-thumbnail sale taxable shipping-taxable purchasable product-type-simple\" style=\"--span: 1;\">\n\t<div class=\"commercekit-wishlist mini\" data-product-id=\"8637\"><a href=\"#\" class=\"commercekit-save-wishlist\" data-product-id=\"8637\" data-type=\"list\" title=\"Wishlist\" aria-label=\"Wishlist\"><em class=\"cg-wishlist\"><\/em><span><\/span><\/a><\/div><a href=\"https:\/\/www.saporinostri.it\/fr\/datterino-giallo-in-acqua-di-mare-cosi-come-350g\/\" class=\"woocommerce-LoopProduct-link woocommerce-loop-product__link\"><div class=\"woocommerce-image__wrapper\"><a href=\"https:\/\/www.saporinostri.it\/fr\/datterino-giallo-in-acqua-di-mare-cosi-come-350g\/\" title=\"Datterino Giallo in Acqua di Mare Cos\u00ec Com&#8217;\u00e8 350g\" class=\"woocommerce-LoopProduct-link woocommerce-loop-product__link\"><span class=\"sale-item product-label type-circle\">-17%<\/span><div class=\"shoptimizer-plp-carousel-container\"><div class=\"shoptimizer-plp-image-wrapper\"><img decoding=\"async\" width=\"300\" height=\"300\" data-src=\"https:\/\/www.saporinostri.it\/wp-content\/uploads\/2021\/03\/datterino-giallo-in-acqua-di-mare-cosi-come-front-300x300.jpg\" class=\"attachment-woocommerce_thumbnail size-woocommerce_thumbnail lazyload\" alt=\"Datterino Giallo in Acqua di Mare Cos\u00ec Com&#039;\u00e8 350g\" data-srcset=\"https:\/\/www.saporinostri.it\/wp-content\/uploads\/2021\/03\/datterino-giallo-in-acqua-di-mare-cosi-come-front-300x300.jpg 300w, https:\/\/www.saporinostri.it\/wp-content\/uploads\/2021\/03\/datterino-giallo-in-acqua-di-mare-cosi-come-front-1024x1024.jpg 1024w, https:\/\/www.saporinostri.it\/wp-content\/uploads\/2021\/03\/datterino-giallo-in-acqua-di-mare-cosi-come-front-150x150.jpg 150w, https:\/\/www.saporinostri.it\/wp-content\/uploads\/2021\/03\/datterino-giallo-in-acqua-di-mare-cosi-come-front-768x768.jpg 768w, https:\/\/www.saporinostri.it\/wp-content\/uploads\/2021\/03\/datterino-giallo-in-acqua-di-mare-cosi-come-front-12x12.jpg 12w, https:\/\/www.saporinostri.it\/wp-content\/uploads\/2021\/03\/datterino-giallo-in-acqua-di-mare-cosi-come-front-70x70.jpg 70w, https:\/\/www.saporinostri.it\/wp-content\/uploads\/2021\/03\/datterino-giallo-in-acqua-di-mare-cosi-come-front-500x500.jpg 500w, https:\/\/www.saporinostri.it\/wp-content\/uploads\/2021\/03\/datterino-giallo-in-acqua-di-mare-cosi-come-front-990x990.jpg 990w, https:\/\/www.saporinostri.it\/wp-content\/uploads\/2021\/03\/datterino-giallo-in-acqua-di-mare-cosi-come-front-441x441.jpg 441w, https:\/\/www.saporinostri.it\/wp-content\/uploads\/2021\/03\/datterino-giallo-in-acqua-di-mare-cosi-come-front-800x800.jpg 800w, https:\/\/www.saporinostri.it\/wp-content\/uploads\/2021\/03\/datterino-giallo-in-acqua-di-mare-cosi-come-front-64x64.jpg 64w, https:\/\/www.saporinostri.it\/wp-content\/uploads\/2021\/03\/datterino-giallo-in-acqua-di-mare-cosi-come-front.jpg 1100w\" data-sizes=\"(max-width: 360px) 147px, (max-width: 300px) 100vw, 300px\" src=\"data:image\/gif;base64,R0lGODlhAQABAAAAACH5BAEKAAEALAAAAAABAAEAAAICTAEAOw==\" style=\"--smush-placeholder-width: 300px; --smush-placeholder-aspect-ratio: 300\/300;\" \/><noscript><img loading=\"lazy\" decoding=\"async\" width=\"300\" height=\"300\" src=\"https:\/\/www.saporinostri.it\/wp-content\/uploads\/2021\/03\/datterino-giallo-in-acqua-di-mare-cosi-come-front-300x300.jpg\" class=\"attachment-woocommerce_thumbnail size-woocommerce_thumbnail\" alt=\"Datterino Giallo in Acqua di Mare Cos\u00ec Com&#039;\u00e8 350g\" srcset=\"https:\/\/www.saporinostri.it\/wp-content\/uploads\/2021\/03\/datterino-giallo-in-acqua-di-mare-cosi-come-front-300x300.jpg 300w, https:\/\/www.saporinostri.it\/wp-content\/uploads\/2021\/03\/datterino-giallo-in-acqua-di-mare-cosi-come-front-1024x1024.jpg 1024w, https:\/\/www.saporinostri.it\/wp-content\/uploads\/2021\/03\/datterino-giallo-in-acqua-di-mare-cosi-come-front-150x150.jpg 150w, https:\/\/www.saporinostri.it\/wp-content\/uploads\/2021\/03\/datterino-giallo-in-acqua-di-mare-cosi-come-front-768x768.jpg 768w, https:\/\/www.saporinostri.it\/wp-content\/uploads\/2021\/03\/datterino-giallo-in-acqua-di-mare-cosi-come-front-12x12.jpg 12w, https:\/\/www.saporinostri.it\/wp-content\/uploads\/2021\/03\/datterino-giallo-in-acqua-di-mare-cosi-come-front-70x70.jpg 70w, https:\/\/www.saporinostri.it\/wp-content\/uploads\/2021\/03\/datterino-giallo-in-acqua-di-mare-cosi-come-front-500x500.jpg 500w, https:\/\/www.saporinostri.it\/wp-content\/uploads\/2021\/03\/datterino-giallo-in-acqua-di-mare-cosi-come-front-990x990.jpg 990w, https:\/\/www.saporinostri.it\/wp-content\/uploads\/2021\/03\/datterino-giallo-in-acqua-di-mare-cosi-come-front-441x441.jpg 441w, https:\/\/www.saporinostri.it\/wp-content\/uploads\/2021\/03\/datterino-giallo-in-acqua-di-mare-cosi-come-front-800x800.jpg 800w, https:\/\/www.saporinostri.it\/wp-content\/uploads\/2021\/03\/datterino-giallo-in-acqua-di-mare-cosi-come-front-64x64.jpg 64w, https:\/\/www.saporinostri.it\/wp-content\/uploads\/2021\/03\/datterino-giallo-in-acqua-di-mare-cosi-come-front.jpg 1100w\" sizes=\"(max-width: 360px) 147px, (max-width: 300px) 100vw, 300px\" \/><\/noscript>\t\t\t\n\t<\/div><\/div><\/a><\/div><div class=\"woocommerce-card__header\">\t\t\t\t\t<p class=\"product__categories\"><a href=\"https:\/\/www.saporinostri.it\/fr\/conserve\/\" rel=\"tag\">Conserve<\/a>, <a href=\"https:\/\/www.saporinostri.it\/fr\/conserve\/pomodori\/\" rel=\"tag\">Pomodori<\/a><\/p>\t\t\t\t<div class=\"woocommerce-loop-product__title\"><a tabindex=\"0\" href=\"https:\/\/www.saporinostri.it\/fr\/datterino-giallo-in-acqua-di-mare-cosi-come-350g\/\" aria-label=\"Datterino Giallo in Acqua di Mare Cos\u00ec Com&#8217;\u00e8 350g\" class=\"woocommerce-LoopProduct-link woocommerce-loop-product__link\">Datterino Giallo in Acqua di Mare Cos\u00ec Com&#8217;\u00e8 350g<\/a><\/div><div class=\"star-rating\" role=\"img\" aria-label=\"Note 5.00 sur 5\"><span style=\"width:100%\">Note <strong class=\"rating\">5.00<\/strong> sur 5<\/span><\/div>\n\t<span class=\"price\"><del aria-hidden=\"true\"><span class=\"woocommerce-Price-amount amount\"><bdi><span class=\"woocommerce-Price-currencySymbol\">&euro;<\/span>4,19<\/bdi><\/span><\/del> <span class=\"screen-reader-text\">Le prix initial \u00e9tait\u00a0: &euro;4,19.<\/span><ins aria-hidden=\"true\"><span class=\"woocommerce-Price-amount amount\"><bdi><span class=\"woocommerce-Price-currencySymbol\">&euro;<\/span>3,49<\/bdi><\/span><\/ins><span class=\"screen-reader-text\">Le prix actuel est\u00a0: &euro;3,49.<\/span><\/span>\n<\/a><div class=\"woocommerce-loop-product__buttons\"><a href=\"\/fr\/wp-json\/wp\/v2\/pages\/18815?add-to-cart=8637\" aria-describedby=\"woocommerce_loop_add_to_cart_link_describedby_8637\" data-quantity=\"1\" class=\"button product_type_simple add_to_cart_button ajax_add_to_cart\" data-product_id=\"8637\" data-product_sku=\"8017995200768\" aria-label=\"Ajouter au panier\u00a0: &ldquo;Datterino Giallo in Acqua di Mare Cos\u00ec Com&#039;\u00e8 350g&rdquo;\" rel=\"nofollow\" data-success_message=\"\u00ab\u00a0Datterino Giallo in Acqua di Mare Cos\u00ec Com&#039;\u00e8 350g\u00a0\u00bb a \u00e9t\u00e9 ajout\u00e9 \u00e0 votre panier\" role=\"button\">Ajouter au panier<\/a><\/div>\t<span id=\"woocommerce_loop_add_to_cart_link_describedby_8637\" class=\"screen-reader-text\">\n\t\t\t<\/span>\n\t\t\t<input type=\"hidden\" class=\"pmwProductId\" data-id=\"8637\">\n\t\t\t\t\t<script>\n\t\t\t(window.pmwDataLayer = window.pmwDataLayer || {}).products                = window.pmwDataLayer.products || {};\n\t\t\twindow.pmwDataLayer.products[8637] = {\"id\":\"8637\",\"sku\":\"8017995200768\",\"price\":3.49,\"brand\":\"\",\"quantity\":1,\"dyn_r_ids\":{\"post_id\":\"8637\",\"sku\":\"8017995200768\",\"gpf\":\"woocommerce_gpf_8637\",\"gla\":\"gla_8637\"},\"is_variable\":false,\"type\":\"simple\",\"name\":\"Datterino Giallo in Acqua di Mare Cos\u00ec Com'\u00e8 350g\",\"category\":[\"Conserve\",\"Pomodori\"],\"is_variation\":false};\n\t\t\t\t\twindow.pmw_product_position = window.pmw_product_position || 1;\n\t\twindow.pmwDataLayer.products[8637]['position'] = window.pmw_product_position++;\n\t\t\t\t<\/script>\n\t\t<\/div><\/li>\n<li class=\"product type-product post-8634 status-publish instock product_cat-conserve product_cat-pomodori has-post-thumbnail sale taxable shipping-taxable purchasable product-type-simple\" style=\"--span: 1;\">\n\t<div class=\"commercekit-wishlist mini\" data-product-id=\"8634\"><a href=\"#\" class=\"commercekit-save-wishlist\" data-product-id=\"8634\" data-type=\"list\" title=\"Wishlist\" aria-label=\"Wishlist\"><em class=\"cg-wishlist\"><\/em><span><\/span><\/a><\/div><a href=\"https:\/\/www.saporinostri.it\/fr\/datterino-rosso-in-acqua-di-mare-cosi-come-350g\/\" class=\"woocommerce-LoopProduct-link woocommerce-loop-product__link\"><div class=\"woocommerce-image__wrapper\"><a href=\"https:\/\/www.saporinostri.it\/fr\/datterino-rosso-in-acqua-di-mare-cosi-come-350g\/\" title=\"Datterino Rosso in Acqua di Mare Cos\u00ec Com&#8217;\u00e8 350g\" class=\"woocommerce-LoopProduct-link woocommerce-loop-product__link\"><span class=\"sale-item product-label type-circle\">-16%<\/span><div class=\"shoptimizer-plp-carousel-container\"><div class=\"shoptimizer-plp-image-wrapper\"><img decoding=\"async\" width=\"300\" height=\"300\" data-src=\"https:\/\/www.saporinostri.it\/wp-content\/uploads\/2021\/03\/datterino-rosso-in-acqua-di-mare-cosi-come-350g-300x300.jpg\" class=\"attachment-woocommerce_thumbnail size-woocommerce_thumbnail lazyload\" alt=\"Datterino Rosso in Acqua di Mare Cos\u00ec Com&#039;\u00e8 350g\" data-srcset=\"https:\/\/www.saporinostri.it\/wp-content\/uploads\/2021\/03\/datterino-rosso-in-acqua-di-mare-cosi-come-350g-300x300.jpg 300w, https:\/\/www.saporinostri.it\/wp-content\/uploads\/2021\/03\/datterino-rosso-in-acqua-di-mare-cosi-come-350g-150x150.jpg 150w, https:\/\/www.saporinostri.it\/wp-content\/uploads\/2021\/03\/datterino-rosso-in-acqua-di-mare-cosi-come-350g-800x800.jpg 800w, https:\/\/www.saporinostri.it\/wp-content\/uploads\/2021\/03\/datterino-rosso-in-acqua-di-mare-cosi-come-350g-1024x1024.jpg 1024w, https:\/\/www.saporinostri.it\/wp-content\/uploads\/2021\/03\/datterino-rosso-in-acqua-di-mare-cosi-come-350g-768x768.jpg 768w, https:\/\/www.saporinostri.it\/wp-content\/uploads\/2021\/03\/datterino-rosso-in-acqua-di-mare-cosi-come-350g-640x640.jpg 640w, https:\/\/www.saporinostri.it\/wp-content\/uploads\/2021\/03\/datterino-rosso-in-acqua-di-mare-cosi-come-350g-400x400.jpg 400w, https:\/\/www.saporinostri.it\/wp-content\/uploads\/2021\/03\/datterino-rosso-in-acqua-di-mare-cosi-come-350g-85x85.jpg 85w, https:\/\/www.saporinostri.it\/wp-content\/uploads\/2021\/03\/datterino-rosso-in-acqua-di-mare-cosi-come-350g-32x32.jpg 32w, https:\/\/www.saporinostri.it\/wp-content\/uploads\/2021\/03\/datterino-rosso-in-acqua-di-mare-cosi-come-350g.jpg 1100w\" data-sizes=\"(max-width: 360px) 147px, (max-width: 300px) 100vw, 300px\" src=\"data:image\/gif;base64,R0lGODlhAQABAAAAACH5BAEKAAEALAAAAAABAAEAAAICTAEAOw==\" style=\"--smush-placeholder-width: 300px; --smush-placeholder-aspect-ratio: 300\/300;\" \/><noscript><img loading=\"lazy\" decoding=\"async\" width=\"300\" height=\"300\" src=\"https:\/\/www.saporinostri.it\/wp-content\/uploads\/2021\/03\/datterino-rosso-in-acqua-di-mare-cosi-come-350g-300x300.jpg\" class=\"attachment-woocommerce_thumbnail size-woocommerce_thumbnail\" alt=\"Datterino Rosso in Acqua di Mare Cos\u00ec Com&#039;\u00e8 350g\" srcset=\"https:\/\/www.saporinostri.it\/wp-content\/uploads\/2021\/03\/datterino-rosso-in-acqua-di-mare-cosi-come-350g-300x300.jpg 300w, https:\/\/www.saporinostri.it\/wp-content\/uploads\/2021\/03\/datterino-rosso-in-acqua-di-mare-cosi-come-350g-150x150.jpg 150w, https:\/\/www.saporinostri.it\/wp-content\/uploads\/2021\/03\/datterino-rosso-in-acqua-di-mare-cosi-come-350g-800x800.jpg 800w, https:\/\/www.saporinostri.it\/wp-content\/uploads\/2021\/03\/datterino-rosso-in-acqua-di-mare-cosi-come-350g-1024x1024.jpg 1024w, https:\/\/www.saporinostri.it\/wp-content\/uploads\/2021\/03\/datterino-rosso-in-acqua-di-mare-cosi-come-350g-768x768.jpg 768w, https:\/\/www.saporinostri.it\/wp-content\/uploads\/2021\/03\/datterino-rosso-in-acqua-di-mare-cosi-come-350g-640x640.jpg 640w, https:\/\/www.saporinostri.it\/wp-content\/uploads\/2021\/03\/datterino-rosso-in-acqua-di-mare-cosi-come-350g-400x400.jpg 400w, https:\/\/www.saporinostri.it\/wp-content\/uploads\/2021\/03\/datterino-rosso-in-acqua-di-mare-cosi-come-350g-85x85.jpg 85w, https:\/\/www.saporinostri.it\/wp-content\/uploads\/2021\/03\/datterino-rosso-in-acqua-di-mare-cosi-come-350g-32x32.jpg 32w, https:\/\/www.saporinostri.it\/wp-content\/uploads\/2021\/03\/datterino-rosso-in-acqua-di-mare-cosi-come-350g.jpg 1100w\" sizes=\"(max-width: 360px) 147px, (max-width: 300px) 100vw, 300px\" \/><\/noscript>\t\t\t\n\t<\/div><\/div><\/a><\/div><div class=\"woocommerce-card__header\">\t\t\t\t\t<p class=\"product__categories\"><a href=\"https:\/\/www.saporinostri.it\/fr\/conserve\/\" rel=\"tag\">Conserve<\/a>, <a href=\"https:\/\/www.saporinostri.it\/fr\/conserve\/pomodori\/\" rel=\"tag\">Pomodori<\/a><\/p>\t\t\t\t<div class=\"woocommerce-loop-product__title\"><a tabindex=\"0\" href=\"https:\/\/www.saporinostri.it\/fr\/datterino-rosso-in-acqua-di-mare-cosi-come-350g\/\" aria-label=\"Datterino Rosso in Acqua di Mare Cos\u00ec Com&#8217;\u00e8 350g\" class=\"woocommerce-LoopProduct-link woocommerce-loop-product__link\">Datterino Rosso in Acqua di Mare Cos\u00ec Com&#8217;\u00e8 350g<\/a><\/div><div class=\"star-rating\" role=\"img\" aria-label=\"Note 5.00 sur 5\"><span style=\"width:100%\">Note <strong class=\"rating\">5.00<\/strong> sur 5<\/span><\/div>\n\t<span class=\"price\"><del aria-hidden=\"true\"><span class=\"woocommerce-Price-amount amount\"><bdi><span class=\"woocommerce-Price-currencySymbol\">&euro;<\/span>3,90<\/bdi><\/span><\/del> <span class=\"screen-reader-text\">Le prix initial \u00e9tait\u00a0: &euro;3,90.<\/span><ins aria-hidden=\"true\"><span class=\"woocommerce-Price-amount amount\"><bdi><span class=\"woocommerce-Price-currencySymbol\">&euro;<\/span>3,29<\/bdi><\/span><\/ins><span class=\"screen-reader-text\">Le prix actuel est\u00a0: &euro;3,29.<\/span><\/span>\n<\/a><div class=\"woocommerce-loop-product__buttons\"><a href=\"\/fr\/wp-json\/wp\/v2\/pages\/18815?add-to-cart=8634\" aria-describedby=\"woocommerce_loop_add_to_cart_link_describedby_8634\" data-quantity=\"1\" class=\"button product_type_simple add_to_cart_button ajax_add_to_cart\" data-product_id=\"8634\" data-product_sku=\"8017995200751\" aria-label=\"Ajouter au panier\u00a0: &ldquo;Datterino Rosso in Acqua di Mare Cos\u00ec Com&#039;\u00e8 350g&rdquo;\" rel=\"nofollow\" data-success_message=\"\u00ab\u00a0Datterino Rosso in Acqua di Mare Cos\u00ec Com&#039;\u00e8 350g\u00a0\u00bb a \u00e9t\u00e9 ajout\u00e9 \u00e0 votre panier\" role=\"button\">Ajouter au panier<\/a><\/div>\t<span id=\"woocommerce_loop_add_to_cart_link_describedby_8634\" class=\"screen-reader-text\">\n\t\t\t<\/span>\n\t\t\t<input type=\"hidden\" class=\"pmwProductId\" data-id=\"8634\">\n\t\t\t\t\t<script>\n\t\t\t(window.pmwDataLayer = window.pmwDataLayer || {}).products                = window.pmwDataLayer.products || {};\n\t\t\twindow.pmwDataLayer.products[8634] = {\"id\":\"8634\",\"sku\":\"8017995200751\",\"price\":3.29,\"brand\":\"\",\"quantity\":1,\"dyn_r_ids\":{\"post_id\":\"8634\",\"sku\":\"8017995200751\",\"gpf\":\"woocommerce_gpf_8634\",\"gla\":\"gla_8634\"},\"is_variable\":false,\"type\":\"simple\",\"name\":\"Datterino Rosso in Acqua di Mare Cos\u00ec Com'\u00e8 350g\",\"category\":[\"Conserve\",\"Pomodori\"],\"is_variation\":false};\n\t\t\t\t\twindow.pmw_product_position = window.pmw_product_position || 1;\n\t\twindow.pmwDataLayer.products[8634]['position'] = window.pmw_product_position++;\n\t\t\t\t<\/script>\n\t\t<\/div><\/li>\n<li class=\"product type-product post-7646 status-publish instock product_cat-conserve product_cat-pomodori has-post-thumbnail sale taxable shipping-taxable purchasable product-type-simple\" style=\"--span: 1;\">\n\t<div class=\"commercekit-wishlist mini\" data-product-id=\"7646\"><a href=\"#\" class=\"commercekit-save-wishlist\" data-product-id=\"7646\" data-type=\"list\" title=\"Wishlist\" aria-label=\"Wishlist\"><em class=\"cg-wishlist\"><\/em><span><\/span><\/a><\/div><a href=\"https:\/\/www.saporinostri.it\/fr\/datterino-giallo-pelato-in-succo-cosi-come-350g\/\" class=\"woocommerce-LoopProduct-link woocommerce-loop-product__link\"><div class=\"woocommerce-image__wrapper\"><a href=\"https:\/\/www.saporinostri.it\/fr\/datterino-giallo-pelato-in-succo-cosi-come-350g\/\" title=\"Datterino Giallo Pelato in Succo Cos\u00ec Com&#8217;\u00e8 350g\" class=\"woocommerce-LoopProduct-link woocommerce-loop-product__link\"><span class=\"sale-item product-label type-circle\">-18%<\/span><div class=\"shoptimizer-plp-carousel-container\"><div class=\"shoptimizer-plp-image-wrapper\"><img decoding=\"async\" width=\"300\" height=\"300\" data-src=\"https:\/\/www.saporinostri.it\/wp-content\/uploads\/2021\/02\/datterino-giallo-pelato-in-succo-cosi-come-350g-300x300.jpg\" class=\"attachment-woocommerce_thumbnail size-woocommerce_thumbnail lazyload\" alt=\"Datterino Giallo Pelato in Succo Cos\u00ec Com&#039;\u00e8 350g\" data-srcset=\"https:\/\/www.saporinostri.it\/wp-content\/uploads\/2021\/02\/datterino-giallo-pelato-in-succo-cosi-come-350g-300x300.jpg 300w, https:\/\/www.saporinostri.it\/wp-content\/uploads\/2021\/02\/datterino-giallo-pelato-in-succo-cosi-come-350g-150x150.jpg 150w, https:\/\/www.saporinostri.it\/wp-content\/uploads\/2021\/02\/datterino-giallo-pelato-in-succo-cosi-come-350g-800x800.jpg 800w, https:\/\/www.saporinostri.it\/wp-content\/uploads\/2021\/02\/datterino-giallo-pelato-in-succo-cosi-come-350g-1024x1024.jpg 1024w, https:\/\/www.saporinostri.it\/wp-content\/uploads\/2021\/02\/datterino-giallo-pelato-in-succo-cosi-come-350g-768x768.jpg 768w, https:\/\/www.saporinostri.it\/wp-content\/uploads\/2021\/02\/datterino-giallo-pelato-in-succo-cosi-come-350g-400x400.jpg 400w, https:\/\/www.saporinostri.it\/wp-content\/uploads\/2021\/02\/datterino-giallo-pelato-in-succo-cosi-come-350g-640x640.jpg 640w, https:\/\/www.saporinostri.it\/wp-content\/uploads\/2021\/02\/datterino-giallo-pelato-in-succo-cosi-come-350g-85x85.jpg 85w, https:\/\/www.saporinostri.it\/wp-content\/uploads\/2021\/02\/datterino-giallo-pelato-in-succo-cosi-come-350g-32x32.jpg 32w, https:\/\/www.saporinostri.it\/wp-content\/uploads\/2021\/02\/datterino-giallo-pelato-in-succo-cosi-come-350g.jpg 1100w\" data-sizes=\"(max-width: 360px) 147px, (max-width: 300px) 100vw, 300px\" src=\"data:image\/gif;base64,R0lGODlhAQABAAAAACH5BAEKAAEALAAAAAABAAEAAAICTAEAOw==\" style=\"--smush-placeholder-width: 300px; --smush-placeholder-aspect-ratio: 300\/300;\" \/><noscript><img loading=\"lazy\" decoding=\"async\" width=\"300\" height=\"300\" src=\"https:\/\/www.saporinostri.it\/wp-content\/uploads\/2021\/02\/datterino-giallo-pelato-in-succo-cosi-come-350g-300x300.jpg\" class=\"attachment-woocommerce_thumbnail size-woocommerce_thumbnail\" alt=\"Datterino Giallo Pelato in Succo Cos\u00ec Com&#039;\u00e8 350g\" srcset=\"https:\/\/www.saporinostri.it\/wp-content\/uploads\/2021\/02\/datterino-giallo-pelato-in-succo-cosi-come-350g-300x300.jpg 300w, https:\/\/www.saporinostri.it\/wp-content\/uploads\/2021\/02\/datterino-giallo-pelato-in-succo-cosi-come-350g-150x150.jpg 150w, https:\/\/www.saporinostri.it\/wp-content\/uploads\/2021\/02\/datterino-giallo-pelato-in-succo-cosi-come-350g-800x800.jpg 800w, https:\/\/www.saporinostri.it\/wp-content\/uploads\/2021\/02\/datterino-giallo-pelato-in-succo-cosi-come-350g-1024x1024.jpg 1024w, https:\/\/www.saporinostri.it\/wp-content\/uploads\/2021\/02\/datterino-giallo-pelato-in-succo-cosi-come-350g-768x768.jpg 768w, https:\/\/www.saporinostri.it\/wp-content\/uploads\/2021\/02\/datterino-giallo-pelato-in-succo-cosi-come-350g-400x400.jpg 400w, https:\/\/www.saporinostri.it\/wp-content\/uploads\/2021\/02\/datterino-giallo-pelato-in-succo-cosi-come-350g-640x640.jpg 640w, https:\/\/www.saporinostri.it\/wp-content\/uploads\/2021\/02\/datterino-giallo-pelato-in-succo-cosi-come-350g-85x85.jpg 85w, https:\/\/www.saporinostri.it\/wp-content\/uploads\/2021\/02\/datterino-giallo-pelato-in-succo-cosi-come-350g-32x32.jpg 32w, https:\/\/www.saporinostri.it\/wp-content\/uploads\/2021\/02\/datterino-giallo-pelato-in-succo-cosi-come-350g.jpg 1100w\" sizes=\"(max-width: 360px) 147px, (max-width: 300px) 100vw, 300px\" \/><\/noscript>\t\t\t\n\t<\/div><\/div><\/a><\/div><div class=\"woocommerce-card__header\">\t\t\t\t\t<p class=\"product__categories\"><a href=\"https:\/\/www.saporinostri.it\/fr\/conserve\/\" rel=\"tag\">Conserve<\/a>, <a href=\"https:\/\/www.saporinostri.it\/fr\/conserve\/pomodori\/\" rel=\"tag\">Pomodori<\/a><\/p>\t\t\t\t<div class=\"woocommerce-loop-product__title\"><a tabindex=\"0\" href=\"https:\/\/www.saporinostri.it\/fr\/datterino-giallo-pelato-in-succo-cosi-come-350g\/\" aria-label=\"Datterino Giallo Pelato in Succo Cos\u00ec Com&#8217;\u00e8 350g\" class=\"woocommerce-LoopProduct-link woocommerce-loop-product__link\">Datterino Giallo Pelato in Succo Cos\u00ec Com&#8217;\u00e8 350g<\/a><\/div><div class=\"star-rating\" role=\"img\" aria-label=\"Note 4.80 sur 5\"><span style=\"width:96%\">Note <strong class=\"rating\">4.80<\/strong> sur 5<\/span><\/div>\n\t<span class=\"price\"><del aria-hidden=\"true\"><span class=\"woocommerce-Price-amount amount\"><bdi><span class=\"woocommerce-Price-currencySymbol\">&euro;<\/span>4,90<\/bdi><\/span><\/del> <span class=\"screen-reader-text\">Le prix initial \u00e9tait\u00a0: &euro;4,90.<\/span><ins aria-hidden=\"true\"><span class=\"woocommerce-Price-amount amount\"><bdi><span class=\"woocommerce-Price-currencySymbol\">&euro;<\/span>4,00<\/bdi><\/span><\/ins><span class=\"screen-reader-text\">Le prix actuel est\u00a0: &euro;4,00.<\/span><\/span>\n<\/a><div class=\"woocommerce-loop-product__buttons\"><a href=\"\/fr\/wp-json\/wp\/v2\/pages\/18815?add-to-cart=7646\" aria-describedby=\"woocommerce_loop_add_to_cart_link_describedby_7646\" data-quantity=\"1\" class=\"button product_type_simple add_to_cart_button ajax_add_to_cart\" data-product_id=\"7646\" data-product_sku=\"8017995101133\" aria-label=\"Ajouter au panier\u00a0: &ldquo;Datterino Giallo Pelato in Succo Cos\u00ec Com&#039;\u00e8 350g&rdquo;\" rel=\"nofollow\" data-success_message=\"\u00ab\u00a0Datterino Giallo Pelato in Succo Cos\u00ec Com&#039;\u00e8 350g\u00a0\u00bb a \u00e9t\u00e9 ajout\u00e9 \u00e0 votre panier\" role=\"button\">Ajouter au panier<\/a><\/div>\t<span id=\"woocommerce_loop_add_to_cart_link_describedby_7646\" class=\"screen-reader-text\">\n\t\t\t<\/span>\n\t\t\t<input type=\"hidden\" class=\"pmwProductId\" data-id=\"7646\">\n\t\t\t\t\t<script>\n\t\t\t(window.pmwDataLayer = window.pmwDataLayer || {}).products                = window.pmwDataLayer.products || {};\n\t\t\twindow.pmwDataLayer.products[7646] = {\"id\":\"7646\",\"sku\":\"8017995101133\",\"price\":4,\"brand\":\"\",\"quantity\":1,\"dyn_r_ids\":{\"post_id\":\"7646\",\"sku\":\"8017995101133\",\"gpf\":\"woocommerce_gpf_7646\",\"gla\":\"gla_7646\"},\"is_variable\":false,\"type\":\"simple\",\"name\":\"Datterino Giallo Pelato in Succo Cos\u00ec Com'\u00e8 350g\",\"category\":[\"Conserve\",\"Pomodori\"],\"is_variation\":false};\n\t\t\t\t\twindow.pmw_product_position = window.pmw_product_position || 1;\n\t\twindow.pmwDataLayer.products[7646]['position'] = window.pmw_product_position++;\n\t\t\t\t<\/script>\n\t\t<\/div><\/li>\n<li class=\"product type-product post-18377 status-publish last instock product_cat-conserve product_cat-pomodori has-post-thumbnail sale taxable shipping-taxable purchasable product-type-simple\" style=\"--span: 1;\">\n\t<div class=\"commercekit-wishlist mini\" data-product-id=\"18377\"><a href=\"#\" class=\"commercekit-save-wishlist\" data-product-id=\"18377\" data-type=\"list\" title=\"Wishlist\" aria-label=\"Wishlist\"><em class=\"cg-wishlist\"><\/em><span><\/span><\/a><\/div><a href=\"https:\/\/www.saporinostri.it\/fr\/pomodorini-datterini-rossi-semi-secchi-in-olio-grangusto-280g\/\" class=\"woocommerce-LoopProduct-link woocommerce-loop-product__link\"><div class=\"woocommerce-image__wrapper\"><a href=\"https:\/\/www.saporinostri.it\/fr\/pomodorini-datterini-rossi-semi-secchi-in-olio-grangusto-280g\/\" title=\"Pomodorini Datterini Rossi Semi Secchi in Olio Grangusto 280g\" class=\"woocommerce-LoopProduct-link woocommerce-loop-product__link\"><span class=\"sale-item product-label type-circle\">-13%<\/span><div class=\"shoptimizer-plp-carousel-container\"><div class=\"shoptimizer-plp-image-wrapper\"><img decoding=\"async\" width=\"300\" height=\"300\" data-src=\"https:\/\/www.saporinostri.it\/wp-content\/uploads\/2022\/03\/pomodorini-datterini-rossi-semi-secchi-in-olio-grangusto-280g-300x300.jpg\" class=\"attachment-woocommerce_thumbnail size-woocommerce_thumbnail lazyload\" alt=\"Pomodorini Datterini Rossi Semi Secchi in Olio Grangusto 280g\" data-srcset=\"https:\/\/www.saporinostri.it\/wp-content\/uploads\/2022\/03\/pomodorini-datterini-rossi-semi-secchi-in-olio-grangusto-280g-300x300.jpg 300w, https:\/\/www.saporinostri.it\/wp-content\/uploads\/2022\/03\/pomodorini-datterini-rossi-semi-secchi-in-olio-grangusto-280g-1024x1024.jpg 1024w, https:\/\/www.saporinostri.it\/wp-content\/uploads\/2022\/03\/pomodorini-datterini-rossi-semi-secchi-in-olio-grangusto-280g-150x150.jpg 150w, https:\/\/www.saporinostri.it\/wp-content\/uploads\/2022\/03\/pomodorini-datterini-rossi-semi-secchi-in-olio-grangusto-280g-768x768.jpg 768w, https:\/\/www.saporinostri.it\/wp-content\/uploads\/2022\/03\/pomodorini-datterini-rossi-semi-secchi-in-olio-grangusto-280g-12x12.jpg 12w, https:\/\/www.saporinostri.it\/wp-content\/uploads\/2022\/03\/pomodorini-datterini-rossi-semi-secchi-in-olio-grangusto-280g-70x70.jpg 70w, https:\/\/www.saporinostri.it\/wp-content\/uploads\/2022\/03\/pomodorini-datterini-rossi-semi-secchi-in-olio-grangusto-280g-500x500.jpg 500w, https:\/\/www.saporinostri.it\/wp-content\/uploads\/2022\/03\/pomodorini-datterini-rossi-semi-secchi-in-olio-grangusto-280g-990x990.jpg 990w, https:\/\/www.saporinostri.it\/wp-content\/uploads\/2022\/03\/pomodorini-datterini-rossi-semi-secchi-in-olio-grangusto-280g-441x441.jpg 441w, https:\/\/www.saporinostri.it\/wp-content\/uploads\/2022\/03\/pomodorini-datterini-rossi-semi-secchi-in-olio-grangusto-280g-800x800.jpg 800w, https:\/\/www.saporinostri.it\/wp-content\/uploads\/2022\/03\/pomodorini-datterini-rossi-semi-secchi-in-olio-grangusto-280g-64x64.jpg 64w, https:\/\/www.saporinostri.it\/wp-content\/uploads\/2022\/03\/pomodorini-datterini-rossi-semi-secchi-in-olio-grangusto-280g.jpg 1100w\" data-sizes=\"(max-width: 360px) 147px, (max-width: 300px) 100vw, 300px\" src=\"data:image\/gif;base64,R0lGODlhAQABAAAAACH5BAEKAAEALAAAAAABAAEAAAICTAEAOw==\" style=\"--smush-placeholder-width: 300px; --smush-placeholder-aspect-ratio: 300\/300;\" \/><noscript><img loading=\"lazy\" decoding=\"async\" width=\"300\" height=\"300\" src=\"https:\/\/www.saporinostri.it\/wp-content\/uploads\/2022\/03\/pomodorini-datterini-rossi-semi-secchi-in-olio-grangusto-280g-300x300.jpg\" class=\"attachment-woocommerce_thumbnail size-woocommerce_thumbnail\" alt=\"Pomodorini Datterini Rossi Semi Secchi in Olio Grangusto 280g\" srcset=\"https:\/\/www.saporinostri.it\/wp-content\/uploads\/2022\/03\/pomodorini-datterini-rossi-semi-secchi-in-olio-grangusto-280g-300x300.jpg 300w, https:\/\/www.saporinostri.it\/wp-content\/uploads\/2022\/03\/pomodorini-datterini-rossi-semi-secchi-in-olio-grangusto-280g-1024x1024.jpg 1024w, https:\/\/www.saporinostri.it\/wp-content\/uploads\/2022\/03\/pomodorini-datterini-rossi-semi-secchi-in-olio-grangusto-280g-150x150.jpg 150w, https:\/\/www.saporinostri.it\/wp-content\/uploads\/2022\/03\/pomodorini-datterini-rossi-semi-secchi-in-olio-grangusto-280g-768x768.jpg 768w, https:\/\/www.saporinostri.it\/wp-content\/uploads\/2022\/03\/pomodorini-datterini-rossi-semi-secchi-in-olio-grangusto-280g-12x12.jpg 12w, https:\/\/www.saporinostri.it\/wp-content\/uploads\/2022\/03\/pomodorini-datterini-rossi-semi-secchi-in-olio-grangusto-280g-70x70.jpg 70w, https:\/\/www.saporinostri.it\/wp-content\/uploads\/2022\/03\/pomodorini-datterini-rossi-semi-secchi-in-olio-grangusto-280g-500x500.jpg 500w, https:\/\/www.saporinostri.it\/wp-content\/uploads\/2022\/03\/pomodorini-datterini-rossi-semi-secchi-in-olio-grangusto-280g-990x990.jpg 990w, https:\/\/www.saporinostri.it\/wp-content\/uploads\/2022\/03\/pomodorini-datterini-rossi-semi-secchi-in-olio-grangusto-280g-441x441.jpg 441w, https:\/\/www.saporinostri.it\/wp-content\/uploads\/2022\/03\/pomodorini-datterini-rossi-semi-secchi-in-olio-grangusto-280g-800x800.jpg 800w, https:\/\/www.saporinostri.it\/wp-content\/uploads\/2022\/03\/pomodorini-datterini-rossi-semi-secchi-in-olio-grangusto-280g-64x64.jpg 64w, https:\/\/www.saporinostri.it\/wp-content\/uploads\/2022\/03\/pomodorini-datterini-rossi-semi-secchi-in-olio-grangusto-280g.jpg 1100w\" sizes=\"(max-width: 360px) 147px, (max-width: 300px) 100vw, 300px\" \/><\/noscript>\t\t\t\n\t<\/div><\/div><\/a><\/div><div class=\"woocommerce-card__header\">\t\t\t\t\t<p class=\"product__categories\"><a href=\"https:\/\/www.saporinostri.it\/fr\/conserve\/\" rel=\"tag\">Conserve<\/a>, <a href=\"https:\/\/www.saporinostri.it\/fr\/conserve\/pomodori\/\" rel=\"tag\">Pomodori<\/a><\/p>\t\t\t\t<div class=\"woocommerce-loop-product__title\"><a tabindex=\"0\" href=\"https:\/\/www.saporinostri.it\/fr\/pomodorini-datterini-rossi-semi-secchi-in-olio-grangusto-280g\/\" aria-label=\"Pomodorini Datterini Rossi Semi Secchi in Olio Grangusto 280g\" class=\"woocommerce-LoopProduct-link woocommerce-loop-product__link\">Pomodorini Datterini Rossi Semi Secchi in Olio Grangusto 280g<\/a><\/div><div class=\"star-rating\" role=\"img\" aria-label=\"Note 5.00 sur 5\"><span style=\"width:100%\">Note <strong class=\"rating\">5.00<\/strong> sur 5<\/span><\/div>\n\t<span class=\"price\"><del aria-hidden=\"true\"><span class=\"woocommerce-Price-amount amount\"><bdi><span class=\"woocommerce-Price-currencySymbol\">&euro;<\/span>6,49<\/bdi><\/span><\/del> <span class=\"screen-reader-text\">Le prix initial \u00e9tait\u00a0: &euro;6,49.<\/span><ins aria-hidden=\"true\"><span class=\"woocommerce-Price-amount amount\"><bdi><span class=\"woocommerce-Price-currencySymbol\">&euro;<\/span>5,65<\/bdi><\/span><\/ins><span class=\"screen-reader-text\">Le prix actuel est\u00a0: &euro;5,65.<\/span><\/span>\n<\/a><div class=\"woocommerce-loop-product__buttons\"><a href=\"\/fr\/wp-json\/wp\/v2\/pages\/18815?add-to-cart=18377\" aria-describedby=\"woocommerce_loop_add_to_cart_link_describedby_18377\" data-quantity=\"1\" class=\"button product_type_simple add_to_cart_button ajax_add_to_cart\" data-product_id=\"18377\" data-product_sku=\"8017995100587\" aria-label=\"Ajouter au panier\u00a0: &ldquo;Pomodorini Datterini Rossi Semi Secchi in Olio Grangusto 280g&rdquo;\" rel=\"nofollow\" data-success_message=\"\u00ab\u00a0Pomodorini Datterini Rossi Semi Secchi in Olio Grangusto 280g\u00a0\u00bb a \u00e9t\u00e9 ajout\u00e9 \u00e0 votre panier\" role=\"button\">Ajouter au panier<\/a><\/div>\t<span id=\"woocommerce_loop_add_to_cart_link_describedby_18377\" class=\"screen-reader-text\">\n\t\t\t<\/span>\n\t\t\t<input type=\"hidden\" class=\"pmwProductId\" data-id=\"18377\">\n\t\t\t\t\t<script>\n\t\t\t(window.pmwDataLayer = window.pmwDataLayer || {}).products                = window.pmwDataLayer.products || {};\n\t\t\twindow.pmwDataLayer.products[18377] = {\"id\":\"18377\",\"sku\":\"8017995100587\",\"price\":5.65,\"brand\":\"\",\"quantity\":1,\"dyn_r_ids\":{\"post_id\":\"18377\",\"sku\":\"8017995100587\",\"gpf\":\"woocommerce_gpf_18377\",\"gla\":\"gla_18377\"},\"is_variable\":false,\"type\":\"simple\",\"name\":\"Pomodorini Datterini Rossi Semi Secchi in Olio Grangusto 280g\",\"category\":[\"Conserve\",\"Pomodori\"],\"is_variation\":false};\n\t\t\t\t\twindow.pmw_product_position = window.pmw_product_position || 1;\n\t\twindow.pmwDataLayer.products[18377]['position'] = window.pmw_product_position++;\n\t\t\t\t<\/script>\n\t\t<\/div><\/li>\n<\/ul>\n<\/div>\t\t\t\t<\/div>\n\t\t\t\t<\/div>\n\t\t\t\t\t<\/div>\n\t\t\t\t<\/div>\n\t\t<div class=\"elementor-element elementor-element-27081af e-grid e-con-boxed e-con e-child\" data-id=\"27081af\" data-element_type=\"container\" data-e-type=\"container\">\n\t\t\t\t\t<div class=\"e-con-inner\">\n\t\t<div class=\"elementor-element elementor-element-3e85597 e-con-full e-flex e-con e-child\" data-id=\"3e85597\" data-element_type=\"container\" data-e-type=\"container\" data-settings=\"{&quot;background_background&quot;:&quot;classic&quot;}\">\n\t\t\t\t<div class=\"elementor-element elementor-element-ca879da elementor-widget elementor-widget-heading\" data-id=\"ca879da\" data-element_type=\"widget\" data-e-type=\"widget\" data-widget_type=\"heading.default\">\n\t\t\t\t<div class=\"elementor-widget-container\">\n\t\t\t\t\t<h2 class=\"elementor-heading-title elementor-size-default\">Pasta di Gragnano IGP<\/h2>\t\t\t\t<\/div>\n\t\t\t\t<\/div>\n\t\t\t\t<div class=\"elementor-element elementor-element-91ed0ac elementor-widget elementor-widget-button\" data-id=\"91ed0ac\" data-element_type=\"widget\" data-e-type=\"widget\" data-widget_type=\"button.default\">\n\t\t\t\t<div class=\"elementor-widget-container\">\n\t\t\t\t\t\t\t\t\t<div class=\"elementor-button-wrapper\">\n\t\t\t\t\t<a class=\"elementor-button elementor-button-link elementor-size-sm\" href=\"https:\/\/www.saporinostri.it\/fr\/pasta-artigianale\/\">\n\t\t\t\t\t\t<span class=\"elementor-button-content-wrapper\">\n\t\t\t\t\t\t\t\t\t<span class=\"elementor-button-text\">Acquista ora<\/span>\n\t\t\t\t\t<\/span>\n\t\t\t\t\t<\/a>\n\t\t\t\t<\/div>\n\t\t\t\t\t\t\t\t<\/div>\n\t\t\t\t<\/div>\n\t\t\t\t<\/div>\n\t\t\t\t\t<\/div>\n\t\t\t\t<\/div>\n\t\t<div class=\"elementor-element elementor-element-34832d3 e-flex e-con-boxed e-con e-parent\" data-id=\"34832d3\" data-element_type=\"container\" data-e-type=\"container\">\n\t\t\t\t\t<div class=\"e-con-inner\">\n\t\t\t\t<div class=\"elementor-element elementor-element-1853ccc elementor-grid-6 elementor-grid-tablet-3 elementor-grid-mobile-2 elementor-products-grid elementor-wc-products elementor-widget elementor-widget-woocommerce-products\" data-id=\"1853ccc\" data-element_type=\"widget\" data-e-type=\"widget\" data-widget_type=\"woocommerce-products.default\">\n\t\t\t\t<div class=\"elementor-widget-container\">\n\t\t\t\t\t<div class=\"woocommerce columns-6 \"><ul class=\"products elementor-grid columns-6\">\n<li class=\"product type-product post-37699 status-publish first instock product_cat-pasta-artigianale product_cat-riso has-post-thumbnail sale taxable shipping-taxable purchasable product-type-simple\" style=\"--span: 1;\">\n\t<div class=\"commercekit-wishlist mini\" data-product-id=\"37699\"><a href=\"#\" class=\"commercekit-save-wishlist\" data-product-id=\"37699\" data-type=\"list\" title=\"Wishlist\" aria-label=\"Wishlist\"><em class=\"cg-wishlist\"><\/em><span><\/span><\/a><\/div><a href=\"https:\/\/www.saporinostri.it\/fr\/acquerello-riso-in-lattina-1kg\/\" class=\"woocommerce-LoopProduct-link woocommerce-loop-product__link\"><div class=\"woocommerce-image__wrapper\"><a href=\"https:\/\/www.saporinostri.it\/fr\/acquerello-riso-in-lattina-1kg\/\" title=\"Acquerello Riso in Lattina 1Kg\" class=\"woocommerce-LoopProduct-link woocommerce-loop-product__link\"><span class=\"sale-item product-label type-circle\">-7%<\/span><div class=\"shoptimizer-plp-carousel-container\"><div class=\"shoptimizer-plp-image-wrapper\"><img decoding=\"async\" width=\"300\" height=\"300\" data-src=\"https:\/\/www.saporinostri.it\/wp-content\/uploads\/2021\/03\/riso-acquerello-front-300x300.jpg\" class=\"attachment-woocommerce_thumbnail size-woocommerce_thumbnail lazyload\" alt=\"Acquerello Riso in Lattina 500g\" data-srcset=\"https:\/\/www.saporinostri.it\/wp-content\/uploads\/2021\/03\/riso-acquerello-front-300x300.jpg 300w, https:\/\/www.saporinostri.it\/wp-content\/uploads\/2021\/03\/riso-acquerello-front-150x150.jpg 150w, https:\/\/www.saporinostri.it\/wp-content\/uploads\/2021\/03\/riso-acquerello-front-800x800.jpg 800w, https:\/\/www.saporinostri.it\/wp-content\/uploads\/2021\/03\/riso-acquerello-front-1024x1024.jpg 1024w, https:\/\/www.saporinostri.it\/wp-content\/uploads\/2021\/03\/riso-acquerello-front-768x768.jpg 768w, https:\/\/www.saporinostri.it\/wp-content\/uploads\/2021\/03\/riso-acquerello-front-640x640.jpg 640w, https:\/\/www.saporinostri.it\/wp-content\/uploads\/2021\/03\/riso-acquerello-front-400x400.jpg 400w, https:\/\/www.saporinostri.it\/wp-content\/uploads\/2021\/03\/riso-acquerello-front-85x85.jpg 85w, https:\/\/www.saporinostri.it\/wp-content\/uploads\/2021\/03\/riso-acquerello-front-32x32.jpg 32w, https:\/\/www.saporinostri.it\/wp-content\/uploads\/2021\/03\/riso-acquerello-front.jpg 1100w\" data-sizes=\"(max-width: 360px) 147px, (max-width: 300px) 100vw, 300px\" src=\"data:image\/gif;base64,R0lGODlhAQABAAAAACH5BAEKAAEALAAAAAABAAEAAAICTAEAOw==\" style=\"--smush-placeholder-width: 300px; --smush-placeholder-aspect-ratio: 300\/300;\" \/><noscript><img loading=\"lazy\" decoding=\"async\" width=\"300\" height=\"300\" src=\"https:\/\/www.saporinostri.it\/wp-content\/uploads\/2021\/03\/riso-acquerello-front-300x300.jpg\" class=\"attachment-woocommerce_thumbnail size-woocommerce_thumbnail\" alt=\"Acquerello Riso in Lattina 500g\" srcset=\"https:\/\/www.saporinostri.it\/wp-content\/uploads\/2021\/03\/riso-acquerello-front-300x300.jpg 300w, https:\/\/www.saporinostri.it\/wp-content\/uploads\/2021\/03\/riso-acquerello-front-150x150.jpg 150w, https:\/\/www.saporinostri.it\/wp-content\/uploads\/2021\/03\/riso-acquerello-front-800x800.jpg 800w, https:\/\/www.saporinostri.it\/wp-content\/uploads\/2021\/03\/riso-acquerello-front-1024x1024.jpg 1024w, https:\/\/www.saporinostri.it\/wp-content\/uploads\/2021\/03\/riso-acquerello-front-768x768.jpg 768w, https:\/\/www.saporinostri.it\/wp-content\/uploads\/2021\/03\/riso-acquerello-front-640x640.jpg 640w, https:\/\/www.saporinostri.it\/wp-content\/uploads\/2021\/03\/riso-acquerello-front-400x400.jpg 400w, https:\/\/www.saporinostri.it\/wp-content\/uploads\/2021\/03\/riso-acquerello-front-85x85.jpg 85w, https:\/\/www.saporinostri.it\/wp-content\/uploads\/2021\/03\/riso-acquerello-front-32x32.jpg 32w, https:\/\/www.saporinostri.it\/wp-content\/uploads\/2021\/03\/riso-acquerello-front.jpg 1100w\" sizes=\"(max-width: 360px) 147px, (max-width: 300px) 100vw, 300px\" \/><\/noscript>\t\t\t\n\t<\/div><\/div><\/a><\/div><div class=\"woocommerce-card__header\">\t\t\t\t\t<p class=\"product__categories\"><a href=\"https:\/\/www.saporinostri.it\/fr\/pasta-artigianale\/\" rel=\"tag\">Pasta Artigianale<\/a>, <a href=\"https:\/\/www.saporinostri.it\/fr\/pasta-artigianale\/riso\/\" rel=\"tag\">Riso<\/a><\/p>\t\t\t\t<div class=\"woocommerce-loop-product__title\"><a tabindex=\"0\" href=\"https:\/\/www.saporinostri.it\/fr\/acquerello-riso-in-lattina-1kg\/\" aria-label=\"Acquerello Riso in Lattina 1Kg\" class=\"woocommerce-LoopProduct-link woocommerce-loop-product__link\">Acquerello Riso in Lattina 1Kg<\/a><\/div>\n\t<span class=\"price\"><del aria-hidden=\"true\"><span class=\"woocommerce-Price-amount amount\"><bdi><span class=\"woocommerce-Price-currencySymbol\">&euro;<\/span>20,50<\/bdi><\/span><\/del> <span class=\"screen-reader-text\">Le prix initial \u00e9tait\u00a0: &euro;20,50.<\/span><ins aria-hidden=\"true\"><span class=\"woocommerce-Price-amount amount\"><bdi><span class=\"woocommerce-Price-currencySymbol\">&euro;<\/span>18,99<\/bdi><\/span><\/ins><span class=\"screen-reader-text\">Le prix actuel est\u00a0: &euro;18,99.<\/span><\/span>\n<\/a><div class=\"woocommerce-loop-product__buttons\"><a href=\"\/fr\/wp-json\/wp\/v2\/pages\/18815?add-to-cart=37699\" aria-describedby=\"woocommerce_loop_add_to_cart_link_describedby_37699\" data-quantity=\"1\" class=\"button product_type_simple add_to_cart_button ajax_add_to_cart\" data-product_id=\"37699\" data-product_sku=\"8012778000016\" aria-label=\"Ajouter au panier\u00a0: &ldquo;Acquerello Riso in Lattina 1Kg&rdquo;\" rel=\"nofollow\" data-success_message=\"\u00ab\u00a0Acquerello Riso in Lattina 1Kg\u00a0\u00bb a \u00e9t\u00e9 ajout\u00e9 \u00e0 votre panier\" role=\"button\">Ajouter au panier<\/a><\/div>\t<span id=\"woocommerce_loop_add_to_cart_link_describedby_37699\" class=\"screen-reader-text\">\n\t\t\t<\/span>\n\t\t\t<input type=\"hidden\" class=\"pmwProductId\" data-id=\"37699\">\n\t\t\t\t\t<script>\n\t\t\t(window.pmwDataLayer = window.pmwDataLayer || {}).products                = window.pmwDataLayer.products || {};\n\t\t\twindow.pmwDataLayer.products[37699] = {\"id\":\"37699\",\"sku\":\"8012778000016\",\"price\":18.99,\"brand\":\"\",\"quantity\":1,\"dyn_r_ids\":{\"post_id\":\"37699\",\"sku\":\"8012778000016\",\"gpf\":\"woocommerce_gpf_37699\",\"gla\":\"gla_37699\"},\"is_variable\":false,\"type\":\"simple\",\"name\":\"Acquerello Riso in Lattina 1Kg\",\"category\":[\"Pasta Artigianale\",\"Riso\"],\"is_variation\":false};\n\t\t\t\t\twindow.pmw_product_position = window.pmw_product_position || 1;\n\t\twindow.pmwDataLayer.products[37699]['position'] = window.pmw_product_position++;\n\t\t\t\t<\/script>\n\t\t<\/div><\/li>\n<li class=\"product type-product post-37795 status-publish instock product_cat-pasta-artigianale has-post-thumbnail sale taxable shipping-taxable purchasable product-type-simple\" style=\"--span: 1;\">\n\t<div class=\"commercekit-wishlist mini\" data-product-id=\"37795\"><a href=\"#\" class=\"commercekit-save-wishlist\" data-product-id=\"37795\" data-type=\"list\" title=\"Wishlist\" aria-label=\"Wishlist\"><em class=\"cg-wishlist\"><\/em><span><\/span><\/a><\/div><a href=\"https:\/\/www.saporinostri.it\/fr\/linguine-al-limone-il-vecchio-pastificio-i-sapori-500g\/\" class=\"woocommerce-LoopProduct-link woocommerce-loop-product__link\"><div class=\"woocommerce-image__wrapper\"><a href=\"https:\/\/www.saporinostri.it\/fr\/linguine-al-limone-il-vecchio-pastificio-i-sapori-500g\/\" title=\"Linguine al Limone IGP Il Vecchio Pastificio i Sapori 500g\" class=\"woocommerce-LoopProduct-link woocommerce-loop-product__link\"><span class=\"sale-item product-label type-circle\">-18%<\/span><div class=\"shoptimizer-plp-carousel-container\"><div class=\"shoptimizer-plp-image-wrapper\"><img decoding=\"async\" width=\"300\" height=\"300\" data-src=\"https:\/\/www.saporinostri.it\/wp-content\/uploads\/2026\/01\/linguinaallimone-300x300.png\" class=\"attachment-woocommerce_thumbnail size-woocommerce_thumbnail lazyload\" alt=\"Linguine al Limone IGP Il Vecchio Pastificio i Sapori 500g\" data-srcset=\"https:\/\/www.saporinostri.it\/wp-content\/uploads\/2026\/01\/linguinaallimone-300x300.png 300w, https:\/\/www.saporinostri.it\/wp-content\/uploads\/2026\/01\/linguinaallimone-150x150.png 150w, https:\/\/www.saporinostri.it\/wp-content\/uploads\/2026\/01\/linguinaallimone-70x70.png 70w, https:\/\/www.saporinostri.it\/wp-content\/uploads\/2026\/01\/linguinaallimone-500x500.png 500w, https:\/\/www.saporinostri.it\/wp-content\/uploads\/2026\/01\/linguinaallimone-100x100.png 100w, https:\/\/www.saporinostri.it\/wp-content\/uploads\/2026\/01\/linguinaallimone-32x32.png 32w\" data-sizes=\"(max-width: 360px) 147px, (max-width: 300px) 100vw, 300px\" src=\"data:image\/gif;base64,R0lGODlhAQABAAAAACH5BAEKAAEALAAAAAABAAEAAAICTAEAOw==\" style=\"--smush-placeholder-width: 300px; --smush-placeholder-aspect-ratio: 300\/300;\" \/><noscript><img loading=\"lazy\" decoding=\"async\" width=\"300\" height=\"300\" src=\"https:\/\/www.saporinostri.it\/wp-content\/uploads\/2026\/01\/linguinaallimone-300x300.png\" class=\"attachment-woocommerce_thumbnail size-woocommerce_thumbnail\" alt=\"Linguine al Limone IGP Il Vecchio Pastificio i Sapori 500g\" srcset=\"https:\/\/www.saporinostri.it\/wp-content\/uploads\/2026\/01\/linguinaallimone-300x300.png 300w, https:\/\/www.saporinostri.it\/wp-content\/uploads\/2026\/01\/linguinaallimone-150x150.png 150w, https:\/\/www.saporinostri.it\/wp-content\/uploads\/2026\/01\/linguinaallimone-70x70.png 70w, https:\/\/www.saporinostri.it\/wp-content\/uploads\/2026\/01\/linguinaallimone-500x500.png 500w, https:\/\/www.saporinostri.it\/wp-content\/uploads\/2026\/01\/linguinaallimone-100x100.png 100w, https:\/\/www.saporinostri.it\/wp-content\/uploads\/2026\/01\/linguinaallimone-32x32.png 32w\" sizes=\"(max-width: 360px) 147px, (max-width: 300px) 100vw, 300px\" \/><\/noscript>\t\t\t\n\t<\/div><\/div><\/a><\/div><div class=\"woocommerce-card__header\">\t\t\t\t\t<p class=\"product__categories\"><a href=\"https:\/\/www.saporinostri.it\/fr\/pasta-artigianale\/\" rel=\"tag\">Pasta Artigianale<\/a><\/p>\t\t\t\t<div class=\"woocommerce-loop-product__title\"><a tabindex=\"0\" href=\"https:\/\/www.saporinostri.it\/fr\/linguine-al-limone-il-vecchio-pastificio-i-sapori-500g\/\" aria-label=\"Linguine al Limone IGP Il Vecchio Pastificio i Sapori 500g\" class=\"woocommerce-LoopProduct-link woocommerce-loop-product__link\">Linguine al Limone IGP Il Vecchio Pastificio i Sapori 500g<\/a><\/div>\n\t<span class=\"price\"><del aria-hidden=\"true\"><span class=\"woocommerce-Price-amount amount\"><bdi><span class=\"woocommerce-Price-currencySymbol\">&euro;<\/span>5,49<\/bdi><\/span><\/del> <span class=\"screen-reader-text\">Le prix initial \u00e9tait\u00a0: &euro;5,49.<\/span><ins aria-hidden=\"true\"><span class=\"woocommerce-Price-amount amount\"><bdi><span class=\"woocommerce-Price-currencySymbol\">&euro;<\/span>4,49<\/bdi><\/span><\/ins><span class=\"screen-reader-text\">Le prix actuel est\u00a0: &euro;4,49.<\/span><\/span>\n<\/a><div class=\"woocommerce-loop-product__buttons\"><a href=\"\/fr\/wp-json\/wp\/v2\/pages\/18815?add-to-cart=37795\" aria-describedby=\"woocommerce_loop_add_to_cart_link_describedby_37795\" data-quantity=\"1\" class=\"button product_type_simple add_to_cart_button ajax_add_to_cart\" data-product_id=\"37795\" data-product_sku=\"8033406260169\" aria-label=\"Ajouter au panier\u00a0: &ldquo;Linguine al Limone IGP Il Vecchio Pastificio i Sapori 500g&rdquo;\" rel=\"nofollow\" data-success_message=\"\u00ab\u00a0Linguine al Limone IGP Il Vecchio Pastificio i Sapori 500g\u00a0\u00bb a \u00e9t\u00e9 ajout\u00e9 \u00e0 votre panier\" role=\"button\">Ajouter au panier<\/a><\/div>\t<span id=\"woocommerce_loop_add_to_cart_link_describedby_37795\" class=\"screen-reader-text\">\n\t\t\t<\/span>\n\t\t\t<input type=\"hidden\" class=\"pmwProductId\" data-id=\"37795\">\n\t\t\t\t\t<script>\n\t\t\t(window.pmwDataLayer = window.pmwDataLayer || {}).products                = window.pmwDataLayer.products || {};\n\t\t\twindow.pmwDataLayer.products[37795] = {\"id\":\"37795\",\"sku\":\"8033406260169\",\"price\":4.49,\"brand\":\"\",\"quantity\":1,\"dyn_r_ids\":{\"post_id\":\"37795\",\"sku\":\"8033406260169\",\"gpf\":\"woocommerce_gpf_37795\",\"gla\":\"gla_37795\"},\"is_variable\":false,\"type\":\"simple\",\"name\":\"Linguine al Limone IGP Il Vecchio Pastificio i Sapori 500g\",\"category\":[\"Pasta Artigianale\"],\"is_variation\":false};\n\t\t\t\t\twindow.pmw_product_position = window.pmw_product_position || 1;\n\t\twindow.pmwDataLayer.products[37795]['position'] = window.pmw_product_position++;\n\t\t\t\t<\/script>\n\t\t<\/div><\/li>\n<li class=\"product type-product post-37703 status-publish outofstock product_cat-pasta-artigianale has-post-thumbnail sale taxable shipping-taxable purchasable product-type-simple\" style=\"--span: 1;\">\n\t<div class=\"commercekit-wishlist mini\" data-product-id=\"37703\"><a href=\"#\" class=\"commercekit-save-wishlist\" data-product-id=\"37703\" data-type=\"list\" title=\"Wishlist\" aria-label=\"Wishlist\"><em class=\"cg-wishlist\"><\/em><span><\/span><\/a><\/div><a href=\"https:\/\/www.saporinostri.it\/fr\/paccheri-rigati-il-vecchio-pastificio-di-gragnano-500g\/\" class=\"woocommerce-LoopProduct-link woocommerce-loop-product__link\"><div class=\"woocommerce-image__wrapper\"><a href=\"https:\/\/www.saporinostri.it\/fr\/paccheri-rigati-il-vecchio-pastificio-di-gragnano-500g\/\" title=\"Paccheri di Gragnano Rigati Il Vecchio Pastificio di Gragnano 500g\" class=\"woocommerce-LoopProduct-link woocommerce-loop-product__link\"><span class=\"sale-item product-label type-circle\">-16%<\/span>\t\t\t<span class=\"product-out-of-stock\"><em>Out of stock<\/em><\/span>\n\t\t\t<div class=\"shoptimizer-plp-carousel-container\"><div class=\"shoptimizer-plp-image-wrapper\"><img decoding=\"async\" width=\"300\" height=\"300\" data-src=\"https:\/\/www.saporinostri.it\/wp-content\/uploads\/2026\/01\/paccheririgati-300x300.png\" class=\"attachment-woocommerce_thumbnail size-woocommerce_thumbnail lazyload\" alt=\"Paccheri di Gragnano Rigati Il Vecchio Pastificio di Gragnano 500g\" data-srcset=\"https:\/\/www.saporinostri.it\/wp-content\/uploads\/2026\/01\/paccheririgati-300x300.png 300w, https:\/\/www.saporinostri.it\/wp-content\/uploads\/2026\/01\/paccheririgati-150x150.png 150w, https:\/\/www.saporinostri.it\/wp-content\/uploads\/2026\/01\/paccheririgati-70x70.png 70w, https:\/\/www.saporinostri.it\/wp-content\/uploads\/2026\/01\/paccheririgati-500x500.png 500w, https:\/\/www.saporinostri.it\/wp-content\/uploads\/2026\/01\/paccheririgati-100x100.png 100w, https:\/\/www.saporinostri.it\/wp-content\/uploads\/2026\/01\/paccheririgati-32x32.png 32w\" data-sizes=\"(max-width: 360px) 147px, (max-width: 300px) 100vw, 300px\" src=\"data:image\/gif;base64,R0lGODlhAQABAAAAACH5BAEKAAEALAAAAAABAAEAAAICTAEAOw==\" style=\"--smush-placeholder-width: 300px; --smush-placeholder-aspect-ratio: 300\/300;\" \/><noscript><img loading=\"lazy\" decoding=\"async\" width=\"300\" height=\"300\" src=\"https:\/\/www.saporinostri.it\/wp-content\/uploads\/2026\/01\/paccheririgati-300x300.png\" class=\"attachment-woocommerce_thumbnail size-woocommerce_thumbnail\" alt=\"Paccheri di Gragnano Rigati Il Vecchio Pastificio di Gragnano 500g\" srcset=\"https:\/\/www.saporinostri.it\/wp-content\/uploads\/2026\/01\/paccheririgati-300x300.png 300w, https:\/\/www.saporinostri.it\/wp-content\/uploads\/2026\/01\/paccheririgati-150x150.png 150w, https:\/\/www.saporinostri.it\/wp-content\/uploads\/2026\/01\/paccheririgati-70x70.png 70w, https:\/\/www.saporinostri.it\/wp-content\/uploads\/2026\/01\/paccheririgati-500x500.png 500w, https:\/\/www.saporinostri.it\/wp-content\/uploads\/2026\/01\/paccheririgati-100x100.png 100w, https:\/\/www.saporinostri.it\/wp-content\/uploads\/2026\/01\/paccheririgati-32x32.png 32w\" sizes=\"(max-width: 360px) 147px, (max-width: 300px) 100vw, 300px\" \/><\/noscript>\t\t\t\n\t<\/div><\/div><\/a><\/div><div class=\"woocommerce-card__header\">\t\t\t\t\t<p class=\"product__categories\"><a href=\"https:\/\/www.saporinostri.it\/fr\/pasta-artigianale\/\" rel=\"tag\">Pasta Artigianale<\/a><\/p>\t\t\t\t<div class=\"woocommerce-loop-product__title\"><a tabindex=\"0\" href=\"https:\/\/www.saporinostri.it\/fr\/paccheri-rigati-il-vecchio-pastificio-di-gragnano-500g\/\" aria-label=\"Paccheri di Gragnano Rigati Il Vecchio Pastificio di Gragnano 500g\" class=\"woocommerce-LoopProduct-link woocommerce-loop-product__link\">Paccheri di Gragnano Rigati Il Vecchio Pastificio di Gragnano 500g<\/a><\/div>\n\t<span class=\"price\"><del aria-hidden=\"true\"><span class=\"woocommerce-Price-amount amount\"><bdi><span class=\"woocommerce-Price-currencySymbol\">&euro;<\/span>3,80<\/bdi><\/span><\/del> <span class=\"screen-reader-text\">Le prix initial \u00e9tait\u00a0: &euro;3,80.<\/span><ins aria-hidden=\"true\"><span class=\"woocommerce-Price-amount amount\"><bdi><span class=\"woocommerce-Price-currencySymbol\">&euro;<\/span>3,20<\/bdi><\/span><\/ins><span class=\"screen-reader-text\">Le prix actuel est\u00a0: &euro;3,20.<\/span><\/span>\n<\/a><div class=\"woocommerce-loop-product__buttons\"><a href=\"https:\/\/www.saporinostri.it\/fr\/paccheri-rigati-il-vecchio-pastificio-di-gragnano-500g\/\" aria-describedby=\"woocommerce_loop_add_to_cart_link_describedby_37703\" data-quantity=\"1\" class=\"button product_type_simple\" data-product_id=\"37703\" data-product_sku=\"8033406260435\" aria-label=\"En savoir plus sur &ldquo;Paccheri di Gragnano Rigati Il Vecchio Pastificio di Gragnano 500g&rdquo;\" rel=\"nofollow\" data-success_message=\"\">Avvisami<\/a><\/div>\t<span id=\"woocommerce_loop_add_to_cart_link_describedby_37703\" class=\"screen-reader-text\">\n\t\t\t<\/span>\n\t\t\t<input type=\"hidden\" class=\"pmwProductId\" data-id=\"37703\">\n\t\t\t\t\t<script>\n\t\t\t(window.pmwDataLayer = window.pmwDataLayer || {}).products                = window.pmwDataLayer.products || {};\n\t\t\twindow.pmwDataLayer.products[37703] = {\"id\":\"37703\",\"sku\":\"8033406260435\",\"price\":3.2,\"brand\":\"\",\"quantity\":1,\"dyn_r_ids\":{\"post_id\":\"37703\",\"sku\":\"8033406260435\",\"gpf\":\"woocommerce_gpf_37703\",\"gla\":\"gla_37703\"},\"is_variable\":false,\"type\":\"simple\",\"name\":\"Paccheri di Gragnano Rigati Il Vecchio Pastificio di Gragnano 500g\",\"category\":[\"Pasta Artigianale\"],\"is_variation\":false};\n\t\t\t\t\twindow.pmw_product_position = window.pmw_product_position || 1;\n\t\twindow.pmwDataLayer.products[37703]['position'] = window.pmw_product_position++;\n\t\t\t\t<\/script>\n\t\t<\/div><\/li>\n<li class=\"product type-product post-4153 status-publish outofstock product_cat-pasta-artigianale has-post-thumbnail sale taxable shipping-taxable purchasable product-type-simple\" style=\"--span: 1;\">\n\t<div class=\"commercekit-wishlist mini\" data-product-id=\"4153\"><a href=\"#\" class=\"commercekit-save-wishlist\" data-product-id=\"4153\" data-type=\"list\" title=\"Wishlist\" aria-label=\"Wishlist\"><em class=\"cg-wishlist\"><\/em><span><\/span><\/a><\/div><a href=\"https:\/\/www.saporinostri.it\/fr\/fusilli-colorati-orogiallo-500g\/\" class=\"woocommerce-LoopProduct-link woocommerce-loop-product__link\"><div class=\"woocommerce-image__wrapper\"><a href=\"https:\/\/www.saporinostri.it\/fr\/fusilli-colorati-orogiallo-500g\/\" title=\"Fusilli Colorati OroGiallo 500g\" class=\"woocommerce-LoopProduct-link woocommerce-loop-product__link\"><span class=\"sale-item product-label type-circle\">-13%<\/span>\t\t\t<span class=\"product-out-of-stock\"><em>Out of stock<\/em><\/span>\n\t\t\t<div class=\"shoptimizer-plp-carousel-container\"><div class=\"shoptimizer-plp-image-wrapper\"><img decoding=\"async\" width=\"300\" height=\"300\" data-src=\"https:\/\/www.saporinostri.it\/wp-content\/uploads\/2020\/10\/fusilli-colorati-orogiallo-front-300x300.jpg\" class=\"attachment-woocommerce_thumbnail size-woocommerce_thumbnail lazyload\" alt=\"Fusilli Colorati OroGiallo 500g\" data-srcset=\"https:\/\/www.saporinostri.it\/wp-content\/uploads\/2020\/10\/fusilli-colorati-orogiallo-front-300x300.jpg 300w, https:\/\/www.saporinostri.it\/wp-content\/uploads\/2020\/10\/fusilli-colorati-orogiallo-front-150x150.jpg 150w, https:\/\/www.saporinostri.it\/wp-content\/uploads\/2020\/10\/fusilli-colorati-orogiallo-front-800x800.jpg 800w, https:\/\/www.saporinostri.it\/wp-content\/uploads\/2020\/10\/fusilli-colorati-orogiallo-front-1024x1024.jpg 1024w, https:\/\/www.saporinostri.it\/wp-content\/uploads\/2020\/10\/fusilli-colorati-orogiallo-front-768x768.jpg 768w, https:\/\/www.saporinostri.it\/wp-content\/uploads\/2020\/10\/fusilli-colorati-orogiallo-front-400x400.jpg 400w, https:\/\/www.saporinostri.it\/wp-content\/uploads\/2020\/10\/fusilli-colorati-orogiallo-front-640x640.jpg 640w, https:\/\/www.saporinostri.it\/wp-content\/uploads\/2020\/10\/fusilli-colorati-orogiallo-front-85x85.jpg 85w, https:\/\/www.saporinostri.it\/wp-content\/uploads\/2020\/10\/fusilli-colorati-orogiallo-front-32x32.jpg 32w, https:\/\/www.saporinostri.it\/wp-content\/uploads\/2020\/10\/fusilli-colorati-orogiallo-front.jpg 1100w\" data-sizes=\"(max-width: 360px) 147px, (max-width: 300px) 100vw, 300px\" src=\"data:image\/gif;base64,R0lGODlhAQABAAAAACH5BAEKAAEALAAAAAABAAEAAAICTAEAOw==\" style=\"--smush-placeholder-width: 300px; --smush-placeholder-aspect-ratio: 300\/300;\" \/><noscript><img loading=\"lazy\" decoding=\"async\" width=\"300\" height=\"300\" src=\"https:\/\/www.saporinostri.it\/wp-content\/uploads\/2020\/10\/fusilli-colorati-orogiallo-front-300x300.jpg\" class=\"attachment-woocommerce_thumbnail size-woocommerce_thumbnail\" alt=\"Fusilli Colorati OroGiallo 500g\" srcset=\"https:\/\/www.saporinostri.it\/wp-content\/uploads\/2020\/10\/fusilli-colorati-orogiallo-front-300x300.jpg 300w, https:\/\/www.saporinostri.it\/wp-content\/uploads\/2020\/10\/fusilli-colorati-orogiallo-front-150x150.jpg 150w, https:\/\/www.saporinostri.it\/wp-content\/uploads\/2020\/10\/fusilli-colorati-orogiallo-front-800x800.jpg 800w, https:\/\/www.saporinostri.it\/wp-content\/uploads\/2020\/10\/fusilli-colorati-orogiallo-front-1024x1024.jpg 1024w, https:\/\/www.saporinostri.it\/wp-content\/uploads\/2020\/10\/fusilli-colorati-orogiallo-front-768x768.jpg 768w, https:\/\/www.saporinostri.it\/wp-content\/uploads\/2020\/10\/fusilli-colorati-orogiallo-front-400x400.jpg 400w, https:\/\/www.saporinostri.it\/wp-content\/uploads\/2020\/10\/fusilli-colorati-orogiallo-front-640x640.jpg 640w, https:\/\/www.saporinostri.it\/wp-content\/uploads\/2020\/10\/fusilli-colorati-orogiallo-front-85x85.jpg 85w, https:\/\/www.saporinostri.it\/wp-content\/uploads\/2020\/10\/fusilli-colorati-orogiallo-front-32x32.jpg 32w, https:\/\/www.saporinostri.it\/wp-content\/uploads\/2020\/10\/fusilli-colorati-orogiallo-front.jpg 1100w\" sizes=\"(max-width: 360px) 147px, (max-width: 300px) 100vw, 300px\" \/><\/noscript>\t\t\t\n\t<\/div><\/div><\/a><\/div><div class=\"woocommerce-card__header\">\t\t\t\t\t<p class=\"product__categories\"><a href=\"https:\/\/www.saporinostri.it\/fr\/pasta-artigianale\/\" rel=\"tag\">Pasta Artigianale<\/a><\/p>\t\t\t\t<div class=\"woocommerce-loop-product__title\"><a tabindex=\"0\" href=\"https:\/\/www.saporinostri.it\/fr\/fusilli-colorati-orogiallo-500g\/\" aria-label=\"Fusilli Colorati OroGiallo 500g\" class=\"woocommerce-LoopProduct-link woocommerce-loop-product__link\">Fusilli Colorati OroGiallo 500g<\/a><\/div><div class=\"star-rating\" role=\"img\" aria-label=\"Note 5.00 sur 5\"><span style=\"width:100%\">Note <strong class=\"rating\">5.00<\/strong> sur 5<\/span><\/div>\n\t<span class=\"price\"><del aria-hidden=\"true\"><span class=\"woocommerce-Price-amount amount\"><bdi><span class=\"woocommerce-Price-currencySymbol\">&euro;<\/span>4,00<\/bdi><\/span><\/del> <span class=\"screen-reader-text\">Le prix initial \u00e9tait\u00a0: &euro;4,00.<\/span><ins aria-hidden=\"true\"><span class=\"woocommerce-Price-amount amount\"><bdi><span class=\"woocommerce-Price-currencySymbol\">&euro;<\/span>3,49<\/bdi><\/span><\/ins><span class=\"screen-reader-text\">Le prix actuel est\u00a0: &euro;3,49.<\/span><\/span>\n<\/a><div class=\"woocommerce-loop-product__buttons\"><a href=\"https:\/\/www.saporinostri.it\/fr\/fusilli-colorati-orogiallo-500g\/\" aria-describedby=\"woocommerce_loop_add_to_cart_link_describedby_4153\" data-quantity=\"1\" class=\"button product_type_simple\" data-product_id=\"4153\" data-product_sku=\"8015793530001\" aria-label=\"En savoir plus sur &ldquo;Fusilli Colorati OroGiallo 500g&rdquo;\" rel=\"nofollow\" data-success_message=\"\">Avvisami<\/a><\/div>\t<span id=\"woocommerce_loop_add_to_cart_link_describedby_4153\" class=\"screen-reader-text\">\n\t\t\t<\/span>\n\t\t\t<input type=\"hidden\" class=\"pmwProductId\" data-id=\"4153\">\n\t\t\t\t\t<script>\n\t\t\t(window.pmwDataLayer = window.pmwDataLayer || {}).products                = window.pmwDataLayer.products || {};\n\t\t\twindow.pmwDataLayer.products[4153] = {\"id\":\"4153\",\"sku\":\"8015793530001\",\"price\":3.49,\"brand\":\"\",\"quantity\":1,\"dyn_r_ids\":{\"post_id\":\"4153\",\"sku\":\"8015793530001\",\"gpf\":\"woocommerce_gpf_4153\",\"gla\":\"gla_4153\"},\"is_variable\":false,\"type\":\"simple\",\"name\":\"Fusilli Colorati OroGiallo 500g\",\"category\":[\"Pasta Artigianale\"],\"is_variation\":false};\n\t\t\t\t\twindow.pmw_product_position = window.pmw_product_position || 1;\n\t\twindow.pmwDataLayer.products[4153]['position'] = window.pmw_product_position++;\n\t\t\t\t<\/script>\n\t\t<\/div><\/li>\n<li class=\"product type-product post-4125 status-publish outofstock product_cat-pasta-artigianale has-post-thumbnail sale taxable shipping-taxable purchasable product-type-simple\" style=\"--span: 1;\">\n\t<div class=\"commercekit-wishlist mini\" data-product-id=\"4125\"><a href=\"#\" class=\"commercekit-save-wishlist\" data-product-id=\"4125\" data-type=\"list\" title=\"Wishlist\" aria-label=\"Wishlist\"><em class=\"cg-wishlist\"><\/em><span><\/span><\/a><\/div><a href=\"https:\/\/www.saporinostri.it\/fr\/lumaconi-igp-il-vecchio-pastificio-di-gragnano-500g\/\" class=\"woocommerce-LoopProduct-link woocommerce-loop-product__link\"><div class=\"woocommerce-image__wrapper\"><a href=\"https:\/\/www.saporinostri.it\/fr\/lumaconi-igp-il-vecchio-pastificio-di-gragnano-500g\/\" title=\"Lumaconi IGP Il Vecchio Pastificio di Gragnano 500g\" class=\"woocommerce-LoopProduct-link woocommerce-loop-product__link\"><span class=\"sale-item product-label type-circle\">-16%<\/span>\t\t\t<span class=\"product-out-of-stock\"><em>Out of stock<\/em><\/span>\n\t\t\t<div class=\"shoptimizer-plp-carousel-container\"><div class=\"shoptimizer-plp-image-wrapper\"><img decoding=\"async\" width=\"300\" height=\"300\" data-src=\"https:\/\/www.saporinostri.it\/wp-content\/uploads\/2020\/10\/lumaconi-igp-vecchio-pastificio-di-gragnano-front-300x300.jpg\" class=\"attachment-woocommerce_thumbnail size-woocommerce_thumbnail lazyload\" alt=\"Lumaconi IGP Il Vecchio Pastificio di Gragnano 500g\" data-srcset=\"https:\/\/www.saporinostri.it\/wp-content\/uploads\/2020\/10\/lumaconi-igp-vecchio-pastificio-di-gragnano-front-300x300.jpg 300w, https:\/\/www.saporinostri.it\/wp-content\/uploads\/2020\/10\/lumaconi-igp-vecchio-pastificio-di-gragnano-front-150x150.jpg 150w, https:\/\/www.saporinostri.it\/wp-content\/uploads\/2020\/10\/lumaconi-igp-vecchio-pastificio-di-gragnano-front-800x800.jpg 800w, https:\/\/www.saporinostri.it\/wp-content\/uploads\/2020\/10\/lumaconi-igp-vecchio-pastificio-di-gragnano-front-1024x1024.jpg 1024w, https:\/\/www.saporinostri.it\/wp-content\/uploads\/2020\/10\/lumaconi-igp-vecchio-pastificio-di-gragnano-front-768x768.jpg 768w, https:\/\/www.saporinostri.it\/wp-content\/uploads\/2020\/10\/lumaconi-igp-vecchio-pastificio-di-gragnano-front-400x400.jpg 400w, https:\/\/www.saporinostri.it\/wp-content\/uploads\/2020\/10\/lumaconi-igp-vecchio-pastificio-di-gragnano-front-640x640.jpg 640w, https:\/\/www.saporinostri.it\/wp-content\/uploads\/2020\/10\/lumaconi-igp-vecchio-pastificio-di-gragnano-front-85x85.jpg 85w, https:\/\/www.saporinostri.it\/wp-content\/uploads\/2020\/10\/lumaconi-igp-vecchio-pastificio-di-gragnano-front-32x32.jpg 32w, https:\/\/www.saporinostri.it\/wp-content\/uploads\/2020\/10\/lumaconi-igp-vecchio-pastificio-di-gragnano-front.jpg 1100w\" data-sizes=\"(max-width: 360px) 147px, (max-width: 300px) 100vw, 300px\" src=\"data:image\/gif;base64,R0lGODlhAQABAAAAACH5BAEKAAEALAAAAAABAAEAAAICTAEAOw==\" style=\"--smush-placeholder-width: 300px; --smush-placeholder-aspect-ratio: 300\/300;\" \/><noscript><img loading=\"lazy\" decoding=\"async\" width=\"300\" height=\"300\" src=\"https:\/\/www.saporinostri.it\/wp-content\/uploads\/2020\/10\/lumaconi-igp-vecchio-pastificio-di-gragnano-front-300x300.jpg\" class=\"attachment-woocommerce_thumbnail size-woocommerce_thumbnail\" alt=\"Lumaconi IGP Il Vecchio Pastificio di Gragnano 500g\" srcset=\"https:\/\/www.saporinostri.it\/wp-content\/uploads\/2020\/10\/lumaconi-igp-vecchio-pastificio-di-gragnano-front-300x300.jpg 300w, https:\/\/www.saporinostri.it\/wp-content\/uploads\/2020\/10\/lumaconi-igp-vecchio-pastificio-di-gragnano-front-150x150.jpg 150w, https:\/\/www.saporinostri.it\/wp-content\/uploads\/2020\/10\/lumaconi-igp-vecchio-pastificio-di-gragnano-front-800x800.jpg 800w, https:\/\/www.saporinostri.it\/wp-content\/uploads\/2020\/10\/lumaconi-igp-vecchio-pastificio-di-gragnano-front-1024x1024.jpg 1024w, https:\/\/www.saporinostri.it\/wp-content\/uploads\/2020\/10\/lumaconi-igp-vecchio-pastificio-di-gragnano-front-768x768.jpg 768w, https:\/\/www.saporinostri.it\/wp-content\/uploads\/2020\/10\/lumaconi-igp-vecchio-pastificio-di-gragnano-front-400x400.jpg 400w, https:\/\/www.saporinostri.it\/wp-content\/uploads\/2020\/10\/lumaconi-igp-vecchio-pastificio-di-gragnano-front-640x640.jpg 640w, https:\/\/www.saporinostri.it\/wp-content\/uploads\/2020\/10\/lumaconi-igp-vecchio-pastificio-di-gragnano-front-85x85.jpg 85w, https:\/\/www.saporinostri.it\/wp-content\/uploads\/2020\/10\/lumaconi-igp-vecchio-pastificio-di-gragnano-front-32x32.jpg 32w, https:\/\/www.saporinostri.it\/wp-content\/uploads\/2020\/10\/lumaconi-igp-vecchio-pastificio-di-gragnano-front.jpg 1100w\" sizes=\"(max-width: 360px) 147px, (max-width: 300px) 100vw, 300px\" \/><\/noscript>\t\t\t\n\t<\/div><\/div><\/a><\/div><div class=\"woocommerce-card__header\">\t\t\t\t\t<p class=\"product__categories\"><a href=\"https:\/\/www.saporinostri.it\/fr\/pasta-artigianale\/\" rel=\"tag\">Pasta Artigianale<\/a><\/p>\t\t\t\t<div class=\"woocommerce-loop-product__title\"><a tabindex=\"0\" href=\"https:\/\/www.saporinostri.it\/fr\/lumaconi-igp-il-vecchio-pastificio-di-gragnano-500g\/\" aria-label=\"Lumaconi IGP Il Vecchio Pastificio di Gragnano 500g\" class=\"woocommerce-LoopProduct-link woocommerce-loop-product__link\">Lumaconi IGP Il Vecchio Pastificio di Gragnano 500g<\/a><\/div><div class=\"star-rating\" role=\"img\" aria-label=\"Note 5.00 sur 5\"><span style=\"width:100%\">Note <strong class=\"rating\">5.00<\/strong> sur 5<\/span><\/div>\n\t<span class=\"price\"><del aria-hidden=\"true\"><span class=\"woocommerce-Price-amount amount\"><bdi><span class=\"woocommerce-Price-currencySymbol\">&euro;<\/span>3,80<\/bdi><\/span><\/del> <span class=\"screen-reader-text\">Le prix initial \u00e9tait\u00a0: &euro;3,80.<\/span><ins aria-hidden=\"true\"><span class=\"woocommerce-Price-amount amount\"><bdi><span class=\"woocommerce-Price-currencySymbol\">&euro;<\/span>3,20<\/bdi><\/span><\/ins><span class=\"screen-reader-text\">Le prix actuel est\u00a0: &euro;3,20.<\/span><\/span>\n<\/a><div class=\"woocommerce-loop-product__buttons\"><a href=\"https:\/\/www.saporinostri.it\/fr\/lumaconi-igp-il-vecchio-pastificio-di-gragnano-500g\/\" aria-describedby=\"woocommerce_loop_add_to_cart_link_describedby_4125\" data-quantity=\"1\" class=\"button product_type_simple\" data-product_id=\"4125\" data-product_sku=\"8033406260534\" aria-label=\"En savoir plus sur &ldquo;Lumaconi IGP Il Vecchio Pastificio di Gragnano 500g&rdquo;\" rel=\"nofollow\" data-success_message=\"\">Avvisami<\/a><\/div>\t<span id=\"woocommerce_loop_add_to_cart_link_describedby_4125\" class=\"screen-reader-text\">\n\t\t\t<\/span>\n\t\t\t<input type=\"hidden\" class=\"pmwProductId\" data-id=\"4125\">\n\t\t\t\t\t<script>\n\t\t\t(window.pmwDataLayer = window.pmwDataLayer || {}).products                = window.pmwDataLayer.products || {};\n\t\t\twindow.pmwDataLayer.products[4125] = {\"id\":\"4125\",\"sku\":\"8033406260534\",\"price\":3.2,\"brand\":\"\",\"quantity\":1,\"dyn_r_ids\":{\"post_id\":\"4125\",\"sku\":\"8033406260534\",\"gpf\":\"woocommerce_gpf_4125\",\"gla\":\"gla_4125\"},\"is_variable\":false,\"type\":\"simple\",\"name\":\"Lumaconi IGP Il Vecchio Pastificio di Gragnano 500g\",\"category\":[\"Pasta Artigianale\"],\"is_variation\":false};\n\t\t\t\t\twindow.pmw_product_position = window.pmw_product_position || 1;\n\t\twindow.pmwDataLayer.products[4125]['position'] = window.pmw_product_position++;\n\t\t\t\t<\/script>\n\t\t<\/div><\/li>\n<li class=\"product type-product post-17874 status-publish last instock product_cat-pasta-artigianale has-post-thumbnail sale taxable shipping-taxable purchasable product-type-simple\" style=\"--span: 1;\">\n\t<div class=\"commercekit-wishlist mini\" data-product-id=\"17874\"><a href=\"#\" class=\"commercekit-save-wishlist\" data-product-id=\"17874\" data-type=\"list\" title=\"Wishlist\" aria-label=\"Wishlist\"><em class=\"cg-wishlist\"><\/em><span><\/span><\/a><\/div><a href=\"https:\/\/www.saporinostri.it\/fr\/mafaldine-igp-il-vecchio-pastificio-di-gragnano-500g\/\" class=\"woocommerce-LoopProduct-link woocommerce-loop-product__link\"><div class=\"woocommerce-image__wrapper\"><a href=\"https:\/\/www.saporinostri.it\/fr\/mafaldine-igp-il-vecchio-pastificio-di-gragnano-500g\/\" title=\"Mafaldine IGP Il Vecchio Pastificio di Gragnano 500g\" class=\"woocommerce-LoopProduct-link woocommerce-loop-product__link\"><span class=\"sale-item product-label type-circle\">-16%<\/span><div class=\"shoptimizer-plp-carousel-container\"><div class=\"shoptimizer-plp-image-wrapper\"><img decoding=\"async\" width=\"300\" height=\"300\" data-src=\"https:\/\/www.saporinostri.it\/wp-content\/uploads\/2022\/02\/mafaldine-vecchio-pastificio-di-gragnano-front-300x300.jpg\" class=\"attachment-woocommerce_thumbnail size-woocommerce_thumbnail lazyload\" alt=\"Mafaldine IGP Il Vecchio Pastificio di Gragnano 500g\" data-srcset=\"https:\/\/www.saporinostri.it\/wp-content\/uploads\/2022\/02\/mafaldine-vecchio-pastificio-di-gragnano-front-300x300.jpg 300w, https:\/\/www.saporinostri.it\/wp-content\/uploads\/2022\/02\/mafaldine-vecchio-pastificio-di-gragnano-front-1024x1024.jpg 1024w, https:\/\/www.saporinostri.it\/wp-content\/uploads\/2022\/02\/mafaldine-vecchio-pastificio-di-gragnano-front-150x150.jpg 150w, https:\/\/www.saporinostri.it\/wp-content\/uploads\/2022\/02\/mafaldine-vecchio-pastificio-di-gragnano-front-768x768.jpg 768w, https:\/\/www.saporinostri.it\/wp-content\/uploads\/2022\/02\/mafaldine-vecchio-pastificio-di-gragnano-front-12x12.jpg 12w, https:\/\/www.saporinostri.it\/wp-content\/uploads\/2022\/02\/mafaldine-vecchio-pastificio-di-gragnano-front-70x70.jpg 70w, https:\/\/www.saporinostri.it\/wp-content\/uploads\/2022\/02\/mafaldine-vecchio-pastificio-di-gragnano-front-500x500.jpg 500w, https:\/\/www.saporinostri.it\/wp-content\/uploads\/2022\/02\/mafaldine-vecchio-pastificio-di-gragnano-front-990x990.jpg 990w, https:\/\/www.saporinostri.it\/wp-content\/uploads\/2022\/02\/mafaldine-vecchio-pastificio-di-gragnano-front-441x441.jpg 441w, https:\/\/www.saporinostri.it\/wp-content\/uploads\/2022\/02\/mafaldine-vecchio-pastificio-di-gragnano-front-800x800.jpg 800w, https:\/\/www.saporinostri.it\/wp-content\/uploads\/2022\/02\/mafaldine-vecchio-pastificio-di-gragnano-front-64x64.jpg 64w, https:\/\/www.saporinostri.it\/wp-content\/uploads\/2022\/02\/mafaldine-vecchio-pastificio-di-gragnano-front.jpg 1100w\" data-sizes=\"(max-width: 360px) 147px, (max-width: 300px) 100vw, 300px\" src=\"data:image\/gif;base64,R0lGODlhAQABAAAAACH5BAEKAAEALAAAAAABAAEAAAICTAEAOw==\" style=\"--smush-placeholder-width: 300px; --smush-placeholder-aspect-ratio: 300\/300;\" \/><noscript><img loading=\"lazy\" decoding=\"async\" width=\"300\" height=\"300\" src=\"https:\/\/www.saporinostri.it\/wp-content\/uploads\/2022\/02\/mafaldine-vecchio-pastificio-di-gragnano-front-300x300.jpg\" class=\"attachment-woocommerce_thumbnail size-woocommerce_thumbnail\" alt=\"Mafaldine IGP Il Vecchio Pastificio di Gragnano 500g\" srcset=\"https:\/\/www.saporinostri.it\/wp-content\/uploads\/2022\/02\/mafaldine-vecchio-pastificio-di-gragnano-front-300x300.jpg 300w, https:\/\/www.saporinostri.it\/wp-content\/uploads\/2022\/02\/mafaldine-vecchio-pastificio-di-gragnano-front-1024x1024.jpg 1024w, https:\/\/www.saporinostri.it\/wp-content\/uploads\/2022\/02\/mafaldine-vecchio-pastificio-di-gragnano-front-150x150.jpg 150w, https:\/\/www.saporinostri.it\/wp-content\/uploads\/2022\/02\/mafaldine-vecchio-pastificio-di-gragnano-front-768x768.jpg 768w, https:\/\/www.saporinostri.it\/wp-content\/uploads\/2022\/02\/mafaldine-vecchio-pastificio-di-gragnano-front-12x12.jpg 12w, https:\/\/www.saporinostri.it\/wp-content\/uploads\/2022\/02\/mafaldine-vecchio-pastificio-di-gragnano-front-70x70.jpg 70w, https:\/\/www.saporinostri.it\/wp-content\/uploads\/2022\/02\/mafaldine-vecchio-pastificio-di-gragnano-front-500x500.jpg 500w, https:\/\/www.saporinostri.it\/wp-content\/uploads\/2022\/02\/mafaldine-vecchio-pastificio-di-gragnano-front-990x990.jpg 990w, https:\/\/www.saporinostri.it\/wp-content\/uploads\/2022\/02\/mafaldine-vecchio-pastificio-di-gragnano-front-441x441.jpg 441w, https:\/\/www.saporinostri.it\/wp-content\/uploads\/2022\/02\/mafaldine-vecchio-pastificio-di-gragnano-front-800x800.jpg 800w, https:\/\/www.saporinostri.it\/wp-content\/uploads\/2022\/02\/mafaldine-vecchio-pastificio-di-gragnano-front-64x64.jpg 64w, https:\/\/www.saporinostri.it\/wp-content\/uploads\/2022\/02\/mafaldine-vecchio-pastificio-di-gragnano-front.jpg 1100w\" sizes=\"(max-width: 360px) 147px, (max-width: 300px) 100vw, 300px\" \/><\/noscript>\t\t\t\n\t<\/div><\/div><\/a><\/div><div class=\"woocommerce-card__header\">\t\t\t\t\t<p class=\"product__categories\"><a href=\"https:\/\/www.saporinostri.it\/fr\/pasta-artigianale\/\" rel=\"tag\">Pasta Artigianale<\/a><\/p>\t\t\t\t<div class=\"woocommerce-loop-product__title\"><a tabindex=\"0\" href=\"https:\/\/www.saporinostri.it\/fr\/mafaldine-igp-il-vecchio-pastificio-di-gragnano-500g\/\" aria-label=\"Mafaldine IGP Il Vecchio Pastificio di Gragnano 500g\" class=\"woocommerce-LoopProduct-link woocommerce-loop-product__link\">Mafaldine IGP Il Vecchio Pastificio di Gragnano 500g<\/a><\/div>\n\t<span class=\"price\"><del aria-hidden=\"true\"><span class=\"woocommerce-Price-amount amount\"><bdi><span class=\"woocommerce-Price-currencySymbol\">&euro;<\/span>3,80<\/bdi><\/span><\/del> <span class=\"screen-reader-text\">Le prix initial \u00e9tait\u00a0: &euro;3,80.<\/span><ins aria-hidden=\"true\"><span class=\"woocommerce-Price-amount amount\"><bdi><span class=\"woocommerce-Price-currencySymbol\">&euro;<\/span>3,20<\/bdi><\/span><\/ins><span class=\"screen-reader-text\">Le prix actuel est\u00a0: &euro;3,20.<\/span><\/span>\n<\/a><div class=\"woocommerce-loop-product__buttons\"><a href=\"\/fr\/wp-json\/wp\/v2\/pages\/18815?add-to-cart=17874\" aria-describedby=\"woocommerce_loop_add_to_cart_link_describedby_17874\" data-quantity=\"1\" class=\"button product_type_simple add_to_cart_button ajax_add_to_cart\" data-product_id=\"17874\" data-product_sku=\"8033406260053\" aria-label=\"Ajouter au panier\u00a0: &ldquo;Mafaldine IGP Il Vecchio Pastificio di Gragnano 500g&rdquo;\" rel=\"nofollow\" data-success_message=\"\u00ab\u00a0Mafaldine IGP Il Vecchio Pastificio di Gragnano 500g\u00a0\u00bb a \u00e9t\u00e9 ajout\u00e9 \u00e0 votre panier\" role=\"button\">Ajouter au panier<\/a><\/div>\t<span id=\"woocommerce_loop_add_to_cart_link_describedby_17874\" class=\"screen-reader-text\">\n\t\t\t<\/span>\n\t\t\t<input type=\"hidden\" class=\"pmwProductId\" data-id=\"17874\">\n\t\t\t\t\t<script>\n\t\t\t(window.pmwDataLayer = window.pmwDataLayer || {}).products                = window.pmwDataLayer.products || {};\n\t\t\twindow.pmwDataLayer.products[17874] = {\"id\":\"17874\",\"sku\":\"8033406260053\",\"price\":3.2,\"brand\":\"\",\"quantity\":1,\"dyn_r_ids\":{\"post_id\":\"17874\",\"sku\":\"8033406260053\",\"gpf\":\"woocommerce_gpf_17874\",\"gla\":\"gla_17874\"},\"is_variable\":false,\"type\":\"simple\",\"name\":\"Mafaldine IGP Il Vecchio Pastificio di Gragnano 500g\",\"category\":[\"Pasta Artigianale\"],\"is_variation\":false};\n\t\t\t\t\twindow.pmw_product_position = window.pmw_product_position || 1;\n\t\twindow.pmwDataLayer.products[17874]['position'] = window.pmw_product_position++;\n\t\t\t\t<\/script>\n\t\t<\/div><\/li>\n<\/ul>\n<\/div>\t\t\t\t<\/div>\n\t\t\t\t<\/div>\n\t\t\t\t\t<\/div>\n\t\t\t\t<\/div>\n\t\t<div class=\"elementor-element elementor-element-dc4d4c6 e-flex e-con-boxed e-con e-parent\" data-id=\"dc4d4c6\" data-element_type=\"container\" data-e-type=\"container\">\n\t\t\t\t\t<div class=\"e-con-inner\">\n\t\t\t\t<div class=\"elementor-element elementor-element-173b0d9 elementor-widget elementor-widget-heading\" data-id=\"173b0d9\" data-element_type=\"widget\" data-e-type=\"widget\" data-widget_type=\"heading.default\">\n\t\t\t\t<div class=\"elementor-widget-container\">\n\t\t\t\t\t<h4 class=\"elementor-heading-title elementor-size-default\">OFFERTE<\/h4>\t\t\t\t<\/div>\n\t\t\t\t<\/div>\n\t\t\t\t<div class=\"elementor-element elementor-element-12d5c9b elementor-widget elementor-widget-heading\" data-id=\"12d5c9b\" data-element_type=\"widget\" data-e-type=\"widget\" data-widget_type=\"heading.default\">\n\t\t\t\t<div class=\"elementor-widget-container\">\n\t\t\t\t\t<h2 class=\"elementor-heading-title elementor-size-default\">Utensili da Cucina<\/h2>\t\t\t\t<\/div>\n\t\t\t\t<\/div>\n\t\t\t\t<div class=\"elementor-element elementor-element-658e50c elementor-widget elementor-widget-text-editor\" data-id=\"658e50c\" data-element_type=\"widget\" data-e-type=\"widget\" data-widget_type=\"text-editor.default\">\n\t\t\t\t<div class=\"elementor-widget-container\">\n\t\t\t\t\t\t\t\t\t<p>Approfitta delle migliori offerte selezionate per te!<\/p>\t\t\t\t\t\t\t\t<\/div>\n\t\t\t\t<\/div>\n\t\t\t\t<div class=\"elementor-element elementor-element-9c5d3cb elementor-grid-6 elementor-grid-tablet-3 elementor-grid-mobile-2 elementor-products-grid elementor-wc-products elementor-widget elementor-widget-woocommerce-products\" data-id=\"9c5d3cb\" data-element_type=\"widget\" data-e-type=\"widget\" data-widget_type=\"woocommerce-products.default\">\n\t\t\t\t<div class=\"elementor-widget-container\">\n\t\t\t\t\t<div class=\"woocommerce columns-6 \"><ul class=\"products elementor-grid columns-6\">\n<li class=\"product type-product post-2382 status-publish first instock product_cat-altro product_cat-utensili-cucina has-post-thumbnail sale taxable shipping-taxable purchasable product-type-simple\" style=\"--span: 1;\">\n\t<div class=\"commercekit-wishlist mini\" data-product-id=\"2382\"><a href=\"#\" class=\"commercekit-save-wishlist\" data-product-id=\"2382\" data-type=\"list\" title=\"Wishlist\" aria-label=\"Wishlist\"><em class=\"cg-wishlist\"><\/em><span><\/span><\/a><\/div><a href=\"https:\/\/www.saporinostri.it\/fr\/rigagnocchi-22x8cm\/\" class=\"woocommerce-LoopProduct-link woocommerce-loop-product__link\"><div class=\"woocommerce-image__wrapper\"><a href=\"https:\/\/www.saporinostri.it\/fr\/rigagnocchi-22x8cm\/\" title=\"Rigagnocchi 22x8cm\" class=\"woocommerce-LoopProduct-link woocommerce-loop-product__link\"><span class=\"sale-item product-label type-circle\">-10%<\/span><div class=\"shoptimizer-plp-carousel-container\"><div class=\"shoptimizer-plp-image-wrapper\"><img decoding=\"async\" width=\"300\" height=\"300\" data-src=\"https:\/\/www.saporinostri.it\/wp-content\/uploads\/2020\/05\/rigagnocchi-300x300.jpg\" class=\"attachment-woocommerce_thumbnail size-woocommerce_thumbnail lazyload\" alt=\"Rigagnocchi\" data-srcset=\"https:\/\/www.saporinostri.it\/wp-content\/uploads\/2020\/05\/rigagnocchi-300x300.jpg 300w, https:\/\/www.saporinostri.it\/wp-content\/uploads\/2020\/05\/rigagnocchi-150x150.jpg 150w, https:\/\/www.saporinostri.it\/wp-content\/uploads\/2020\/05\/rigagnocchi-600x600.jpg 600w, https:\/\/www.saporinostri.it\/wp-content\/uploads\/2020\/05\/rigagnocchi-1-640x640.jpg 640w, https:\/\/www.saporinostri.it\/wp-content\/uploads\/2020\/05\/rigagnocchi-1-400x400.jpg 400w, https:\/\/www.saporinostri.it\/wp-content\/uploads\/2020\/05\/rigagnocchi-1-85x85.jpg 85w, https:\/\/www.saporinostri.it\/wp-content\/uploads\/2020\/05\/rigagnocchi-1-32x32.jpg 32w, https:\/\/www.saporinostri.it\/wp-content\/uploads\/2020\/05\/rigagnocchi.jpg 697w\" data-sizes=\"(max-width: 360px) 147px, (max-width: 300px) 100vw, 300px\" src=\"data:image\/gif;base64,R0lGODlhAQABAAAAACH5BAEKAAEALAAAAAABAAEAAAICTAEAOw==\" style=\"--smush-placeholder-width: 300px; --smush-placeholder-aspect-ratio: 300\/300;\" \/><noscript><img loading=\"lazy\" decoding=\"async\" width=\"300\" height=\"300\" src=\"https:\/\/www.saporinostri.it\/wp-content\/uploads\/2020\/05\/rigagnocchi-300x300.jpg\" class=\"attachment-woocommerce_thumbnail size-woocommerce_thumbnail\" alt=\"Rigagnocchi\" srcset=\"https:\/\/www.saporinostri.it\/wp-content\/uploads\/2020\/05\/rigagnocchi-300x300.jpg 300w, https:\/\/www.saporinostri.it\/wp-content\/uploads\/2020\/05\/rigagnocchi-150x150.jpg 150w, https:\/\/www.saporinostri.it\/wp-content\/uploads\/2020\/05\/rigagnocchi-600x600.jpg 600w, https:\/\/www.saporinostri.it\/wp-content\/uploads\/2020\/05\/rigagnocchi-1-640x640.jpg 640w, https:\/\/www.saporinostri.it\/wp-content\/uploads\/2020\/05\/rigagnocchi-1-400x400.jpg 400w, https:\/\/www.saporinostri.it\/wp-content\/uploads\/2020\/05\/rigagnocchi-1-85x85.jpg 85w, https:\/\/www.saporinostri.it\/wp-content\/uploads\/2020\/05\/rigagnocchi-1-32x32.jpg 32w, https:\/\/www.saporinostri.it\/wp-content\/uploads\/2020\/05\/rigagnocchi.jpg 697w\" sizes=\"(max-width: 360px) 147px, (max-width: 300px) 100vw, 300px\" \/><\/noscript>\t\t\t\n\t<\/div><\/div><\/a><\/div><div class=\"woocommerce-card__header\">\t\t\t\t\t<p class=\"product__categories\"><a href=\"https:\/\/www.saporinostri.it\/fr\/utensili-cucina\/altro\/\" rel=\"tag\">Altro<\/a>, <a href=\"https:\/\/www.saporinostri.it\/fr\/utensili-cucina\/\" rel=\"tag\">Utensili Cucina<\/a><\/p>\t\t\t\t<div class=\"woocommerce-loop-product__title\"><a tabindex=\"0\" href=\"https:\/\/www.saporinostri.it\/fr\/rigagnocchi-22x8cm\/\" aria-label=\"Rigagnocchi 22x8cm\" class=\"woocommerce-LoopProduct-link woocommerce-loop-product__link\">Rigagnocchi 22x8cm<\/a><\/div><div class=\"star-rating\" role=\"img\" aria-label=\"Note 4.93 sur 5\"><span style=\"width:98.6%\">Note <strong class=\"rating\">4.93<\/strong> sur 5<\/span><\/div>\n\t<span class=\"price\"><del aria-hidden=\"true\"><span class=\"woocommerce-Price-amount amount\"><bdi><span class=\"woocommerce-Price-currencySymbol\">&euro;<\/span>2,10<\/bdi><\/span><\/del> <span class=\"screen-reader-text\">Le prix initial \u00e9tait\u00a0: &euro;2,10.<\/span><ins aria-hidden=\"true\"><span class=\"woocommerce-Price-amount amount\"><bdi><span class=\"woocommerce-Price-currencySymbol\">&euro;<\/span>1,90<\/bdi><\/span><\/ins><span class=\"screen-reader-text\">Le prix actuel est\u00a0: &euro;1,90.<\/span><\/span>\n<\/a><div class=\"woocommerce-loop-product__buttons\"><a href=\"\/fr\/wp-json\/wp\/v2\/pages\/18815?add-to-cart=2382\" aria-describedby=\"woocommerce_loop_add_to_cart_link_describedby_2382\" data-quantity=\"1\" class=\"button product_type_simple add_to_cart_button ajax_add_to_cart\" data-product_id=\"2382\" data-product_sku=\"8014404027220\" aria-label=\"Ajouter au panier\u00a0: &ldquo;Rigagnocchi 22x8cm&rdquo;\" rel=\"nofollow\" data-success_message=\"\u00ab\u00a0Rigagnocchi 22x8cm\u00a0\u00bb a \u00e9t\u00e9 ajout\u00e9 \u00e0 votre panier\" role=\"button\">Ajouter au panier<\/a><\/div>\t<span id=\"woocommerce_loop_add_to_cart_link_describedby_2382\" class=\"screen-reader-text\">\n\t\t\t<\/span>\n\t\t\t<input type=\"hidden\" class=\"pmwProductId\" data-id=\"2382\">\n\t\t\t\t\t<script>\n\t\t\t(window.pmwDataLayer = window.pmwDataLayer || {}).products                = window.pmwDataLayer.products || {};\n\t\t\twindow.pmwDataLayer.products[2382] = {\"id\":\"2382\",\"sku\":\"8014404027220\",\"price\":1.9,\"brand\":\"\",\"quantity\":1,\"dyn_r_ids\":{\"post_id\":\"2382\",\"sku\":\"8014404027220\",\"gpf\":\"woocommerce_gpf_2382\",\"gla\":\"gla_2382\"},\"is_variable\":false,\"type\":\"simple\",\"name\":\"Rigagnocchi 22x8cm\",\"category\":[\"Altro\",\"Utensili Cucina\"],\"is_variation\":false};\n\t\t\t\t\twindow.pmw_product_position = window.pmw_product_position || 1;\n\t\twindow.pmwDataLayer.products[2382]['position'] = window.pmw_product_position++;\n\t\t\t\t<\/script>\n\t\t<\/div><\/li>\n<li class=\"product type-product post-2380 status-publish instock product_cat-altro product_cat-utensili-cucina has-post-thumbnail sale taxable shipping-taxable purchasable product-type-simple\" style=\"--span: 1;\">\n\t<div class=\"commercekit-wishlist mini\" data-product-id=\"2380\"><a href=\"#\" class=\"commercekit-save-wishlist\" data-product-id=\"2380\" data-type=\"list\" title=\"Wishlist\" aria-label=\"Wishlist\"><em class=\"cg-wishlist\"><\/em><span><\/span><\/a><\/div><a href=\"https:\/\/www.saporinostri.it\/fr\/rigagnocchi-doppia-faccia-21x6cm\/\" class=\"woocommerce-LoopProduct-link woocommerce-loop-product__link\"><div class=\"woocommerce-image__wrapper\"><a href=\"https:\/\/www.saporinostri.it\/fr\/rigagnocchi-doppia-faccia-21x6cm\/\" title=\"Rigagnocchi Doppia Faccia 21x6cm\" class=\"woocommerce-LoopProduct-link woocommerce-loop-product__link\"><span class=\"sale-item product-label type-circle\">-19%<\/span><div class=\"shoptimizer-plp-carousel-container\"><div class=\"shoptimizer-plp-image-wrapper\"><img decoding=\"async\" width=\"300\" height=\"300\" data-src=\"https:\/\/www.saporinostri.it\/wp-content\/uploads\/2020\/05\/rigagnocchi-doppia-faccia-300x300.jpg\" class=\"attachment-woocommerce_thumbnail size-woocommerce_thumbnail lazyload\" alt=\"Rigagnocchi Doppia Faccia 21x6cm\" data-srcset=\"https:\/\/www.saporinostri.it\/wp-content\/uploads\/2020\/05\/rigagnocchi-doppia-faccia-300x300.jpg 300w, https:\/\/www.saporinostri.it\/wp-content\/uploads\/2020\/05\/rigagnocchi-doppia-faccia-150x150.jpg 150w, https:\/\/www.saporinostri.it\/wp-content\/uploads\/2020\/05\/rigagnocchi-doppia-faccia-600x600.jpg 600w, https:\/\/www.saporinostri.it\/wp-content\/uploads\/2020\/05\/rigagnocchi-doppia-faccia-1-640x640.jpg 640w, https:\/\/www.saporinostri.it\/wp-content\/uploads\/2020\/05\/rigagnocchi-doppia-faccia-1-400x400.jpg 400w, https:\/\/www.saporinostri.it\/wp-content\/uploads\/2020\/05\/rigagnocchi-doppia-faccia-1-85x85.jpg 85w, https:\/\/www.saporinostri.it\/wp-content\/uploads\/2020\/05\/rigagnocchi-doppia-faccia-1-32x32.jpg 32w, https:\/\/www.saporinostri.it\/wp-content\/uploads\/2020\/05\/rigagnocchi-doppia-faccia.jpg 697w\" data-sizes=\"(max-width: 360px) 147px, (max-width: 300px) 100vw, 300px\" src=\"data:image\/gif;base64,R0lGODlhAQABAAAAACH5BAEKAAEALAAAAAABAAEAAAICTAEAOw==\" style=\"--smush-placeholder-width: 300px; --smush-placeholder-aspect-ratio: 300\/300;\" \/><noscript><img loading=\"lazy\" decoding=\"async\" width=\"300\" height=\"300\" src=\"https:\/\/www.saporinostri.it\/wp-content\/uploads\/2020\/05\/rigagnocchi-doppia-faccia-300x300.jpg\" class=\"attachment-woocommerce_thumbnail size-woocommerce_thumbnail\" alt=\"Rigagnocchi Doppia Faccia 21x6cm\" srcset=\"https:\/\/www.saporinostri.it\/wp-content\/uploads\/2020\/05\/rigagnocchi-doppia-faccia-300x300.jpg 300w, https:\/\/www.saporinostri.it\/wp-content\/uploads\/2020\/05\/rigagnocchi-doppia-faccia-150x150.jpg 150w, https:\/\/www.saporinostri.it\/wp-content\/uploads\/2020\/05\/rigagnocchi-doppia-faccia-600x600.jpg 600w, https:\/\/www.saporinostri.it\/wp-content\/uploads\/2020\/05\/rigagnocchi-doppia-faccia-1-640x640.jpg 640w, https:\/\/www.saporinostri.it\/wp-content\/uploads\/2020\/05\/rigagnocchi-doppia-faccia-1-400x400.jpg 400w, https:\/\/www.saporinostri.it\/wp-content\/uploads\/2020\/05\/rigagnocchi-doppia-faccia-1-85x85.jpg 85w, https:\/\/www.saporinostri.it\/wp-content\/uploads\/2020\/05\/rigagnocchi-doppia-faccia-1-32x32.jpg 32w, https:\/\/www.saporinostri.it\/wp-content\/uploads\/2020\/05\/rigagnocchi-doppia-faccia.jpg 697w\" sizes=\"(max-width: 360px) 147px, (max-width: 300px) 100vw, 300px\" \/><\/noscript>\t\t\t\n\t<\/div><\/div><\/a><\/div><div class=\"woocommerce-card__header\">\t\t\t\t\t<p class=\"product__categories\"><a href=\"https:\/\/www.saporinostri.it\/fr\/utensili-cucina\/altro\/\" rel=\"tag\">Altro<\/a>, <a href=\"https:\/\/www.saporinostri.it\/fr\/utensili-cucina\/\" rel=\"tag\">Utensili Cucina<\/a><\/p>\t\t\t\t<div class=\"woocommerce-loop-product__title\"><a tabindex=\"0\" href=\"https:\/\/www.saporinostri.it\/fr\/rigagnocchi-doppia-faccia-21x6cm\/\" aria-label=\"Rigagnocchi Doppia Faccia 21x6cm\" class=\"woocommerce-LoopProduct-link woocommerce-loop-product__link\">Rigagnocchi Doppia Faccia 21x6cm<\/a><\/div><div class=\"star-rating\" role=\"img\" aria-label=\"Note 4.92 sur 5\"><span style=\"width:98.4%\">Note <strong class=\"rating\">4.92<\/strong> sur 5<\/span><\/div>\n\t<span class=\"price\"><del aria-hidden=\"true\"><span class=\"woocommerce-Price-amount amount\"><bdi><span class=\"woocommerce-Price-currencySymbol\">&euro;<\/span>1,49<\/bdi><\/span><\/del> <span class=\"screen-reader-text\">Le prix initial \u00e9tait\u00a0: &euro;1,49.<\/span><ins aria-hidden=\"true\"><span class=\"woocommerce-Price-amount amount\"><bdi><span class=\"woocommerce-Price-currencySymbol\">&euro;<\/span>1,20<\/bdi><\/span><\/ins><span class=\"screen-reader-text\">Le prix actuel est\u00a0: &euro;1,20.<\/span><\/span>\n<\/a><div class=\"woocommerce-loop-product__buttons\"><a href=\"\/fr\/wp-json\/wp\/v2\/pages\/18815?add-to-cart=2380\" aria-describedby=\"woocommerce_loop_add_to_cart_link_describedby_2380\" data-quantity=\"1\" class=\"button product_type_simple add_to_cart_button ajax_add_to_cart\" data-product_id=\"2380\" data-product_sku=\"4014404028012\" aria-label=\"Ajouter au panier\u00a0: &ldquo;Rigagnocchi Doppia Faccia 21x6cm&rdquo;\" rel=\"nofollow\" data-success_message=\"\u00ab\u00a0Rigagnocchi Doppia Faccia 21x6cm\u00a0\u00bb a \u00e9t\u00e9 ajout\u00e9 \u00e0 votre panier\" role=\"button\">Ajouter au panier<\/a><\/div>\t<span id=\"woocommerce_loop_add_to_cart_link_describedby_2380\" class=\"screen-reader-text\">\n\t\t\t<\/span>\n\t\t\t<input type=\"hidden\" class=\"pmwProductId\" data-id=\"2380\">\n\t\t\t\t\t<script>\n\t\t\t(window.pmwDataLayer = window.pmwDataLayer || {}).products                = window.pmwDataLayer.products || {};\n\t\t\twindow.pmwDataLayer.products[2380] = {\"id\":\"2380\",\"sku\":\"4014404028012\",\"price\":1.2,\"brand\":\"\",\"quantity\":1,\"dyn_r_ids\":{\"post_id\":\"2380\",\"sku\":\"4014404028012\",\"gpf\":\"woocommerce_gpf_2380\",\"gla\":\"gla_2380\"},\"is_variable\":false,\"type\":\"simple\",\"name\":\"Rigagnocchi Doppia Faccia 21x6cm\",\"category\":[\"Altro\",\"Utensili Cucina\"],\"is_variation\":false};\n\t\t\t\t\twindow.pmw_product_position = window.pmw_product_position || 1;\n\t\twindow.pmwDataLayer.products[2380]['position'] = window.pmw_product_position++;\n\t\t\t\t<\/script>\n\t\t<\/div><\/li>\n<li class=\"product type-product post-5082 status-publish instock product_cat-altro product_cat-utensili-cucina has-post-thumbnail sale taxable shipping-taxable purchasable product-type-simple\" style=\"--span: 1;\">\n\t<div class=\"commercekit-wishlist mini\" data-product-id=\"5082\"><a href=\"#\" class=\"commercekit-save-wishlist\" data-product-id=\"5082\" data-type=\"list\" title=\"Wishlist\" aria-label=\"Wishlist\"><em class=\"cg-wishlist\"><\/em><span><\/span><\/a><\/div><a href=\"https:\/\/www.saporinostri.it\/fr\/pala-da-forno-quadrata-in-faggio-41x30cm\/\" class=\"woocommerce-LoopProduct-link woocommerce-loop-product__link\"><div class=\"woocommerce-image__wrapper\"><a href=\"https:\/\/www.saporinostri.it\/fr\/pala-da-forno-quadrata-in-faggio-41x30cm\/\" title=\"Pala da Forno Quadrata 41x30cm\" class=\"woocommerce-LoopProduct-link woocommerce-loop-product__link\"><span class=\"sale-item product-label type-circle\">-8%<\/span><div class=\"shoptimizer-plp-carousel-container\"><div class=\"shoptimizer-plp-image-wrapper\"><img decoding=\"async\" width=\"300\" height=\"300\" data-src=\"https:\/\/www.saporinostri.it\/wp-content\/uploads\/2020\/11\/pala-da-forno-quadrata-41x30-1-300x300.jpg\" class=\"attachment-woocommerce_thumbnail size-woocommerce_thumbnail lazyload\" alt=\"Pala da Forno Quadrata con Manico in Faggio\" data-srcset=\"https:\/\/www.saporinostri.it\/wp-content\/uploads\/2020\/11\/pala-da-forno-quadrata-41x30-1-300x300.jpg 300w, https:\/\/www.saporinostri.it\/wp-content\/uploads\/2020\/11\/pala-da-forno-quadrata-41x30-1-150x150.jpg 150w, https:\/\/www.saporinostri.it\/wp-content\/uploads\/2020\/11\/pala-da-forno-quadrata-41x30-1-800x800.jpg 800w, https:\/\/www.saporinostri.it\/wp-content\/uploads\/2020\/11\/pala-da-forno-quadrata-41x30-1-1024x1024.jpg 1024w, https:\/\/www.saporinostri.it\/wp-content\/uploads\/2020\/11\/pala-da-forno-quadrata-41x30-1-768x768.jpg 768w, https:\/\/www.saporinostri.it\/wp-content\/uploads\/2020\/11\/pala-da-forno-quadrata-41x30-1-400x400.jpg 400w, https:\/\/www.saporinostri.it\/wp-content\/uploads\/2020\/11\/pala-da-forno-quadrata-41x30-1-640x640.jpg 640w, https:\/\/www.saporinostri.it\/wp-content\/uploads\/2020\/11\/pala-da-forno-quadrata-41x30-1-85x85.jpg 85w, https:\/\/www.saporinostri.it\/wp-content\/uploads\/2020\/11\/pala-da-forno-quadrata-41x30-1-32x32.jpg 32w, https:\/\/www.saporinostri.it\/wp-content\/uploads\/2020\/11\/pala-da-forno-quadrata-41x30-1.jpg 1100w\" data-sizes=\"(max-width: 360px) 147px, (max-width: 300px) 100vw, 300px\" src=\"data:image\/gif;base64,R0lGODlhAQABAAAAACH5BAEKAAEALAAAAAABAAEAAAICTAEAOw==\" style=\"--smush-placeholder-width: 300px; --smush-placeholder-aspect-ratio: 300\/300;\" \/><noscript><img loading=\"lazy\" decoding=\"async\" width=\"300\" height=\"300\" src=\"https:\/\/www.saporinostri.it\/wp-content\/uploads\/2020\/11\/pala-da-forno-quadrata-41x30-1-300x300.jpg\" class=\"attachment-woocommerce_thumbnail size-woocommerce_thumbnail\" alt=\"Pala da Forno Quadrata con Manico in Faggio\" srcset=\"https:\/\/www.saporinostri.it\/wp-content\/uploads\/2020\/11\/pala-da-forno-quadrata-41x30-1-300x300.jpg 300w, https:\/\/www.saporinostri.it\/wp-content\/uploads\/2020\/11\/pala-da-forno-quadrata-41x30-1-150x150.jpg 150w, https:\/\/www.saporinostri.it\/wp-content\/uploads\/2020\/11\/pala-da-forno-quadrata-41x30-1-800x800.jpg 800w, https:\/\/www.saporinostri.it\/wp-content\/uploads\/2020\/11\/pala-da-forno-quadrata-41x30-1-1024x1024.jpg 1024w, https:\/\/www.saporinostri.it\/wp-content\/uploads\/2020\/11\/pala-da-forno-quadrata-41x30-1-768x768.jpg 768w, https:\/\/www.saporinostri.it\/wp-content\/uploads\/2020\/11\/pala-da-forno-quadrata-41x30-1-400x400.jpg 400w, https:\/\/www.saporinostri.it\/wp-content\/uploads\/2020\/11\/pala-da-forno-quadrata-41x30-1-640x640.jpg 640w, https:\/\/www.saporinostri.it\/wp-content\/uploads\/2020\/11\/pala-da-forno-quadrata-41x30-1-85x85.jpg 85w, https:\/\/www.saporinostri.it\/wp-content\/uploads\/2020\/11\/pala-da-forno-quadrata-41x30-1-32x32.jpg 32w, https:\/\/www.saporinostri.it\/wp-content\/uploads\/2020\/11\/pala-da-forno-quadrata-41x30-1.jpg 1100w\" sizes=\"(max-width: 360px) 147px, (max-width: 300px) 100vw, 300px\" \/><\/noscript>\t\t\t\n\t<\/div><\/div><\/a><\/div><div class=\"woocommerce-card__header\">\t\t\t\t\t<p class=\"product__categories\"><a href=\"https:\/\/www.saporinostri.it\/fr\/utensili-cucina\/altro\/\" rel=\"tag\">Altro<\/a>, <a href=\"https:\/\/www.saporinostri.it\/fr\/utensili-cucina\/\" rel=\"tag\">Utensili Cucina<\/a><\/p>\t\t\t\t<div class=\"woocommerce-loop-product__title\"><a tabindex=\"0\" href=\"https:\/\/www.saporinostri.it\/fr\/pala-da-forno-quadrata-in-faggio-41x30cm\/\" aria-label=\"Pala da Forno Quadrata 41x30cm\" class=\"woocommerce-LoopProduct-link woocommerce-loop-product__link\">Pala da Forno Quadrata 41x30cm<\/a><\/div><div class=\"star-rating\" role=\"img\" aria-label=\"Note 4.82 sur 5\"><span style=\"width:96.4%\">Note <strong class=\"rating\">4.82<\/strong> sur 5<\/span><\/div>\n\t<span class=\"price\"><del aria-hidden=\"true\"><span class=\"woocommerce-Price-amount amount\"><bdi><span class=\"woocommerce-Price-currencySymbol\">&euro;<\/span>6,49<\/bdi><\/span><\/del> <span class=\"screen-reader-text\">Le prix initial \u00e9tait\u00a0: &euro;6,49.<\/span><ins aria-hidden=\"true\"><span class=\"woocommerce-Price-amount amount\"><bdi><span class=\"woocommerce-Price-currencySymbol\">&euro;<\/span>5,98<\/bdi><\/span><\/ins><span class=\"screen-reader-text\">Le prix actuel est\u00a0: &euro;5,98.<\/span><\/span>\n<\/a><div class=\"woocommerce-loop-product__buttons\"><a href=\"\/fr\/wp-json\/wp\/v2\/pages\/18815?add-to-cart=5082\" aria-describedby=\"woocommerce_loop_add_to_cart_link_describedby_5082\" data-quantity=\"1\" class=\"button product_type_simple add_to_cart_button ajax_add_to_cart\" data-product_id=\"5082\" data-product_sku=\"8014404111813\" aria-label=\"Ajouter au panier\u00a0: &ldquo;Pala da Forno Quadrata 41x30cm&rdquo;\" rel=\"nofollow\" data-success_message=\"\u00ab\u00a0Pala da Forno Quadrata 41x30cm\u00a0\u00bb a \u00e9t\u00e9 ajout\u00e9 \u00e0 votre panier\" role=\"button\">Ajouter au panier<\/a><\/div>\t<span id=\"woocommerce_loop_add_to_cart_link_describedby_5082\" class=\"screen-reader-text\">\n\t\t\t<\/span>\n\t\t\t<input type=\"hidden\" class=\"pmwProductId\" data-id=\"5082\">\n\t\t\t\t\t<script>\n\t\t\t(window.pmwDataLayer = window.pmwDataLayer || {}).products                = window.pmwDataLayer.products || {};\n\t\t\twindow.pmwDataLayer.products[5082] = {\"id\":\"5082\",\"sku\":\"8014404111813\",\"price\":5.98,\"brand\":\"\",\"quantity\":1,\"dyn_r_ids\":{\"post_id\":\"5082\",\"sku\":\"8014404111813\",\"gpf\":\"woocommerce_gpf_5082\",\"gla\":\"gla_5082\"},\"is_variable\":false,\"type\":\"simple\",\"name\":\"Pala da Forno Quadrata 41x30cm\",\"category\":[\"Altro\",\"Utensili Cucina\"],\"is_variation\":false};\n\t\t\t\t\twindow.pmw_product_position = window.pmw_product_position || 1;\n\t\twindow.pmwDataLayer.products[5082]['position'] = window.pmw_product_position++;\n\t\t\t\t<\/script>\n\t\t<\/div><\/li>\n<li class=\"product type-product post-2378 status-publish outofstock product_cat-altro product_cat-utensili-cucina has-post-thumbnail sale taxable shipping-taxable purchasable product-type-simple\" style=\"--span: 1;\">\n\t<div class=\"commercekit-wishlist mini\" data-product-id=\"2378\"><a href=\"#\" class=\"commercekit-save-wishlist\" data-product-id=\"2378\" data-type=\"list\" title=\"Wishlist\" aria-label=\"Wishlist\"><em class=\"cg-wishlist\"><\/em><span><\/span><\/a><\/div><a href=\"https:\/\/www.saporinostri.it\/fr\/raschietto-per-asse-da-pasta-15-cm\/\" class=\"woocommerce-LoopProduct-link woocommerce-loop-product__link\"><div class=\"woocommerce-image__wrapper\"><a href=\"https:\/\/www.saporinostri.it\/fr\/raschietto-per-asse-da-pasta-15-cm\/\" title=\"Raschietto per Asse da Pasta 15 cm\" class=\"woocommerce-LoopProduct-link woocommerce-loop-product__link\"><span class=\"sale-item product-label type-circle\">-6%<\/span>\t\t\t<span class=\"product-out-of-stock\"><em>Out of stock<\/em><\/span>\n\t\t\t<div class=\"shoptimizer-plp-carousel-container\"><div class=\"shoptimizer-plp-image-wrapper\"><img decoding=\"async\" width=\"300\" height=\"300\" data-src=\"https:\/\/www.saporinostri.it\/wp-content\/uploads\/2020\/05\/raschietto-per-asse-da-pasta-300x300.jpg\" class=\"attachment-woocommerce_thumbnail size-woocommerce_thumbnail lazyload\" alt=\"Raschietto per Asse da Pasta\" data-srcset=\"https:\/\/www.saporinostri.it\/wp-content\/uploads\/2020\/05\/raschietto-per-asse-da-pasta-300x300.jpg 300w, https:\/\/www.saporinostri.it\/wp-content\/uploads\/2020\/05\/raschietto-per-asse-da-pasta-150x150.jpg 150w, https:\/\/www.saporinostri.it\/wp-content\/uploads\/2020\/05\/raschietto-per-asse-da-pasta-600x600.jpg 600w, https:\/\/www.saporinostri.it\/wp-content\/uploads\/2020\/05\/raschietto-per-asse-da-pasta-1-640x640.jpg 640w, https:\/\/www.saporinostri.it\/wp-content\/uploads\/2020\/05\/raschietto-per-asse-da-pasta-1-400x400.jpg 400w, https:\/\/www.saporinostri.it\/wp-content\/uploads\/2020\/05\/raschietto-per-asse-da-pasta-1-85x85.jpg 85w, https:\/\/www.saporinostri.it\/wp-content\/uploads\/2020\/05\/raschietto-per-asse-da-pasta-1-32x32.jpg 32w, https:\/\/www.saporinostri.it\/wp-content\/uploads\/2020\/05\/raschietto-per-asse-da-pasta.jpg 697w\" data-sizes=\"(max-width: 360px) 147px, (max-width: 300px) 100vw, 300px\" src=\"data:image\/gif;base64,R0lGODlhAQABAAAAACH5BAEKAAEALAAAAAABAAEAAAICTAEAOw==\" style=\"--smush-placeholder-width: 300px; --smush-placeholder-aspect-ratio: 300\/300;\" \/><noscript><img loading=\"lazy\" decoding=\"async\" width=\"300\" height=\"300\" src=\"https:\/\/www.saporinostri.it\/wp-content\/uploads\/2020\/05\/raschietto-per-asse-da-pasta-300x300.jpg\" class=\"attachment-woocommerce_thumbnail size-woocommerce_thumbnail\" alt=\"Raschietto per Asse da Pasta\" srcset=\"https:\/\/www.saporinostri.it\/wp-content\/uploads\/2020\/05\/raschietto-per-asse-da-pasta-300x300.jpg 300w, https:\/\/www.saporinostri.it\/wp-content\/uploads\/2020\/05\/raschietto-per-asse-da-pasta-150x150.jpg 150w, https:\/\/www.saporinostri.it\/wp-content\/uploads\/2020\/05\/raschietto-per-asse-da-pasta-600x600.jpg 600w, https:\/\/www.saporinostri.it\/wp-content\/uploads\/2020\/05\/raschietto-per-asse-da-pasta-1-640x640.jpg 640w, https:\/\/www.saporinostri.it\/wp-content\/uploads\/2020\/05\/raschietto-per-asse-da-pasta-1-400x400.jpg 400w, https:\/\/www.saporinostri.it\/wp-content\/uploads\/2020\/05\/raschietto-per-asse-da-pasta-1-85x85.jpg 85w, https:\/\/www.saporinostri.it\/wp-content\/uploads\/2020\/05\/raschietto-per-asse-da-pasta-1-32x32.jpg 32w, https:\/\/www.saporinostri.it\/wp-content\/uploads\/2020\/05\/raschietto-per-asse-da-pasta.jpg 697w\" sizes=\"(max-width: 360px) 147px, (max-width: 300px) 100vw, 300px\" \/><\/noscript>\t\t\t\n\t<\/div><\/div><\/a><\/div><div class=\"woocommerce-card__header\">\t\t\t\t\t<p class=\"product__categories\"><a href=\"https:\/\/www.saporinostri.it\/fr\/utensili-cucina\/altro\/\" rel=\"tag\">Altro<\/a>, <a href=\"https:\/\/www.saporinostri.it\/fr\/utensili-cucina\/\" rel=\"tag\">Utensili Cucina<\/a><\/p>\t\t\t\t<div class=\"woocommerce-loop-product__title\"><a tabindex=\"0\" href=\"https:\/\/www.saporinostri.it\/fr\/raschietto-per-asse-da-pasta-15-cm\/\" aria-label=\"Raschietto per Asse da Pasta 15 cm\" class=\"woocommerce-LoopProduct-link woocommerce-loop-product__link\">Raschietto per Asse da Pasta 15 cm<\/a><\/div><div class=\"star-rating\" role=\"img\" aria-label=\"Note 4.69 sur 5\"><span style=\"width:93.8%\">Note <strong class=\"rating\">4.69<\/strong> sur 5<\/span><\/div>\n\t<span class=\"price\"><del aria-hidden=\"true\"><span class=\"woocommerce-Price-amount amount\"><bdi><span class=\"woocommerce-Price-currencySymbol\">&euro;<\/span>1,80<\/bdi><\/span><\/del> <span class=\"screen-reader-text\">Le prix initial \u00e9tait\u00a0: &euro;1,80.<\/span><ins aria-hidden=\"true\"><span class=\"woocommerce-Price-amount amount\"><bdi><span class=\"woocommerce-Price-currencySymbol\">&euro;<\/span>1,69<\/bdi><\/span><\/ins><span class=\"screen-reader-text\">Le prix actuel est\u00a0: &euro;1,69.<\/span><\/span>\n<\/a><div class=\"woocommerce-loop-product__buttons\"><a href=\"https:\/\/www.saporinostri.it\/fr\/raschietto-per-asse-da-pasta-15-cm\/\" aria-describedby=\"woocommerce_loop_add_to_cart_link_describedby_2378\" data-quantity=\"1\" class=\"button product_type_simple\" data-product_id=\"2378\" data-product_sku=\"8014404005617\" aria-label=\"En savoir plus sur &ldquo;Raschietto per Asse da Pasta 15 cm&rdquo;\" rel=\"nofollow\" data-success_message=\"\">Avvisami<\/a><\/div>\t<span id=\"woocommerce_loop_add_to_cart_link_describedby_2378\" class=\"screen-reader-text\">\n\t\t\t<\/span>\n\t\t\t<input type=\"hidden\" class=\"pmwProductId\" data-id=\"2378\">\n\t\t\t\t\t<script>\n\t\t\t(window.pmwDataLayer = window.pmwDataLayer || {}).products                = window.pmwDataLayer.products || {};\n\t\t\twindow.pmwDataLayer.products[2378] = {\"id\":\"2378\",\"sku\":\"8014404005617\",\"price\":1.69,\"brand\":\"\",\"quantity\":1,\"dyn_r_ids\":{\"post_id\":\"2378\",\"sku\":\"8014404005617\",\"gpf\":\"woocommerce_gpf_2378\",\"gla\":\"gla_2378\"},\"is_variable\":false,\"type\":\"simple\",\"name\":\"Raschietto per Asse da Pasta 15 cm\",\"category\":[\"Altro\",\"Utensili Cucina\"],\"is_variation\":false};\n\t\t\t\t\twindow.pmw_product_position = window.pmw_product_position || 1;\n\t\twindow.pmwDataLayer.products[2378]['position'] = window.pmw_product_position++;\n\t\t\t\t<\/script>\n\t\t<\/div><\/li>\n<li class=\"product type-product post-2355 status-publish instock product_cat-contenitori product_cat-utensili-cucina has-post-thumbnail sale taxable shipping-taxable purchasable product-type-simple\" style=\"--span: 1;\">\n\t<div class=\"commercekit-wishlist mini\" data-product-id=\"2355\"><a href=\"#\" class=\"commercekit-save-wishlist\" data-product-id=\"2355\" data-type=\"list\" title=\"Wishlist\" aria-label=\"Wishlist\"><em class=\"cg-wishlist\"><\/em><span><\/span><\/a><\/div><a href=\"https:\/\/www.saporinostri.it\/fr\/cassetta-service-sovrapponibile-60-40-10\/\" class=\"woocommerce-LoopProduct-link woocommerce-loop-product__link\"><div class=\"woocommerce-image__wrapper\"><a href=\"https:\/\/www.saporinostri.it\/fr\/cassetta-service-sovrapponibile-60-40-10\/\" title=\"Cassetta Service Sovrapponibile 60x40x10cm\" class=\"woocommerce-LoopProduct-link woocommerce-loop-product__link\"><span class=\"sale-item product-label type-circle\">-29%<\/span><div class=\"shoptimizer-plp-carousel-container\"><div class=\"shoptimizer-plp-image-wrapper\"><img decoding=\"async\" width=\"300\" height=\"300\" data-src=\"https:\/\/www.saporinostri.it\/wp-content\/uploads\/2020\/05\/cassetta-service-sovrapponibile-300x300.jpg\" class=\"attachment-woocommerce_thumbnail size-woocommerce_thumbnail lazyload\" alt=\"Cassetta Service Sovrapponibile 60x40x10cm\" data-srcset=\"https:\/\/www.saporinostri.it\/wp-content\/uploads\/2020\/05\/cassetta-service-sovrapponibile-300x300.jpg 300w, https:\/\/www.saporinostri.it\/wp-content\/uploads\/2020\/05\/cassetta-service-sovrapponibile-150x150.jpg 150w, https:\/\/www.saporinostri.it\/wp-content\/uploads\/2020\/05\/cassetta-service-sovrapponibile-800x800.jpg 800w, https:\/\/www.saporinostri.it\/wp-content\/uploads\/2020\/05\/cassetta-service-sovrapponibile-768x768.jpg 768w, https:\/\/www.saporinostri.it\/wp-content\/uploads\/2020\/05\/cassetta-service-sovrapponibile-400x400.jpg 400w, https:\/\/www.saporinostri.it\/wp-content\/uploads\/2020\/05\/cassetta-service-sovrapponibile-640x640.jpg 640w, https:\/\/www.saporinostri.it\/wp-content\/uploads\/2020\/05\/cassetta-service-sovrapponibile-85x85.jpg 85w, https:\/\/www.saporinostri.it\/wp-content\/uploads\/2020\/05\/cassetta-service-sovrapponibile-32x32.jpg 32w, https:\/\/www.saporinostri.it\/wp-content\/uploads\/2020\/05\/cassetta-service-sovrapponibile.jpg 1000w\" data-sizes=\"(max-width: 360px) 147px, (max-width: 300px) 100vw, 300px\" src=\"data:image\/gif;base64,R0lGODlhAQABAAAAACH5BAEKAAEALAAAAAABAAEAAAICTAEAOw==\" style=\"--smush-placeholder-width: 300px; --smush-placeholder-aspect-ratio: 300\/300;\" \/><noscript><img loading=\"lazy\" decoding=\"async\" width=\"300\" height=\"300\" src=\"https:\/\/www.saporinostri.it\/wp-content\/uploads\/2020\/05\/cassetta-service-sovrapponibile-300x300.jpg\" class=\"attachment-woocommerce_thumbnail size-woocommerce_thumbnail\" alt=\"Cassetta Service Sovrapponibile 60x40x10cm\" srcset=\"https:\/\/www.saporinostri.it\/wp-content\/uploads\/2020\/05\/cassetta-service-sovrapponibile-300x300.jpg 300w, https:\/\/www.saporinostri.it\/wp-content\/uploads\/2020\/05\/cassetta-service-sovrapponibile-150x150.jpg 150w, https:\/\/www.saporinostri.it\/wp-content\/uploads\/2020\/05\/cassetta-service-sovrapponibile-800x800.jpg 800w, https:\/\/www.saporinostri.it\/wp-content\/uploads\/2020\/05\/cassetta-service-sovrapponibile-768x768.jpg 768w, https:\/\/www.saporinostri.it\/wp-content\/uploads\/2020\/05\/cassetta-service-sovrapponibile-400x400.jpg 400w, https:\/\/www.saporinostri.it\/wp-content\/uploads\/2020\/05\/cassetta-service-sovrapponibile-640x640.jpg 640w, https:\/\/www.saporinostri.it\/wp-content\/uploads\/2020\/05\/cassetta-service-sovrapponibile-85x85.jpg 85w, https:\/\/www.saporinostri.it\/wp-content\/uploads\/2020\/05\/cassetta-service-sovrapponibile-32x32.jpg 32w, https:\/\/www.saporinostri.it\/wp-content\/uploads\/2020\/05\/cassetta-service-sovrapponibile.jpg 1000w\" sizes=\"(max-width: 360px) 147px, (max-width: 300px) 100vw, 300px\" \/><\/noscript>\t\t\t\n\t<\/div><\/div><\/a><\/div><div class=\"woocommerce-card__header\">\t\t\t\t\t<p class=\"product__categories\"><a href=\"https:\/\/www.saporinostri.it\/fr\/utensili-cucina\/contenitori\/\" rel=\"tag\">Contenitori<\/a>, <a href=\"https:\/\/www.saporinostri.it\/fr\/utensili-cucina\/\" rel=\"tag\">Utensili Cucina<\/a><\/p>\t\t\t\t<div class=\"woocommerce-loop-product__title\"><a tabindex=\"0\" href=\"https:\/\/www.saporinostri.it\/fr\/cassetta-service-sovrapponibile-60-40-10\/\" aria-label=\"Cassetta Service Sovrapponibile 60x40x10cm\" class=\"woocommerce-LoopProduct-link woocommerce-loop-product__link\">Cassetta Service Sovrapponibile 60x40x10cm<\/a><\/div><div class=\"star-rating\" role=\"img\" aria-label=\"Note 4.69 sur 5\"><span style=\"width:93.8%\">Note <strong class=\"rating\">4.69<\/strong> sur 5<\/span><\/div>\n\t<span class=\"price\"><del aria-hidden=\"true\"><span class=\"woocommerce-Price-amount amount\"><bdi><span class=\"woocommerce-Price-currencySymbol\">&euro;<\/span>18,40<\/bdi><\/span><\/del> <span class=\"screen-reader-text\">Le prix initial \u00e9tait\u00a0: &euro;18,40.<\/span><ins aria-hidden=\"true\"><span class=\"woocommerce-Price-amount amount\"><bdi><span class=\"woocommerce-Price-currencySymbol\">&euro;<\/span>12,99<\/bdi><\/span><\/ins><span class=\"screen-reader-text\">Le prix actuel est\u00a0: &euro;12,99.<\/span><\/span>\n<\/a><div class=\"woocommerce-loop-product__buttons\"><a href=\"\/fr\/wp-json\/wp\/v2\/pages\/18815?add-to-cart=2355\" aria-describedby=\"woocommerce_loop_add_to_cart_link_describedby_2355\" data-quantity=\"1\" class=\"button product_type_simple add_to_cart_button ajax_add_to_cart\" data-product_id=\"2355\" data-product_sku=\"8002942003585\" aria-label=\"Ajouter au panier\u00a0: &ldquo;Cassetta Service Sovrapponibile 60x40x10cm&rdquo;\" rel=\"nofollow\" data-success_message=\"\u00ab\u00a0Cassetta Service Sovrapponibile 60x40x10cm\u00a0\u00bb a \u00e9t\u00e9 ajout\u00e9 \u00e0 votre panier\" role=\"button\">Ajouter au panier<\/a><\/div>\t<span id=\"woocommerce_loop_add_to_cart_link_describedby_2355\" class=\"screen-reader-text\">\n\t\t\t<\/span>\n\t\t\t<input type=\"hidden\" class=\"pmwProductId\" data-id=\"2355\">\n\t\t\t\t\t<script>\n\t\t\t(window.pmwDataLayer = window.pmwDataLayer || {}).products                = window.pmwDataLayer.products || {};\n\t\t\twindow.pmwDataLayer.products[2355] = {\"id\":\"2355\",\"sku\":\"8002942003585\",\"price\":12.99,\"brand\":\"\",\"quantity\":1,\"dyn_r_ids\":{\"post_id\":\"2355\",\"sku\":\"8002942003585\",\"gpf\":\"woocommerce_gpf_2355\",\"gla\":\"gla_2355\"},\"is_variable\":false,\"type\":\"simple\",\"name\":\"Cassetta Service Sovrapponibile 60x40x10cm\",\"category\":[\"Contenitori\",\"Utensili Cucina\"],\"is_variation\":false};\n\t\t\t\t\twindow.pmw_product_position = window.pmw_product_position || 1;\n\t\twindow.pmwDataLayer.products[2355]['position'] = window.pmw_product_position++;\n\t\t\t\t<\/script>\n\t\t<\/div><\/li>\n<li class=\"product type-product post-2422 status-publish last instock product_cat-contenitori product_cat-utensili-cucina has-post-thumbnail sale taxable shipping-taxable purchasable product-type-simple\" style=\"--span: 1;\">\n\t<div class=\"commercekit-wishlist mini\" data-product-id=\"2422\"><a href=\"#\" class=\"commercekit-save-wishlist\" data-product-id=\"2422\" data-type=\"list\" title=\"Wishlist\" aria-label=\"Wishlist\"><em class=\"cg-wishlist\"><\/em><span><\/span><\/a><\/div><a href=\"https:\/\/www.saporinostri.it\/fr\/coperchio-cassetta-service-sovrapponibile\/\" class=\"woocommerce-LoopProduct-link woocommerce-loop-product__link\"><div class=\"woocommerce-image__wrapper\"><a href=\"https:\/\/www.saporinostri.it\/fr\/coperchio-cassetta-service-sovrapponibile\/\" title=\"Coperchio Cassetta Service Sovrapponibile 60x40cm\" class=\"woocommerce-LoopProduct-link woocommerce-loop-product__link\"><span class=\"sale-item product-label type-circle\">-15%<\/span><div class=\"shoptimizer-plp-carousel-container\"><div class=\"shoptimizer-plp-image-wrapper\"><img decoding=\"async\" width=\"300\" height=\"300\" data-src=\"https:\/\/www.saporinostri.it\/wp-content\/uploads\/2020\/05\/coperchio-cassetta-service-sovrapponibile-1-300x300.jpg\" class=\"attachment-woocommerce_thumbnail size-woocommerce_thumbnail lazyload\" alt=\"Coperchio Cassetta Service Sovrapponibile 60x40cm\" data-srcset=\"https:\/\/www.saporinostri.it\/wp-content\/uploads\/2020\/05\/coperchio-cassetta-service-sovrapponibile-1-300x300.jpg 300w, https:\/\/www.saporinostri.it\/wp-content\/uploads\/2020\/05\/coperchio-cassetta-service-sovrapponibile-1-150x150.jpg 150w, https:\/\/www.saporinostri.it\/wp-content\/uploads\/2020\/05\/coperchio-cassetta-service-sovrapponibile-1-800x800.jpg 800w, https:\/\/www.saporinostri.it\/wp-content\/uploads\/2020\/05\/coperchio-cassetta-service-sovrapponibile-1-768x768.jpg 768w, https:\/\/www.saporinostri.it\/wp-content\/uploads\/2020\/05\/coperchio-cassetta-service-sovrapponibile-1-640x640.jpg 640w, https:\/\/www.saporinostri.it\/wp-content\/uploads\/2020\/05\/coperchio-cassetta-service-sovrapponibile-1-400x400.jpg 400w, https:\/\/www.saporinostri.it\/wp-content\/uploads\/2020\/05\/coperchio-cassetta-service-sovrapponibile-1-85x85.jpg 85w, https:\/\/www.saporinostri.it\/wp-content\/uploads\/2020\/05\/coperchio-cassetta-service-sovrapponibile-1-32x32.jpg 32w, https:\/\/www.saporinostri.it\/wp-content\/uploads\/2020\/05\/coperchio-cassetta-service-sovrapponibile-1.jpg 850w\" data-sizes=\"(max-width: 360px) 147px, (max-width: 300px) 100vw, 300px\" src=\"data:image\/gif;base64,R0lGODlhAQABAAAAACH5BAEKAAEALAAAAAABAAEAAAICTAEAOw==\" style=\"--smush-placeholder-width: 300px; --smush-placeholder-aspect-ratio: 300\/300;\" \/><noscript><img loading=\"lazy\" decoding=\"async\" width=\"300\" height=\"300\" src=\"https:\/\/www.saporinostri.it\/wp-content\/uploads\/2020\/05\/coperchio-cassetta-service-sovrapponibile-1-300x300.jpg\" class=\"attachment-woocommerce_thumbnail size-woocommerce_thumbnail\" alt=\"Coperchio Cassetta Service Sovrapponibile 60x40cm\" srcset=\"https:\/\/www.saporinostri.it\/wp-content\/uploads\/2020\/05\/coperchio-cassetta-service-sovrapponibile-1-300x300.jpg 300w, https:\/\/www.saporinostri.it\/wp-content\/uploads\/2020\/05\/coperchio-cassetta-service-sovrapponibile-1-150x150.jpg 150w, https:\/\/www.saporinostri.it\/wp-content\/uploads\/2020\/05\/coperchio-cassetta-service-sovrapponibile-1-800x800.jpg 800w, https:\/\/www.saporinostri.it\/wp-content\/uploads\/2020\/05\/coperchio-cassetta-service-sovrapponibile-1-768x768.jpg 768w, https:\/\/www.saporinostri.it\/wp-content\/uploads\/2020\/05\/coperchio-cassetta-service-sovrapponibile-1-640x640.jpg 640w, https:\/\/www.saporinostri.it\/wp-content\/uploads\/2020\/05\/coperchio-cassetta-service-sovrapponibile-1-400x400.jpg 400w, https:\/\/www.saporinostri.it\/wp-content\/uploads\/2020\/05\/coperchio-cassetta-service-sovrapponibile-1-85x85.jpg 85w, https:\/\/www.saporinostri.it\/wp-content\/uploads\/2020\/05\/coperchio-cassetta-service-sovrapponibile-1-32x32.jpg 32w, https:\/\/www.saporinostri.it\/wp-content\/uploads\/2020\/05\/coperchio-cassetta-service-sovrapponibile-1.jpg 850w\" sizes=\"(max-width: 360px) 147px, (max-width: 300px) 100vw, 300px\" \/><\/noscript>\t\t\t\n\t<\/div><\/div><\/a><\/div><div class=\"woocommerce-card__header\">\t\t\t\t\t<p class=\"product__categories\"><a href=\"https:\/\/www.saporinostri.it\/fr\/utensili-cucina\/contenitori\/\" rel=\"tag\">Contenitori<\/a>, <a href=\"https:\/\/www.saporinostri.it\/fr\/utensili-cucina\/\" rel=\"tag\">Utensili Cucina<\/a><\/p>\t\t\t\t<div class=\"woocommerce-loop-product__title\"><a tabindex=\"0\" href=\"https:\/\/www.saporinostri.it\/fr\/coperchio-cassetta-service-sovrapponibile\/\" aria-label=\"Coperchio Cassetta Service Sovrapponibile 60x40cm\" class=\"woocommerce-LoopProduct-link woocommerce-loop-product__link\">Coperchio Cassetta Service Sovrapponibile 60x40cm<\/a><\/div><div class=\"star-rating\" role=\"img\" aria-label=\"Note 4.73 sur 5\"><span style=\"width:94.6%\">Note <strong class=\"rating\">4.73<\/strong> sur 5<\/span><\/div>\n\t<span class=\"price\"><del aria-hidden=\"true\"><span class=\"woocommerce-Price-amount amount\"><bdi><span class=\"woocommerce-Price-currencySymbol\">&euro;<\/span>9,94<\/bdi><\/span><\/del> <span class=\"screen-reader-text\">Le prix initial \u00e9tait\u00a0: &euro;9,94.<\/span><ins aria-hidden=\"true\"><span class=\"woocommerce-Price-amount amount\"><bdi><span class=\"woocommerce-Price-currencySymbol\">&euro;<\/span>8,49<\/bdi><\/span><\/ins><span class=\"screen-reader-text\">Le prix actuel est\u00a0: &euro;8,49.<\/span><\/span>\n<\/a><div class=\"woocommerce-loop-product__buttons\"><a href=\"\/fr\/wp-json\/wp\/v2\/pages\/18815?add-to-cart=2422\" aria-describedby=\"woocommerce_loop_add_to_cart_link_describedby_2422\" data-quantity=\"1\" class=\"button product_type_simple add_to_cart_button ajax_add_to_cart\" data-product_id=\"2422\" data-product_sku=\"8002942018169\" aria-label=\"Ajouter au panier\u00a0: &ldquo;Coperchio Cassetta Service Sovrapponibile 60x40cm&rdquo;\" rel=\"nofollow\" data-success_message=\"\u00ab\u00a0Coperchio Cassetta Service Sovrapponibile 60x40cm\u00a0\u00bb a \u00e9t\u00e9 ajout\u00e9 \u00e0 votre panier\" role=\"button\">Ajouter au panier<\/a><\/div>\t<span id=\"woocommerce_loop_add_to_cart_link_describedby_2422\" class=\"screen-reader-text\">\n\t\t\t<\/span>\n\t\t\t<input type=\"hidden\" class=\"pmwProductId\" data-id=\"2422\">\n\t\t\t\t\t<script>\n\t\t\t(window.pmwDataLayer = window.pmwDataLayer || {}).products                = window.pmwDataLayer.products || {};\n\t\t\twindow.pmwDataLayer.products[2422] = {\"id\":\"2422\",\"sku\":\"8002942018169\",\"price\":8.49,\"brand\":\"\",\"quantity\":1,\"dyn_r_ids\":{\"post_id\":\"2422\",\"sku\":\"8002942018169\",\"gpf\":\"woocommerce_gpf_2422\",\"gla\":\"gla_2422\"},\"is_variable\":false,\"type\":\"simple\",\"name\":\"Coperchio Cassetta Service Sovrapponibile 60x40cm\",\"category\":[\"Contenitori\",\"Utensili Cucina\"],\"is_variation\":false};\n\t\t\t\t\twindow.pmw_product_position = window.pmw_product_position || 1;\n\t\twindow.pmwDataLayer.products[2422]['position'] = window.pmw_product_position++;\n\t\t\t\t<\/script>\n\t\t<\/div><\/li>\n<\/ul>\n<\/div>\t\t\t\t<\/div>\n\t\t\t\t<\/div>\n\t\t\t\t\t<\/div>\n\t\t\t\t<\/div>\n\t\t\t\t<section class=\"elementor-section elementor-top-section elementor-element elementor-element-39c7300 elementor-section-stretched elementor-section-boxed elementor-section-height-default elementor-section-height-default\" data-id=\"39c7300\" data-element_type=\"section\" data-e-type=\"section\" data-settings=\"{&quot;stretch_section&quot;:&quot;section-stretched&quot;,&quot;background_background&quot;:&quot;classic&quot;}\">\n\t\t\t\t\t\t\t<div class=\"elementor-background-overlay\"><\/div>\n\t\t\t\t\t\t\t<div class=\"elementor-container elementor-column-gap-default\">\n\t\t\t\t\t<div class=\"elementor-column elementor-col-100 elementor-top-column elementor-element elementor-element-844cdb5\" data-id=\"844cdb5\" data-element_type=\"column\" data-e-type=\"column\">\n\t\t\t<div class=\"elementor-widget-wrap elementor-element-populated\">\n\t\t\t\t\t\t<div class=\"elementor-element elementor-element-ce7658a elementor-widget elementor-widget-image-carousel\" data-id=\"ce7658a\" data-element_type=\"widget\" data-e-type=\"widget\" data-settings=\"{&quot;slides_to_show&quot;:&quot;6&quot;,&quot;slides_to_scroll&quot;:&quot;1&quot;,&quot;navigation&quot;:&quot;none&quot;,&quot;autoplay&quot;:&quot;no&quot;,&quot;slides_to_show_mobile&quot;:&quot;2&quot;,&quot;infinite&quot;:&quot;yes&quot;,&quot;speed&quot;:500}\" data-widget_type=\"image-carousel.default\">\n\t\t\t\t<div class=\"elementor-widget-container\">\n\t\t\t\t\t\t\t<div class=\"elementor-image-carousel-wrapper swiper\" role=\"region\" aria-roledescription=\"carousel\" aria-label=\"Carosello d&#039;immagini\" dir=\"ltr\">\n\t\t\t<div class=\"elementor-image-carousel swiper-wrapper\" aria-live=\"polite\">\n\t\t\t\t\t\t\t\t<div class=\"swiper-slide\" role=\"group\" aria-roledescription=\"slide\" aria-label=\"1 di 8\"><figure class=\"swiper-slide-inner\"><img decoding=\"async\" class=\"swiper-slide-image lazyload\" data-src=\"https:\/\/www.saporinostri.it\/wp-content\/uploads\/2021\/02\/logo-mulino-caputo.png\" alt=\"Mulino Caputo\" src=\"data:image\/gif;base64,R0lGODlhAQABAAAAACH5BAEKAAEALAAAAAABAAEAAAICTAEAOw==\" style=\"--smush-placeholder-width: 120px; --smush-placeholder-aspect-ratio: 120\/77;\" \/><noscript><img decoding=\"async\" class=\"swiper-slide-image\" src=\"https:\/\/www.saporinostri.it\/wp-content\/uploads\/2021\/02\/logo-mulino-caputo.png\" alt=\"Mulino Caputo\" \/><\/noscript><\/figure><\/div><div class=\"swiper-slide\" role=\"group\" aria-roledescription=\"slide\" aria-label=\"2 di 8\"><figure class=\"swiper-slide-inner\"><img decoding=\"async\" class=\"swiper-slide-image lazyload\" data-src=\"https:\/\/www.saporinostri.it\/wp-content\/uploads\/2021\/02\/logo-porto-di-mola.png\" alt=\"Porto di Mola\" src=\"data:image\/gif;base64,R0lGODlhAQABAAAAACH5BAEKAAEALAAAAAABAAEAAAICTAEAOw==\" style=\"--smush-placeholder-width: 120px; --smush-placeholder-aspect-ratio: 120\/77;\" \/><noscript><img decoding=\"async\" class=\"swiper-slide-image\" src=\"https:\/\/www.saporinostri.it\/wp-content\/uploads\/2021\/02\/logo-porto-di-mola.png\" alt=\"Porto di Mola\" \/><\/noscript><\/figure><\/div><div class=\"swiper-slide\" role=\"group\" aria-roledescription=\"slide\" aria-label=\"3 di 8\"><figure class=\"swiper-slide-inner\"><img decoding=\"async\" class=\"swiper-slide-image lazyload\" data-src=\"https:\/\/www.saporinostri.it\/wp-content\/uploads\/2021\/02\/logo-cosi-come.png\" alt=\"Cos\u00ec Com&#039;\u00e8\" src=\"data:image\/gif;base64,R0lGODlhAQABAAAAACH5BAEKAAEALAAAAAABAAEAAAICTAEAOw==\" style=\"--smush-placeholder-width: 120px; --smush-placeholder-aspect-ratio: 120\/77;\" \/><noscript><img decoding=\"async\" class=\"swiper-slide-image\" src=\"https:\/\/www.saporinostri.it\/wp-content\/uploads\/2021\/02\/logo-cosi-come.png\" alt=\"Cos\u00ec Com&#039;\u00e8\" \/><\/noscript><\/figure><\/div><div class=\"swiper-slide\" role=\"group\" aria-roledescription=\"slide\" aria-label=\"4 di 8\"><figure class=\"swiper-slide-inner\"><img decoding=\"async\" class=\"swiper-slide-image lazyload\" data-src=\"https:\/\/www.saporinostri.it\/wp-content\/uploads\/2021\/02\/logo-il-vecchio-pastificio-di-gragnano.png\" alt=\"Il Vecchio Pastificio di Gragnano\" src=\"data:image\/gif;base64,R0lGODlhAQABAAAAACH5BAEKAAEALAAAAAABAAEAAAICTAEAOw==\" style=\"--smush-placeholder-width: 120px; --smush-placeholder-aspect-ratio: 120\/77;\" \/><noscript><img decoding=\"async\" class=\"swiper-slide-image\" src=\"https:\/\/www.saporinostri.it\/wp-content\/uploads\/2021\/02\/logo-il-vecchio-pastificio-di-gragnano.png\" alt=\"Il Vecchio Pastificio di Gragnano\" \/><\/noscript><\/figure><\/div><div class=\"swiper-slide\" role=\"group\" aria-roledescription=\"slide\" aria-label=\"5 di 8\"><figure class=\"swiper-slide-inner\"><img decoding=\"async\" class=\"swiper-slide-image lazyload\" data-src=\"https:\/\/www.saporinostri.it\/wp-content\/uploads\/2021\/02\/logo-orogiallo.png\" alt=\"OroGiallo\" src=\"data:image\/gif;base64,R0lGODlhAQABAAAAACH5BAEKAAEALAAAAAABAAEAAAICTAEAOw==\" style=\"--smush-placeholder-width: 120px; --smush-placeholder-aspect-ratio: 120\/77;\" \/><noscript><img decoding=\"async\" class=\"swiper-slide-image\" src=\"https:\/\/www.saporinostri.it\/wp-content\/uploads\/2021\/02\/logo-orogiallo.png\" alt=\"OroGiallo\" \/><\/noscript><\/figure><\/div><div class=\"swiper-slide\" role=\"group\" aria-roledescription=\"slide\" aria-label=\"6 di 8\"><figure class=\"swiper-slide-inner\"><img decoding=\"async\" class=\"swiper-slide-image lazyload\" data-src=\"https:\/\/www.saporinostri.it\/wp-content\/uploads\/2021\/02\/logo-la-torrente.png\" alt=\"La Torrente\" src=\"data:image\/gif;base64,R0lGODlhAQABAAAAACH5BAEKAAEALAAAAAABAAEAAAICTAEAOw==\" style=\"--smush-placeholder-width: 120px; --smush-placeholder-aspect-ratio: 120\/77;\" \/><noscript><img decoding=\"async\" class=\"swiper-slide-image\" src=\"https:\/\/www.saporinostri.it\/wp-content\/uploads\/2021\/02\/logo-la-torrente.png\" alt=\"La Torrente\" \/><\/noscript><\/figure><\/div><div class=\"swiper-slide\" role=\"group\" aria-roledescription=\"slide\" aria-label=\"7 di 8\"><figure class=\"swiper-slide-inner\"><img decoding=\"async\" class=\"swiper-slide-image lazyload\" data-src=\"https:\/\/www.saporinostri.it\/wp-content\/uploads\/2021\/02\/logo-conserve-carbone.png\" alt=\"Carbone\" src=\"data:image\/gif;base64,R0lGODlhAQABAAAAACH5BAEKAAEALAAAAAABAAEAAAICTAEAOw==\" style=\"--smush-placeholder-width: 120px; --smush-placeholder-aspect-ratio: 120\/77;\" \/><noscript><img decoding=\"async\" class=\"swiper-slide-image\" src=\"https:\/\/www.saporinostri.it\/wp-content\/uploads\/2021\/02\/logo-conserve-carbone.png\" alt=\"Carbone\" \/><\/noscript><\/figure><\/div><div class=\"swiper-slide\" role=\"group\" aria-roledescription=\"slide\" aria-label=\"8 di 8\"><figure class=\"swiper-slide-inner\"><img decoding=\"async\" class=\"swiper-slide-image lazyload\" data-src=\"https:\/\/www.saporinostri.it\/wp-content\/uploads\/2022\/09\/logo-molino-vigevano.png\" alt=\"Molino Vigevano\" src=\"data:image\/gif;base64,R0lGODlhAQABAAAAACH5BAEKAAEALAAAAAABAAEAAAICTAEAOw==\" style=\"--smush-placeholder-width: 120px; --smush-placeholder-aspect-ratio: 120\/77;\" \/><noscript><img decoding=\"async\" class=\"swiper-slide-image\" src=\"https:\/\/www.saporinostri.it\/wp-content\/uploads\/2022\/09\/logo-molino-vigevano.png\" alt=\"Molino Vigevano\" \/><\/noscript><\/figure><\/div>\t\t\t<\/div>\n\t\t\t\t\t\t\t\n\t\t\t\t\t\t\t\t\t<\/div>\n\t\t\t\t\t\t<\/div>\n\t\t\t\t<\/div>\n\t\t\t\t\t<\/div>\n\t\t<\/div>\n\t\t\t\t\t<\/div>\n\t\t<\/section>\n\t\t\t\t<section class=\"elementor-section elementor-top-section elementor-element elementor-element-2261265 elementor-hidden-desktop elementor-hidden-tablet elementor-hidden-mobile elementor-section-boxed elementor-section-height-default elementor-section-height-default\" data-id=\"2261265\" data-element_type=\"section\" data-e-type=\"section\">\n\t\t\t\t\t\t<div class=\"elementor-container elementor-column-gap-default\">\n\t\t\t\t\t<div class=\"elementor-column elementor-col-100 elementor-top-column elementor-element elementor-element-914ad65\" data-id=\"914ad65\" data-element_type=\"column\" data-e-type=\"column\">\n\t\t\t<div class=\"elementor-widget-wrap elementor-element-populated\">\n\t\t\t\t\t\t<div class=\"elementor-element elementor-element-05a6905 elementor-widget elementor-widget-heading\" data-id=\"05a6905\" data-element_type=\"widget\" data-e-type=\"widget\" data-widget_type=\"heading.default\">\n\t\t\t\t<div class=\"elementor-widget-container\">\n\t\t\t\t\t<h2 class=\"elementor-heading-title elementor-size-default\">Acquisto Farina online e non solo!<\/h2>\t\t\t\t<\/div>\n\t\t\t\t<\/div>\n\t\t\t\t<div class=\"elementor-element elementor-element-13a1674 elementor-widget elementor-widget-text-editor\" data-id=\"13a1674\" data-element_type=\"widget\" data-e-type=\"widget\" data-widget_type=\"text-editor.default\">\n\t\t\t\t<div class=\"elementor-widget-container\">\n\t\t\t\t\t\t\t\t\t<p style=\"text-align: center;\">Su Sapori Nostri puoi acquistare farina online, acquista con un click tutte le farine <a href=\"https:\/\/www.saporinostri.it\/produttore\/mulino-caputo\/\"><b>Molino Caputo<\/b><\/a>, <a href=\"https:\/\/www.saporinostri.it\/conserve\/pomodori\/\"><strong>Conserve di Pomodoro<\/strong><\/a>, <a href=\"https:\/\/www.saporinostri.it\/conserve\/miele\/\"><strong>Miele<\/strong><\/a>, <a href=\"https:\/\/www.saporinostri.it\/conserve\/confetture-e-marmellate\/\"><strong>Marmellate e Confetture<\/strong><\/a>, <a href=\"https:\/\/www.saporinostri.it\/vino\/\"><strong>Vini Bio<\/strong><\/a>, <a href=\"https:\/\/www.saporinostri.it\/pasta-artigianale\/\"><strong>Pasta Artigianale<\/strong><\/a>, <a href=\"https:\/\/www.saporinostri.it\/teglia-per-pizza-in-ferro-blu-40x30cm-emili-teglie\/\"><strong>Teglie per Pizza<\/strong><\/a>, <a href=\"https:\/\/www.saporinostri.it\/olio\/\"><strong>Olio Extravergine d&#8217;Oliva<\/strong><\/a>, <a href=\"https:\/\/www.saporinostri.it\/utensili-cucina\/\"><strong>Utensili da Cucina<\/strong><\/a> e molto altro.<\/p>\t\t\t\t\t\t\t\t<\/div>\n\t\t\t\t<\/div>\n\t\t\t\t\t<\/div>\n\t\t<\/div>\n\t\t\t\t\t<\/div>\n\t\t<\/section>\n\t\t\t\t<\/div>\n\t\t","protected":false},"excerpt":{"rendered":"<p>Farina Mulino Caputo Scoprile tutte Confezioni Regalo Acquista ora Offerte Acquista ora OFFERTE Le Nostre Offerte Approfitta delle migliori offerte da noi selezionate per te! Selezioni Courmet Acquista ora Conserve di Pomodoro Acquista ora Pasta di Gragnano IGP Acquista ora OFFERTE Utensili da Cucina Approfitta delle migliori offerte selezionate per te! Acquisto Farina online e [&hellip;]<\/p>\n","protected":false},"author":1,"featured_media":0,"parent":0,"menu_order":0,"comment_status":"closed","ping_status":"closed","template":"template-fullwidth-no-heading.php","meta":{"_acf_changed":false,"inline_featured_image":false,"wprm-recipe-roundup-name":"","wprm-recipe-roundup-description":"","_monsterinsights_skip_tracking":false,"_monsterinsights_sitenote_active":false,"_monsterinsights_sitenote_note":"","_monsterinsights_sitenote_category":0,"footnotes":""},"class_list":["post-18815","page","type-page","status-publish","hentry"],"acf":[],"yoast_head":"<!-- This site is optimized with the Yoast SEO Premium plugin v23.7 (Yoast SEO v27.3) - https:\/\/yoast.com\/product\/yoast-seo-premium-wordpress\/ -->\n<title>Sapori Nostri - Vendita Online Farina Caputo<\/title>\n<meta name=\"description\" content=\"Vendita Farina del Mulino Caputo al miglior prezzo Online, consegna in 24\/48 ore, spedizione a partire da 5\u20ac\" \/>\n<meta name=\"robots\" content=\"index, follow, max-snippet:-1, max-image-preview:large, max-video-preview:-1\" \/>\n<link rel=\"canonical\" href=\"https:\/\/www.saporinostri.it\/fr\/\" \/>\n<meta property=\"og:locale\" content=\"fr_FR\" \/>\n<meta property=\"og:type\" content=\"article\" \/>\n<meta property=\"og:title\" content=\"Home Novembre 2024\" \/>\n<meta property=\"og:description\" content=\"Vendita Farina del Mulino Caputo al miglior prezzo Online, consegna in 24\/48 ore, spedizione a partire da 5\u20ac\" \/>\n<meta property=\"og:url\" content=\"https:\/\/www.saporinostri.it\/fr\/\" \/>\n<meta property=\"og:site_name\" content=\"Sapori Nostri\" \/>\n<meta property=\"article:publisher\" content=\"https:\/\/www.facebook.com\/saporinostri.it\/\" \/>\n<meta property=\"article:modified_time\" content=\"2026-01-31T11:47:32+00:00\" \/>\n<meta property=\"og:image\" content=\"https:\/\/www.saporinostri.it\/wp-content\/uploads\/2021\/02\/logo-mulino-caputo.png\" \/>\n<meta name=\"twitter:card\" content=\"summary_large_image\" \/>\n<meta name=\"twitter:label1\" content=\"Dur\u00e9e de lecture estim\u00e9e\" \/>\n\t<meta name=\"twitter:data1\" content=\"17 minutes\" \/>\n<script type=\"application\/ld+json\" class=\"yoast-schema-graph\">{\"@context\":\"https:\\\/\\\/schema.org\",\"@graph\":[{\"@type\":\"WebPage\",\"@id\":\"https:\\\/\\\/www.saporinostri.it\\\/\",\"url\":\"https:\\\/\\\/www.saporinostri.it\\\/\",\"name\":\"Sapori Nostri - Vendita Online Farina Caputo\",\"isPartOf\":{\"@id\":\"https:\\\/\\\/www.saporinostri.it\\\/#website\"},\"primaryImageOfPage\":{\"@id\":\"https:\\\/\\\/www.saporinostri.it\\\/#primaryimage\"},\"image\":{\"@id\":\"https:\\\/\\\/www.saporinostri.it\\\/#primaryimage\"},\"thumbnailUrl\":\"https:\\\/\\\/www.saporinostri.it\\\/wp-content\\\/uploads\\\/2021\\\/02\\\/logo-mulino-caputo.png\",\"datePublished\":\"2022-04-08T09:23:46+00:00\",\"dateModified\":\"2026-01-31T11:47:32+00:00\",\"description\":\"Vendita Farina del Mulino Caputo al miglior prezzo Online, consegna in 24\\\/48 ore, spedizione a partire da 5\u20ac\",\"breadcrumb\":{\"@id\":\"https:\\\/\\\/www.saporinostri.it\\\/#breadcrumb\"},\"inLanguage\":\"fr-FR\",\"potentialAction\":[{\"@type\":\"ReadAction\",\"target\":[\"https:\\\/\\\/www.saporinostri.it\\\/\"]}]},{\"@type\":\"ImageObject\",\"inLanguage\":\"fr-FR\",\"@id\":\"https:\\\/\\\/www.saporinostri.it\\\/#primaryimage\",\"url\":\"https:\\\/\\\/www.saporinostri.it\\\/wp-content\\\/uploads\\\/2021\\\/02\\\/logo-mulino-caputo.png\",\"contentUrl\":\"https:\\\/\\\/www.saporinostri.it\\\/wp-content\\\/uploads\\\/2021\\\/02\\\/logo-mulino-caputo.png\"},{\"@type\":\"BreadcrumbList\",\"@id\":\"https:\\\/\\\/www.saporinostri.it\\\/#breadcrumb\",\"itemListElement\":[{\"@type\":\"ListItem\",\"position\":1,\"name\":\"Home\",\"item\":\"https:\\\/\\\/www.saporinostri.it\\\/\"},{\"@type\":\"ListItem\",\"position\":2,\"name\":\"Home Novembre 2024\"}]},{\"@type\":\"WebSite\",\"@id\":\"https:\\\/\\\/www.saporinostri.it\\\/#website\",\"url\":\"https:\\\/\\\/www.saporinostri.it\\\/\",\"name\":\"Sapori Nostri\",\"description\":\"\",\"publisher\":{\"@id\":\"https:\\\/\\\/www.saporinostri.it\\\/#organization\"},\"potentialAction\":[{\"@type\":\"SearchAction\",\"target\":{\"@type\":\"EntryPoint\",\"urlTemplate\":\"https:\\\/\\\/www.saporinostri.it\\\/?s={search_term_string}\"},\"query-input\":{\"@type\":\"PropertyValueSpecification\",\"valueRequired\":true,\"valueName\":\"search_term_string\"}}],\"inLanguage\":\"fr-FR\"},{\"@type\":\"Organization\",\"@id\":\"https:\\\/\\\/www.saporinostri.it\\\/#organization\",\"name\":\"Sapori Nostri\",\"url\":\"https:\\\/\\\/www.saporinostri.it\\\/\",\"logo\":{\"@type\":\"ImageObject\",\"inLanguage\":\"fr-FR\",\"@id\":\"https:\\\/\\\/www.saporinostri.it\\\/#\\\/schema\\\/logo\\\/image\\\/\",\"url\":\"https:\\\/\\\/www.saporinostri.it\\\/wp-content\\\/uploads\\\/2020\\\/05\\\/logo-retina.png\",\"contentUrl\":\"https:\\\/\\\/www.saporinostri.it\\\/wp-content\\\/uploads\\\/2020\\\/05\\\/logo-retina.png\",\"width\":500,\"height\":109,\"caption\":\"Sapori Nostri\"},\"image\":{\"@id\":\"https:\\\/\\\/www.saporinostri.it\\\/#\\\/schema\\\/logo\\\/image\\\/\"},\"sameAs\":[\"https:\\\/\\\/www.facebook.com\\\/saporinostri.it\\\/\",\"https:\\\/\\\/www.instagram.com\\\/saporinostri.it\\\/\"]}]}<\/script>\n<!-- \/ Yoast SEO Premium plugin. -->","yoast_head_json":{"title":"Sapori Nostri - Achetez des farines Caputo en ligne d'Italie","description":"Vente de Farines Mulino Caputo au meilleur prix en ligne, livraison en 48\/72 heures dans toute l'Europe","robots":{"index":"index","follow":"follow","max-snippet":"max-snippet:-1","max-image-preview":"max-image-preview:large","max-video-preview":"max-video-preview:-1"},"canonical":"https:\/\/www.saporinostri.it\/fr\/","og_locale":"fr_FR","og_type":"article","og_title":"Home Novembre 2024","og_description":"Vendita Farina del Mulino Caputo al miglior prezzo Online, consegna in 24\/48 ore, spedizione a partire da 5\u20ac","og_url":"https:\/\/www.saporinostri.it\/fr\/","og_site_name":"Sapori Nostri","article_publisher":"https:\/\/www.facebook.com\/saporinostri.it\/","article_modified_time":"2026-01-31T11:47:32+00:00","og_image":[{"url":"https:\/\/www.saporinostri.it\/wp-content\/uploads\/2021\/02\/logo-mulino-caputo.png","type":"","width":"","height":""}],"twitter_card":"summary_large_image","twitter_misc":{"Dur\u00e9e de lecture estim\u00e9e":"17 minutes"},"schema":{"@context":"https:\/\/schema.org","@graph":[{"@type":"WebPage","@id":"https:\/\/www.saporinostri.it\/","url":"https:\/\/www.saporinostri.it\/","name":"Sapori Nostri - Achetez des farines Caputo en ligne d'Italie","isPartOf":{"@id":"https:\/\/www.saporinostri.it\/#website"},"primaryImageOfPage":{"@id":"https:\/\/www.saporinostri.it\/#primaryimage"},"image":{"@id":"https:\/\/www.saporinostri.it\/#primaryimage"},"thumbnailUrl":"https:\/\/www.saporinostri.it\/wp-content\/uploads\/2021\/02\/logo-mulino-caputo.png","datePublished":"2022-04-08T09:23:46+00:00","dateModified":"2026-01-31T11:47:32+00:00","description":"Vente de Farines Mulino Caputo au meilleur prix en ligne, livraison en 48\/72 heures dans toute l'Europe","breadcrumb":{"@id":"https:\/\/www.saporinostri.it\/#breadcrumb"},"inLanguage":"fr-FR","potentialAction":[{"@type":"ReadAction","target":["https:\/\/www.saporinostri.it\/"]}]},{"@type":"ImageObject","inLanguage":"fr-FR","@id":"https:\/\/www.saporinostri.it\/#primaryimage","url":"https:\/\/www.saporinostri.it\/wp-content\/uploads\/2021\/02\/logo-mulino-caputo.png","contentUrl":"https:\/\/www.saporinostri.it\/wp-content\/uploads\/2021\/02\/logo-mulino-caputo.png"},{"@type":"BreadcrumbList","@id":"https:\/\/www.saporinostri.it\/#breadcrumb","itemListElement":[{"@type":"ListItem","position":1,"name":"Home","item":"https:\/\/www.saporinostri.it\/"},{"@type":"ListItem","position":2,"name":"Home Novembre 2024"}]},{"@type":"WebSite","@id":"https:\/\/www.saporinostri.it\/#website","url":"https:\/\/www.saporinostri.it\/","name":"Sapori Nostri","description":"","publisher":{"@id":"https:\/\/www.saporinostri.it\/#organization"},"potentialAction":[{"@type":"SearchAction","target":{"@type":"EntryPoint","urlTemplate":"https:\/\/www.saporinostri.it\/?s={search_term_string}"},"query-input":{"@type":"PropertyValueSpecification","valueRequired":true,"valueName":"search_term_string"}}],"inLanguage":"fr-FR"},{"@type":"Organization","@id":"https:\/\/www.saporinostri.it\/#organization","name":"Sapori Nostri","url":"https:\/\/www.saporinostri.it\/","logo":{"@type":"ImageObject","inLanguage":"fr-FR","@id":"https:\/\/www.saporinostri.it\/#\/schema\/logo\/image\/","url":"https:\/\/www.saporinostri.it\/wp-content\/uploads\/2020\/05\/logo-retina.png","contentUrl":"https:\/\/www.saporinostri.it\/wp-content\/uploads\/2020\/05\/logo-retina.png","width":500,"height":109,"caption":"Sapori Nostri"},"image":{"@id":"https:\/\/www.saporinostri.it\/#\/schema\/logo\/image\/"},"sameAs":["https:\/\/www.facebook.com\/saporinostri.it\/","https:\/\/www.instagram.com\/saporinostri.it\/"]}]}},"jetpack_sharing_enabled":true,"_links":{"self":[{"href":"https:\/\/www.saporinostri.it\/fr\/wp-json\/wp\/v2\/pages\/18815","targetHints":{"allow":["GET"]}}],"collection":[{"href":"https:\/\/www.saporinostri.it\/fr\/wp-json\/wp\/v2\/pages"}],"about":[{"href":"https:\/\/www.saporinostri.it\/fr\/wp-json\/wp\/v2\/types\/page"}],"author":[{"embeddable":true,"href":"https:\/\/www.saporinostri.it\/fr\/wp-json\/wp\/v2\/users\/1"}],"replies":[{"embeddable":true,"href":"https:\/\/www.saporinostri.it\/fr\/wp-json\/wp\/v2\/comments?post=18815"}],"version-history":[{"count":6,"href":"https:\/\/www.saporinostri.it\/fr\/wp-json\/wp\/v2\/pages\/18815\/revisions"}],"predecessor-version":[{"id":38163,"href":"https:\/\/www.saporinostri.it\/fr\/wp-json\/wp\/v2\/pages\/18815\/revisions\/38163"}],"wp:attachment":[{"href":"https:\/\/www.saporinostri.it\/fr\/wp-json\/wp\/v2\/media?parent=18815"}],"curies":[{"name":"wp","href":"https:\/\/api.w.org\/{rel}","templated":true}]}}