{"id":15961,"date":"2021-11-09T17:47:32","date_gmt":"2021-11-09T16:47:32","guid":{"rendered":"https:\/\/woocommerce-587295-4567585.cloudwaysapps.com\/?post_type=product&#038;p=15961"},"modified":"2026-05-27T19:25:23","modified_gmt":"2026-05-27T17:25:23","slug":"confettura-pere-nobiliradici-280g","status":"publish","type":"product","link":"https:\/\/www.saporinostri.it\/fr\/confettura-pere-nobiliradici-280g\/","title":{"rendered":"Confiture Poires Racines Nobles 280g"},"content":{"rendered":"<p>L\u00e0 <strong>Confiture de poires NobiliRadici 280 g<\/strong> Cette confiture est \u00e9labor\u00e9e \u00e0 partir de poires italiennes de premi\u00e8re qualit\u00e9, cueillies \u00e0 maturit\u00e9 optimale. La cuisson rapide \u00e0 basse temp\u00e9rature pr\u00e9serve la saveur d\u00e9licate et onctueuse de la poire, sa douceur naturelle et ses subtiles notes florales. Une confiture au go\u00fbt subtil et \u00e9l\u00e9gant, id\u00e9ale avec les fromages bleus, le mascarpone et les desserts rustiques italiens traditionnels.<\/p>\n<p>La conservation des aliments a toujours \u00e9t\u00e9 au c\u0153ur de l&#039;industrie agroalimentaire. Prot\u00e9ger les aliments de la d\u00e9t\u00e9rioration est essentiel pour r\u00e9duire le gaspillage et savourer les produits de saison tout au long de l&#039;ann\u00e9e. NobiliRadici a choisi de conserver les fruits cultiv\u00e9s en Italie dans des bocaux en verre, en s\u00e9lectionnant les meilleures mati\u00e8res premi\u00e8res et en \u00e9vitant l&#039;utilisation de conservateurs, d&#039;agents g\u00e9lifiants ou de pectines pour pr\u00e9server leur saveur.<\/p>\n<p>Le proc\u00e9d\u00e9 de conservation NobiliRadici est simple, mais exige une grande d\u00e9licatesse dans la manipulation des fruits, cueillis \u00e0 pleine maturit\u00e9, ainsi que dans leur pr\u00e9paration et leur cuisson, r\u00e9alis\u00e9es le plus rapidement possible. Une manipulation minimale du produit garantit une saveur et des qualit\u00e9s organoleptiques optimales.<\/p>\n<ul>\n<li>Mati\u00e8res premi\u00e8res de premier choix et 0 km<\/li>\n<li>Cuisiner dans des casseroles en cuivre \u2014 sans conservateurs ni \u00e9paississants chimiques<\/li>\n<li>Pasteurisation lente en dessous de 75\u00b0<\/li>\n<li>Emballage en verre avec \u00e9tiquette en bois<\/li>\n<\/ul>","protected":false},"excerpt":{"rendered":"<p>Confiture de poires s\u00e9lectionn\u00e9e, cultiv\u00e9e dans le parc r\u00e9gional Roccamonfina-Foce del Garigliano, au km 0, fabriqu\u00e9e \u00e0 la main par NobiliRadici sans l&#039;utilisation de produits chimiques tels que conservateurs, g\u00e9lifiants ou pectines.<\/p>\n<p>Les productions de NobiliRadici sont toutes \u00e9co-durables et dans le plein respect du territoire.<\/p>\n<p><strong>Poids net:<\/strong> 280 grammes<\/p>\n<p><img decoding=\"async\" class=\"wp-image-15833 lazyload\" data-src=\"http:\/\/localhost:8080\/wp-content\/uploads\/2021\/11\/parco-regionale-roccamonfina-foce-garigliano-nobiliradici-1.png\" alt=\"Entreprise bas\u00e9e dans le Parc\" width=\"159\" height=\"87\" data-srcset=\"https:\/\/www.saporinostri.it\/app\/uploads\/2021\/11\/parco-regionale-roccamonfina-foce-garigliano-nobiliradici-1.png 216w, https:\/\/www.saporinostri.it\/app\/uploads\/2021\/11\/parco-regionale-roccamonfina-foce-garigliano-nobiliradici-1-18x10.png 18w, https:\/\/www.saporinostri.it\/app\/uploads\/2021\/11\/parco-regionale-roccamonfina-foce-garigliano-nobiliradici-1-150x82.png 150w, https:\/\/www.saporinostri.it\/app\/uploads\/2021\/11\/parco-regionale-roccamonfina-foce-garigliano-nobiliradici-1-64x35.png 64w\" data-sizes=\"(max-width: 159px) 100vw, 159px\" src=\"data:image\/gif;base64,R0lGODlhAQABAAAAACH5BAEKAAEALAAAAAABAAEAAAICTAEAOw==\" style=\"--smush-placeholder-width: 159px; --smush-placeholder-aspect-ratio: 159\/87;\" \/><noscript><img decoding=\"async\" class=\"wp-image-15833\" src=\"http:\/\/localhost:8080\/wp-content\/uploads\/2021\/11\/parco-regionale-roccamonfina-foce-garigliano-nobiliradici-1.png\" alt=\"Entreprise bas\u00e9e dans le Parc\" width=\"159\" height=\"87\" srcset=\"https:\/\/www.saporinostri.it\/app\/uploads\/2021\/11\/parco-regionale-roccamonfina-foce-garigliano-nobiliradici-1.png 216w, https:\/\/www.saporinostri.it\/app\/uploads\/2021\/11\/parco-regionale-roccamonfina-foce-garigliano-nobiliradici-1-18x10.png 18w, https:\/\/www.saporinostri.it\/app\/uploads\/2021\/11\/parco-regionale-roccamonfina-foce-garigliano-nobiliradici-1-150x82.png 150w, https:\/\/www.saporinostri.it\/app\/uploads\/2021\/11\/parco-regionale-roccamonfina-foce-garigliano-nobiliradici-1-64x35.png 64w\" sizes=\"(max-width: 159px) 100vw, 159px\" \/><\/noscript><\/p>\n<div class=\"scadenza\">Expiration du lot le plus r\u00e9cent\u00a0: <b>31\/01\/2023 L.21 \/ C23<\/b><\/div>","protected":false},"featured_media":15963,"comment_status":"open","ping_status":"closed","template":"","meta":{"inline_featured_image":false,"wprm-recipe-roundup-name":"","wprm-recipe-roundup-description":""},"product_brand":[576],"product_cat":[577,412],"product_tag":[],"class_list":["post-15961","product","type-product","status-publish","has-post-thumbnail","product_brand-nobiliradici","product_cat-confetture-e-marmellate","product_cat-conserve","first","instock","sale","taxable","shipping-taxable","purchasable","product-type-simple","add-to-wishlist-after_add_to_cart"],"jetpack_sharing_enabled":true,"_links":{"self":[{"href":"https:\/\/www.saporinostri.it\/fr\/wp-json\/wp\/v2\/product\/15961","targetHints":{"allow":["GET"]}}],"collection":[{"href":"https:\/\/www.saporinostri.it\/fr\/wp-json\/wp\/v2\/product"}],"about":[{"href":"https:\/\/www.saporinostri.it\/fr\/wp-json\/wp\/v2\/types\/product"}],"replies":[{"embeddable":true,"href":"https:\/\/www.saporinostri.it\/fr\/wp-json\/wp\/v2\/comments?post=15961"}],"wp:featuredmedia":[{"embeddable":true,"href":"https:\/\/www.saporinostri.it\/fr\/wp-json\/wp\/v2\/media\/15963"}],"wp:attachment":[{"href":"https:\/\/www.saporinostri.it\/fr\/wp-json\/wp\/v2\/media?parent=15961"}],"wp:term":[{"taxonomy":"product_brand","embeddable":true,"href":"https:\/\/www.saporinostri.it\/fr\/wp-json\/wp\/v2\/product_brand?post=15961"},{"taxonomy":"product_cat","embeddable":true,"href":"https:\/\/www.saporinostri.it\/fr\/wp-json\/wp\/v2\/product_cat?post=15961"},{"taxonomy":"product_tag","embeddable":true,"href":"https:\/\/www.saporinostri.it\/fr\/wp-json\/wp\/v2\/product_tag?post=15961"}],"curies":[{"name":"wp","href":"https:\/\/api.w.org\/{rel}","templated":true}]}}